{"id":4254,"date":"2026-02-25T08:25:54","date_gmt":"2026-02-25T07:25:54","guid":{"rendered":"https:\/\/iph-multisite.berta-bewegt.ch\/?page_id=4254"},"modified":"2026-02-25T08:25:54","modified_gmt":"2026-02-25T07:25:54","slug":"financement-perenne","status":"publish","type":"page","link":"https:\/\/www.interpharma.ch\/fr\/themen\/gesundheitswesen-fr\/financement-perenne\/","title":{"rendered":"Financement p\u00e9renne"},"content":{"rendered":"\n<p>En\nraison du vieillissement de la population, l\u2019un des plus grands d\u00e9fis qui se\nposent au syst\u00e8me de sant\u00e9 suisse est d\u2019am\u00e9liorer le traitement de maladies\ndont la fr\u00e9quence augmente avec l\u2019\u00e2ge et qui s\u2019accompagnent alors souvent\nd\u2019autres maladies (comorbidit\u00e9). C\u2019est le cas de diverses formes de cancer, des\nmaladies cardio-vasculaires et de la d\u00e9mence. <\/p>\n\n\n\n<p>Ce\nd\u00e9fi se pose tout d\u2019abord \u00e0 la recherche et au d\u00e9veloppement scientifiques, qui\nont pour mission de mettre au point des traitements innovants, susceptibles non\nseulement de prolonger la vie, mais aussi d\u2019am\u00e9liorer la qualit\u00e9 de vie. La\npopulation suisse appr\u00e9cie la haute qualit\u00e9 des prestations sanitaires. Elle\ntient \u00e0 la conserver, de m\u00eame que le large catalogue des prestations de\nl\u2019assurance de base et des assurances compl\u00e9mentaires. Mais de hautes exigences\npos\u00e9es au syst\u00e8me de sant\u00e9: toujours plus de prestations, meilleures, tout ceci\na un prix. Or les co\u00fbts sont l\u2019aspect du syst\u00e8me de sant\u00e9 le plus souvent\ndiscut\u00e9. La disposition et les possibilit\u00e9s de chacun de contribuer au\nfinancement d\u2019un syst\u00e8me de sant\u00e9 de plus en plus complexe sont limit\u00e9es.<\/p>\n\n\n\n<h2 class=\"wp-block-heading\" id=\"h-depenses-de-sante-et-frais-de-maladie\">D\u00e9penses de sant\u00e9 et frais de maladie<\/h2>\n\n\n\n<p>Pour\ntrouver une issue \u00e0 ce dilemme apparemment insoluble, il faut tout d\u2019abord\nchanger de perspective vis-\u00e0-vis du syst\u00e8me de sant\u00e9 et mettre en regard les\nd\u00e9penses de sant\u00e9 et les frais de maladie. Le point d\u00e9cisif n\u2019est pas de savoir\ncombien co\u00fbte une gu\u00e9rison, mais combien co\u00fbte une maladie. Dans un d\u00e9bat sur\nla hausse des co\u00fbts de sant\u00e9 men\u00e9 de mani\u00e8re \u00e9motionnelle, cet aspect est\nsouvent n\u00e9glig\u00e9, de m\u00eame que la contribution apport\u00e9e par les m\u00e9dicaments aux\nprogr\u00e8s de la m\u00e9decine lorsqu\u2019ils r\u00e9duisent la dur\u00e9e d\u2019une maladie ou diminuent\nses cons\u00e9quences. Ceci am\u00e8ne des avantages \u00e9conomiques non n\u00e9gligeables: les\ntraitements innovants contribuent \u00e0 faire baisser les co\u00fbts, car ils\nraccourcissent l\u2019hospitalisation, voire, dans certains cas, permettent de se\npasser d\u2019une intervention chirurgicale. <\/p>\n\n\n\n<p>Enfin,\nles d\u00e9penses de sant\u00e9 peuvent r\u00e9duire les frais de maladie. Une maladie ne\ncause pas seulement des d\u00e9penses li\u00e9es au traitement du patient, mais aussi des\nfrais indirects, par exemple une perte de productivit\u00e9 du fait de l\u2019absence au\ntravail et le temps pass\u00e9 par les proches \u00e0 fournir des soins \u00e0 domicile. <\/p>\n\n\n\n<h2 class=\"wp-block-heading\" id=\"h-\"><\/h2>\n","protected":false},"excerpt":{"rendered":"<p>En raison du vieillissement de la population, l\u2019un des plus grands d\u00e9fis qui se posent au syst\u00e8me de sant\u00e9 suisse est d\u2019am\u00e9liorer le traitement de maladies dont la fr\u00e9quence augmente avec l\u2019\u00e2ge et qui s\u2019accompagnent alors souvent d\u2019autres maladies (comorbidit\u00e9). C\u2019est le cas de diverses formes de cancer, des maladies cardio-vasculaires et de la d\u00e9mence. [&hellip;]<\/p>\n","protected":false},"author":1,"featured_media":14801,"parent":4194,"menu_order":1,"comment_status":"closed","ping_status":"closed","template":"page-templates\/unterthema.php","meta":{"_acf_changed":false,"inline_featured_image":false,"footnotes":""},"class_list":["post-4254","page","type-page","status-publish","has-post-thumbnail","hentry"],"acf":[],"yoast_head":"<!-- This site is optimized with the Yoast SEO Premium plugin v27.2 (Yoast SEO v27.2) - https:\/\/yoast.com\/product\/yoast-seo-premium-wordpress\/ -->\n<title>Financement p\u00e9renne - Interpharma<\/title>\n<meta name=\"robots\" content=\"index, follow, max-snippet:-1, max-image-preview:large, max-video-preview:-1\" \/>\n<link rel=\"canonical\" href=\"https:\/\/www.interpharma.ch\/fr\/themen\/gesundheitswesen-fr\/financement-perenne\/\" \/>\n<meta property=\"og:locale\" content=\"fr_FR\" \/>\n<meta property=\"og:type\" content=\"article\" \/>\n<meta property=\"og:title\" content=\"Financement p\u00e9renne\" \/>\n<meta property=\"og:description\" content=\"En raison du vieillissement de la population, l\u2019un des plus grands d\u00e9fis qui se posent au syst\u00e8me de sant\u00e9 suisse est d\u2019am\u00e9liorer le traitement de maladies dont la fr\u00e9quence augmente avec l\u2019\u00e2ge et qui s\u2019accompagnent alors souvent d\u2019autres maladies (comorbidit\u00e9). C\u2019est le cas de diverses formes de cancer, des maladies cardio-vasculaires et de la d\u00e9mence. [&hellip;]\" \/>\n<meta property=\"og:url\" content=\"https:\/\/www.interpharma.ch\/fr\/themen\/gesundheitswesen-fr\/financement-perenne\/\" \/>\n<meta property=\"og:site_name\" content=\"Interpharma\" \/>\n<meta property=\"og:image\" content=\"https:\/\/www.interpharma.ch\/wp-content\/uploads\/2026\/03\/Interpharma_gesundheitswesen_nachhaltigkeit.jpg\" \/>\n\t<meta property=\"og:image:width\" content=\"960\" \/>\n\t<meta property=\"og:image:height\" content=\"721\" \/>\n\t<meta property=\"og:image:type\" content=\"image\/jpeg\" \/>\n<meta name=\"twitter:card\" content=\"summary_large_image\" \/>\n<meta name=\"twitter:site\" content=\"@interpharma_ch\" \/>\n<meta name=\"twitter:label1\" content=\"Dur\u00e9e de lecture estim\u00e9e\" \/>\n\t<meta name=\"twitter:data1\" content=\"2 minutes\" \/>\n<script type=\"application\/ld+json\" class=\"yoast-schema-graph\">{\"@context\":\"https:\/\/schema.org\",\"@graph\":[{\"@type\":\"WebPage\",\"@id\":\"https:\/\/www.interpharma.ch\/fr\/themen\/gesundheitswesen-fr\/financement-perenne\/\",\"url\":\"https:\/\/www.interpharma.ch\/fr\/themen\/gesundheitswesen-fr\/financement-perenne\/\",\"name\":\"Financement p\u00e9renne - Interpharma\",\"isPartOf\":{\"@id\":\"https:\/\/www.interpharma.ch\/#website\"},\"primaryImageOfPage\":{\"@id\":\"https:\/\/www.interpharma.ch\/fr\/themen\/gesundheitswesen-fr\/financement-perenne\/#primaryimage\"},\"image\":{\"@id\":\"https:\/\/www.interpharma.ch\/fr\/themen\/gesundheitswesen-fr\/financement-perenne\/#primaryimage\"},\"thumbnailUrl\":\"https:\/\/www.interpharma.ch\/wp-content\/uploads\/2026\/03\/Interpharma_gesundheitswesen_nachhaltigkeit.jpg\",\"datePublished\":\"2026-02-25T07:25:54+00:00\",\"breadcrumb\":{\"@id\":\"https:\/\/www.interpharma.ch\/fr\/themen\/gesundheitswesen-fr\/financement-perenne\/#breadcrumb\"},\"inLanguage\":\"fr-FR\",\"potentialAction\":[{\"@type\":\"ReadAction\",\"target\":[\"https:\/\/www.interpharma.ch\/fr\/themen\/gesundheitswesen-fr\/financement-perenne\/\"]}]},{\"@type\":\"ImageObject\",\"inLanguage\":\"fr-FR\",\"@id\":\"https:\/\/www.interpharma.ch\/fr\/themen\/gesundheitswesen-fr\/financement-perenne\/#primaryimage\",\"url\":\"https:\/\/www.interpharma.ch\/wp-content\/uploads\/2026\/03\/Interpharma_gesundheitswesen_nachhaltigkeit.jpg\",\"contentUrl\":\"https:\/\/www.interpharma.ch\/wp-content\/uploads\/2026\/03\/Interpharma_gesundheitswesen_nachhaltigkeit.jpg\",\"width\":960,\"height\":721},{\"@type\":\"BreadcrumbList\",\"@id\":\"https:\/\/www.interpharma.ch\/fr\/themen\/gesundheitswesen-fr\/financement-perenne\/#breadcrumb\",\"itemListElement\":[{\"@type\":\"ListItem\",\"position\":1,\"name\":\"Startseite\",\"item\":\"https:\/\/www.interpharma.ch\/fr\/\"},{\"@type\":\"ListItem\",\"position\":2,\"name\":\"Nos th\u00e8mes\",\"item\":\"https:\/\/www.interpharma.ch\/fr\/themen\/\"},{\"@type\":\"ListItem\",\"position\":3,\"name\":\"Syst\u00e8me de sant\u00e9\",\"item\":\"https:\/\/www.interpharma.ch\/fr\/themen\/gesundheitswesen-fr\/\"},{\"@type\":\"ListItem\",\"position\":4,\"name\":\"Financement p\u00e9renne\"}]},{\"@type\":\"WebSite\",\"@id\":\"https:\/\/www.interpharma.ch\/#website\",\"url\":\"https:\/\/www.interpharma.ch\/\",\"name\":\"Interpharma\",\"description\":\"Verband der forschenden Pharmazeutischen Firmen\",\"publisher\":{\"@id\":\"https:\/\/www.interpharma.ch\/#organization\"},\"potentialAction\":[{\"@type\":\"SearchAction\",\"target\":{\"@type\":\"EntryPoint\",\"urlTemplate\":\"https:\/\/www.interpharma.ch\/?s={search_term_string}\"},\"query-input\":{\"@type\":\"PropertyValueSpecification\",\"valueRequired\":true,\"valueName\":\"search_term_string\"}}],\"inLanguage\":\"fr-FR\"},{\"@type\":\"Organization\",\"@id\":\"https:\/\/www.interpharma.ch\/#organization\",\"name\":\"Interpharma\",\"url\":\"https:\/\/www.interpharma.ch\/\",\"logo\":{\"@type\":\"ImageObject\",\"inLanguage\":\"fr-FR\",\"@id\":\"https:\/\/www.interpharma.ch\/#\/schema\/logo\/image\/\",\"url\":\"https:\/\/interpharma.ch\/wp-content\/uploads\/2026\/03\/20251014_iph_logo_wort_bildmarke_rgb_final_cu01.svg\",\"contentUrl\":\"https:\/\/interpharma.ch\/wp-content\/uploads\/2026\/03\/20251014_iph_logo_wort_bildmarke_rgb_final_cu01.svg\",\"width\":\"1200\",\"height\":\"1200\",\"caption\":\"Interpharma\"},\"image\":{\"@id\":\"https:\/\/www.interpharma.ch\/#\/schema\/logo\/image\/\"},\"sameAs\":[\"https:\/\/x.com\/interpharma_ch\",\"https:\/\/ch.linkedin.com\/company\/interpharma\",\"https:\/\/www.instagram.com\/interpharma_ch\/\"]}]}<\/script>\n<!-- \/ Yoast SEO Premium plugin. -->","yoast_head_json":{"title":"Financement p\u00e9renne - Interpharma","robots":{"index":"index","follow":"follow","max-snippet":"max-snippet:-1","max-image-preview":"max-image-preview:large","max-video-preview":"max-video-preview:-1"},"canonical":"https:\/\/www.interpharma.ch\/fr\/themen\/gesundheitswesen-fr\/financement-perenne\/","og_locale":"fr_FR","og_type":"article","og_title":"Financement p\u00e9renne","og_description":"En raison du vieillissement de la population, l\u2019un des plus grands d\u00e9fis qui se posent au syst\u00e8me de sant\u00e9 suisse est d\u2019am\u00e9liorer le traitement de maladies dont la fr\u00e9quence augmente avec l\u2019\u00e2ge et qui s\u2019accompagnent alors souvent d\u2019autres maladies (comorbidit\u00e9). C\u2019est le cas de diverses formes de cancer, des maladies cardio-vasculaires et de la d\u00e9mence. [&hellip;]","og_url":"https:\/\/www.interpharma.ch\/fr\/themen\/gesundheitswesen-fr\/financement-perenne\/","og_site_name":"Interpharma","og_image":[{"width":960,"height":721,"url":"https:\/\/www.interpharma.ch\/wp-content\/uploads\/2026\/03\/Interpharma_gesundheitswesen_nachhaltigkeit.jpg","type":"image\/jpeg"}],"twitter_card":"summary_large_image","twitter_site":"@interpharma_ch","twitter_misc":{"Dur\u00e9e de lecture estim\u00e9e":"2 minutes"},"schema":{"@context":"https:\/\/schema.org","@graph":[{"@type":"WebPage","@id":"https:\/\/www.interpharma.ch\/fr\/themen\/gesundheitswesen-fr\/financement-perenne\/","url":"https:\/\/www.interpharma.ch\/fr\/themen\/gesundheitswesen-fr\/financement-perenne\/","name":"Financement p\u00e9renne - Interpharma","isPartOf":{"@id":"https:\/\/www.interpharma.ch\/#website"},"primaryImageOfPage":{"@id":"https:\/\/www.interpharma.ch\/fr\/themen\/gesundheitswesen-fr\/financement-perenne\/#primaryimage"},"image":{"@id":"https:\/\/www.interpharma.ch\/fr\/themen\/gesundheitswesen-fr\/financement-perenne\/#primaryimage"},"thumbnailUrl":"https:\/\/www.interpharma.ch\/wp-content\/uploads\/2026\/03\/Interpharma_gesundheitswesen_nachhaltigkeit.jpg","datePublished":"2026-02-25T07:25:54+00:00","breadcrumb":{"@id":"https:\/\/www.interpharma.ch\/fr\/themen\/gesundheitswesen-fr\/financement-perenne\/#breadcrumb"},"inLanguage":"fr-FR","potentialAction":[{"@type":"ReadAction","target":["https:\/\/www.interpharma.ch\/fr\/themen\/gesundheitswesen-fr\/financement-perenne\/"]}]},{"@type":"ImageObject","inLanguage":"fr-FR","@id":"https:\/\/www.interpharma.ch\/fr\/themen\/gesundheitswesen-fr\/financement-perenne\/#primaryimage","url":"https:\/\/www.interpharma.ch\/wp-content\/uploads\/2026\/03\/Interpharma_gesundheitswesen_nachhaltigkeit.jpg","contentUrl":"https:\/\/www.interpharma.ch\/wp-content\/uploads\/2026\/03\/Interpharma_gesundheitswesen_nachhaltigkeit.jpg","width":960,"height":721},{"@type":"BreadcrumbList","@id":"https:\/\/www.interpharma.ch\/fr\/themen\/gesundheitswesen-fr\/financement-perenne\/#breadcrumb","itemListElement":[{"@type":"ListItem","position":1,"name":"Startseite","item":"https:\/\/www.interpharma.ch\/fr\/"},{"@type":"ListItem","position":2,"name":"Nos th\u00e8mes","item":"https:\/\/www.interpharma.ch\/fr\/themen\/"},{"@type":"ListItem","position":3,"name":"Syst\u00e8me de sant\u00e9","item":"https:\/\/www.interpharma.ch\/fr\/themen\/gesundheitswesen-fr\/"},{"@type":"ListItem","position":4,"name":"Financement p\u00e9renne"}]},{"@type":"WebSite","@id":"https:\/\/www.interpharma.ch\/#website","url":"https:\/\/www.interpharma.ch\/","name":"Interpharma","description":"Verband der forschenden Pharmazeutischen Firmen","publisher":{"@id":"https:\/\/www.interpharma.ch\/#organization"},"potentialAction":[{"@type":"SearchAction","target":{"@type":"EntryPoint","urlTemplate":"https:\/\/www.interpharma.ch\/?s={search_term_string}"},"query-input":{"@type":"PropertyValueSpecification","valueRequired":true,"valueName":"search_term_string"}}],"inLanguage":"fr-FR"},{"@type":"Organization","@id":"https:\/\/www.interpharma.ch\/#organization","name":"Interpharma","url":"https:\/\/www.interpharma.ch\/","logo":{"@type":"ImageObject","inLanguage":"fr-FR","@id":"https:\/\/www.interpharma.ch\/#\/schema\/logo\/image\/","url":"https:\/\/interpharma.ch\/wp-content\/uploads\/2026\/03\/20251014_iph_logo_wort_bildmarke_rgb_final_cu01.svg","contentUrl":"https:\/\/interpharma.ch\/wp-content\/uploads\/2026\/03\/20251014_iph_logo_wort_bildmarke_rgb_final_cu01.svg","width":"1200","height":"1200","caption":"Interpharma"},"image":{"@id":"https:\/\/www.interpharma.ch\/#\/schema\/logo\/image\/"},"sameAs":["https:\/\/x.com\/interpharma_ch","https:\/\/ch.linkedin.com\/company\/interpharma","https:\/\/www.instagram.com\/interpharma_ch\/"]}]}},"_links":{"self":[{"href":"https:\/\/www.interpharma.ch\/fr\/wp-json\/wp\/v2\/pages\/4254","targetHints":{"allow":["GET"]}}],"collection":[{"href":"https:\/\/www.interpharma.ch\/fr\/wp-json\/wp\/v2\/pages"}],"about":[{"href":"https:\/\/www.interpharma.ch\/fr\/wp-json\/wp\/v2\/types\/page"}],"author":[{"embeddable":true,"href":"https:\/\/www.interpharma.ch\/fr\/wp-json\/wp\/v2\/users\/1"}],"replies":[{"embeddable":true,"href":"https:\/\/www.interpharma.ch\/fr\/wp-json\/wp\/v2\/comments?post=4254"}],"version-history":[{"count":1,"href":"https:\/\/www.interpharma.ch\/fr\/wp-json\/wp\/v2\/pages\/4254\/revisions"}],"predecessor-version":[{"id":4255,"href":"https:\/\/www.interpharma.ch\/fr\/wp-json\/wp\/v2\/pages\/4254\/revisions\/4255"}],"up":[{"embeddable":true,"href":"https:\/\/www.interpharma.ch\/fr\/wp-json\/wp\/v2\/pages\/4194"}],"wp:featuredmedia":[{"embeddable":true,"href":"https:\/\/www.interpharma.ch\/fr\/wp-json\/wp\/v2\/media\/14801"}],"wp:attachment":[{"href":"https:\/\/www.interpharma.ch\/fr\/wp-json\/wp\/v2\/media?parent=4254"}],"curies":[{"name":"wp","href":"https:\/\/api.w.org\/{rel}","templated":true}]}}