{"id":4140,"date":"2026-02-25T08:25:48","date_gmt":"2026-02-25T07:25:48","guid":{"rendered":"https:\/\/iph-multisite.berta-bewegt.ch\/?page_id=4140"},"modified":"2026-02-25T08:25:48","modified_gmt":"2026-02-25T07:25:48","slug":"acces-des-patient-e-s","status":"publish","type":"page","link":"https:\/\/www.interpharma.ch\/fr\/themen\/der-patient-im-mittelpunkt\/acces-des-patient-e-s\/","title":{"rendered":"Acc\u00e8s des patient-e-s"},"content":{"rendered":"\n<h3 class=\"wp-block-heading\" id=\"h-pour-que-les-patient-e-s-puissent-en-suisse-beneficier-plus-rapidement-de-l-innovation-medicale-nous-avons-besoin-d-une-place-suisse-competitive-capable-d-attirer-les-innovations-et-de-les-estimer-et-recompenser-a-leur-juste-valeur\">Pour que les patient-e-s puissent, en Suisse, b\u00e9n\u00e9ficier plus rapidement de l\u2019innovation m\u00e9dicale, nous avons besoin d\u2019une place suisse comp\u00e9titive, capable d\u2019attirer les innovations et de les estimer et r\u00e9compenser \u00e0 leur juste valeur.<\/h3>\n\n\n\n<p><\/p>\n\n\n\n<p>L\u2019acc\u00e8s rapide aux prestations m\u00e9dicales et aux traitements innovants est d\u2019une importance capitale pour la qualit\u00e9 des soins. Ce principe est indispensable pour que les patient-e-s b\u00e9n\u00e9ficient des progr\u00e8s m\u00e9dicaux. Entre autres gr\u00e2ce \u00e0 des m\u00e9dicaments innovants, la mortalit\u00e9 due au cancer a nettement diminu\u00e9: de nos jours, 20% de personnes en moins meurent d\u2019un cancer qu\u2019encore en 2010 (source: Office f\u00e9d\u00e9ral de la statistique). Le taux de gu\u00e9rison de l\u2019h\u00e9patite&nbsp;C a plus que doubl\u00e9 depuis 1999, de 41% avec la premi\u00e8re g\u00e9n\u00e9ration de m\u00e9dicaments \u00e0 plus de 95% avec la quatri\u00e8me g\u00e9n\u00e9ration. Ces exemples de progr\u00e8s m\u00e9dicaux et bien d\u2019autres se traduisent aussi par l\u2019allongement de l\u2019esp\u00e9rance de vie des habitant-e-s: la Suisse affiche l\u2019une des plus longues esp\u00e9rances de vie au monde, plus de 85&nbsp;ans pour les femmes et plus de 81&nbsp;ans pour les hommes. Gr\u00e2ce aux progr\u00e8s de la prise en charge m\u00e9dicale, \u00e0 de nouveaux m\u00e9dicaments innovants, \u00e0 une meilleure hygi\u00e8ne et une excellente qualit\u00e9 de vie, nous vivons non seulement plus longtemps, mais nous restons aussi plus longtemps en bonne sant\u00e9.<\/p>\n\n\n\n<h2 class=\"wp-block-heading\" id=\"h-des-efforts-de-grande-ampleur-sont-necessaires\"><strong>Des efforts de grande ampleur sont n\u00e9cessaires<\/strong><\/h2>\n\n\n\n<p>Depuis 2016, l\u2019admission de m\u00e9dicaments innovants \u00e0 la prise en charge par les caisses-maladie est de plus en plus souvent retard\u00e9e. Cela veut dire que les patient-e-s attendent de plus en plus longtemps d\u2019avoir acc\u00e8s enti\u00e8rement et \u00e0 \u00e9galit\u00e9 \u00e0 des m\u00e9dicaments et traitements qui ont \u00e9t\u00e9 autoris\u00e9s. Cette tendance n\u00e9gative s\u2019est encore accentu\u00e9e r\u00e9cemment. Chaque ann\u00e9e, le d\u00e9lai l\u00e9gal de 60&nbsp;jours (art. 31b OPAS) est tr\u00e8s largement d\u00e9pass\u00e9 et n\u2019est plus que rarement respect\u00e9. De plus, l\u2019acc\u00e8s aux m\u00e9dicaments innovants se d\u00e9grade en Suisse de plus en plus: \u00e0 titre de comparaison, la Suisse n\u2019assure l\u2019acc\u00e8s complet qu\u2019\u00e0 environ la moiti\u00e9 des traitements innovants disponibles en Allemagne. Pour ce qui est de la prise en charge large et \u00e9gale par le biais de la liste des sp\u00e9cialit\u00e9s, la Suisse ne se classe plus que tout juste devant la Bulgarie. Ce sont les patient-e-s qui en souffrent, car nombre d\u2019entre eux et elles ne peuvent pas attendre si longtemps.<\/p>\n\n\n\n<p>Il faut donc des efforts de grande ampleur pour que le processus de remboursement de la Suisse redevienne comp\u00e9titif \u00e0 l\u2019\u00e9chelon international. L\u2019industrie pharmaceutique a pr\u00e9sent\u00e9 des propositions concr\u00e8tes et praticables pour moderniser le syst\u00e8me obsol\u00e8te de formation des prix et elle s\u2019investit pour un acc\u00e8s rapide et \u00e9gal des patient-e-s aux nouveaux m\u00e9dicaments. La mise en \u0153uvre du remboursement de l\u2019acc\u00e8s des patient-e-s \u00e0 l\u2019innovation doit leur permettre d\u2019obtenir un nouveau traitement d\u00e8s le jour o\u00f9 Swissmedic lui accorde l\u2019autorisation de mise sur le march\u00e9. L\u2019important est de mettre en \u0153uvre ce syst\u00e8me de mani\u00e8re attrayante et non bureaucratique.<\/p>\n\n\n\n<h2 class=\"wp-block-heading\" id=\"h-opinion-de-la-population\"><strong>Opinion de la population<\/strong><\/h2>\n\n\n\n<p>La population souhaite un acc\u00e8s solidaire et \u00e9quitable mais est ouverte \u00e0 un pilotage orient\u00e9 vers l\u2019efficience. Elle rejette en revanche clairement le rationnement. La population continue de trouver tr\u00e8s important que tous\/-tes les assur\u00e9-e-s disposent d\u2019un acc\u00e8s aussi complet que possible aux prestations m\u00e9dicales, elle ne veut pas d\u2019une m\u00e9decine \u00e0 deux vitesses. En m\u00eame temps, elle a plus fortement conscience des co\u00fbts, de sorte que des mod\u00e8les qui se concentrent plut\u00f4t sur la couverture des risques \u00e9lev\u00e9s sont plus souvent accept\u00e9s. La population souhaite une r\u00e9gulation \u00e9quilibr\u00e9e par le march\u00e9 et l\u2019\u00c9tat et une responsabilit\u00e9 de pilotage commune de la Conf\u00e9d\u00e9ration et des cantons.<\/p>\n\n\n\n<p>Ces connaissances sont issues du Moniteur de la sant\u00e9, une \u00e9tude mandat\u00e9e par Interpharma et r\u00e9alis\u00e9e par l\u2019institut de recherche gfs.bern. Cette \u00e9tude fournit des informations importantes sur les opinions de la population suisse sur le syst\u00e8me de sant\u00e9 et le r\u00f4le qu\u2019y joue l\u2019industrie pharmaceutique. Il repr\u00e9sente une interface instructive entre l\u2019opinion publique et la branche pharmaceutique et rel\u00e8ve r\u00e9guli\u00e8rement les pr\u00e9occupations, attentes et opinions sur l\u2019un des sujets les plus complexes de politique int\u00e9rieure: le syst\u00e8me de sant\u00e9 suisse.<\/p>\n","protected":false},"excerpt":{"rendered":"<p>Pour que les patient-e-s puissent, en Suisse, b\u00e9n\u00e9ficier plus rapidement de l\u2019innovation m\u00e9dicale, nous avons besoin d\u2019une place suisse comp\u00e9titive, capable d\u2019attirer les innovations et de les estimer et r\u00e9compenser \u00e0 leur juste valeur. L\u2019acc\u00e8s rapide aux prestations m\u00e9dicales et aux traitements innovants est d\u2019une importance capitale pour la qualit\u00e9 des soins. Ce principe est [&hellip;]<\/p>\n","protected":false},"author":1,"featured_media":14754,"parent":4206,"menu_order":1,"comment_status":"closed","ping_status":"closed","template":"page-templates\/unterthema.php","meta":{"_acf_changed":false,"inline_featured_image":false,"footnotes":""},"class_list":["post-4140","page","type-page","status-publish","has-post-thumbnail","hentry"],"acf":[],"yoast_head":"<!-- This site is optimized with the Yoast SEO Premium plugin v27.2 (Yoast SEO v27.2) - https:\/\/yoast.com\/product\/yoast-seo-premium-wordpress\/ -->\n<title>Acc\u00e8s des patient-e-s - Interpharma<\/title>\n<meta name=\"robots\" content=\"index, follow, max-snippet:-1, max-image-preview:large, max-video-preview:-1\" \/>\n<link rel=\"canonical\" href=\"https:\/\/www.interpharma.ch\/fr\/themen\/der-patient-im-mittelpunkt\/acces-des-patient-e-s\/\" \/>\n<meta property=\"og:locale\" content=\"fr_FR\" \/>\n<meta property=\"og:type\" content=\"article\" \/>\n<meta property=\"og:title\" content=\"Acc\u00e8s des patient-e-s\" \/>\n<meta property=\"og:description\" content=\"Pour que les patient-e-s puissent, en Suisse, b\u00e9n\u00e9ficier plus rapidement de l\u2019innovation m\u00e9dicale, nous avons besoin d\u2019une place suisse comp\u00e9titive, capable d\u2019attirer les innovations et de les estimer et r\u00e9compenser \u00e0 leur juste valeur. L\u2019acc\u00e8s rapide aux prestations m\u00e9dicales et aux traitements innovants est d\u2019une importance capitale pour la qualit\u00e9 des soins. Ce principe est [&hellip;]\" \/>\n<meta property=\"og:url\" content=\"https:\/\/www.interpharma.ch\/fr\/themen\/der-patient-im-mittelpunkt\/acces-des-patient-e-s\/\" \/>\n<meta property=\"og:site_name\" content=\"Interpharma\" \/>\n<meta property=\"og:image\" content=\"https:\/\/www.interpharma.ch\/wp-content\/uploads\/2026\/03\/Interpharma_patientimmittelpunkt_patientenzugang.jpg\" \/>\n\t<meta property=\"og:image:width\" content=\"960\" \/>\n\t<meta property=\"og:image:height\" content=\"721\" \/>\n\t<meta property=\"og:image:type\" content=\"image\/jpeg\" \/>\n<meta name=\"twitter:card\" content=\"summary_large_image\" \/>\n<meta name=\"twitter:site\" content=\"@interpharma_ch\" \/>\n<meta name=\"twitter:label1\" content=\"Dur\u00e9e de lecture estim\u00e9e\" \/>\n\t<meta name=\"twitter:data1\" content=\"4 minutes\" \/>\n<script type=\"application\/ld+json\" class=\"yoast-schema-graph\">{\"@context\":\"https:\/\/schema.org\",\"@graph\":[{\"@type\":\"WebPage\",\"@id\":\"https:\/\/www.interpharma.ch\/fr\/themen\/der-patient-im-mittelpunkt\/acces-des-patient-e-s\/\",\"url\":\"https:\/\/www.interpharma.ch\/fr\/themen\/der-patient-im-mittelpunkt\/acces-des-patient-e-s\/\",\"name\":\"Acc\u00e8s des patient-e-s - Interpharma\",\"isPartOf\":{\"@id\":\"https:\/\/www.interpharma.ch\/#website\"},\"primaryImageOfPage\":{\"@id\":\"https:\/\/www.interpharma.ch\/fr\/themen\/der-patient-im-mittelpunkt\/acces-des-patient-e-s\/#primaryimage\"},\"image\":{\"@id\":\"https:\/\/www.interpharma.ch\/fr\/themen\/der-patient-im-mittelpunkt\/acces-des-patient-e-s\/#primaryimage\"},\"thumbnailUrl\":\"https:\/\/www.interpharma.ch\/wp-content\/uploads\/2026\/03\/Interpharma_patientimmittelpunkt_patientenzugang.jpg\",\"datePublished\":\"2026-02-25T07:25:48+00:00\",\"breadcrumb\":{\"@id\":\"https:\/\/www.interpharma.ch\/fr\/themen\/der-patient-im-mittelpunkt\/acces-des-patient-e-s\/#breadcrumb\"},\"inLanguage\":\"fr-FR\",\"potentialAction\":[{\"@type\":\"ReadAction\",\"target\":[\"https:\/\/www.interpharma.ch\/fr\/themen\/der-patient-im-mittelpunkt\/acces-des-patient-e-s\/\"]}]},{\"@type\":\"ImageObject\",\"inLanguage\":\"fr-FR\",\"@id\":\"https:\/\/www.interpharma.ch\/fr\/themen\/der-patient-im-mittelpunkt\/acces-des-patient-e-s\/#primaryimage\",\"url\":\"https:\/\/www.interpharma.ch\/wp-content\/uploads\/2026\/03\/Interpharma_patientimmittelpunkt_patientenzugang.jpg\",\"contentUrl\":\"https:\/\/www.interpharma.ch\/wp-content\/uploads\/2026\/03\/Interpharma_patientimmittelpunkt_patientenzugang.jpg\",\"width\":960,\"height\":721},{\"@type\":\"BreadcrumbList\",\"@id\":\"https:\/\/www.interpharma.ch\/fr\/themen\/der-patient-im-mittelpunkt\/acces-des-patient-e-s\/#breadcrumb\",\"itemListElement\":[{\"@type\":\"ListItem\",\"position\":1,\"name\":\"Startseite\",\"item\":\"https:\/\/www.interpharma.ch\/fr\/\"},{\"@type\":\"ListItem\",\"position\":2,\"name\":\"Nos th\u00e8mes\",\"item\":\"https:\/\/www.interpharma.ch\/fr\/themen\/\"},{\"@type\":\"ListItem\",\"position\":3,\"name\":\"Le patient au centre des consid\u00e9rations\",\"item\":\"https:\/\/www.interpharma.ch\/fr\/themen\/der-patient-im-mittelpunkt\/\"},{\"@type\":\"ListItem\",\"position\":4,\"name\":\"Acc\u00e8s des patient-e-s\"}]},{\"@type\":\"WebSite\",\"@id\":\"https:\/\/www.interpharma.ch\/#website\",\"url\":\"https:\/\/www.interpharma.ch\/\",\"name\":\"Interpharma\",\"description\":\"Verband der forschenden Pharmazeutischen Firmen\",\"publisher\":{\"@id\":\"https:\/\/www.interpharma.ch\/#organization\"},\"potentialAction\":[{\"@type\":\"SearchAction\",\"target\":{\"@type\":\"EntryPoint\",\"urlTemplate\":\"https:\/\/www.interpharma.ch\/?s={search_term_string}\"},\"query-input\":{\"@type\":\"PropertyValueSpecification\",\"valueRequired\":true,\"valueName\":\"search_term_string\"}}],\"inLanguage\":\"fr-FR\"},{\"@type\":\"Organization\",\"@id\":\"https:\/\/www.interpharma.ch\/#organization\",\"name\":\"Interpharma\",\"url\":\"https:\/\/www.interpharma.ch\/\",\"logo\":{\"@type\":\"ImageObject\",\"inLanguage\":\"fr-FR\",\"@id\":\"https:\/\/www.interpharma.ch\/#\/schema\/logo\/image\/\",\"url\":\"https:\/\/interpharma.ch\/wp-content\/uploads\/2026\/03\/20251014_iph_logo_wort_bildmarke_rgb_final_cu01.svg\",\"contentUrl\":\"https:\/\/interpharma.ch\/wp-content\/uploads\/2026\/03\/20251014_iph_logo_wort_bildmarke_rgb_final_cu01.svg\",\"width\":\"1200\",\"height\":\"1200\",\"caption\":\"Interpharma\"},\"image\":{\"@id\":\"https:\/\/www.interpharma.ch\/#\/schema\/logo\/image\/\"},\"sameAs\":[\"https:\/\/x.com\/interpharma_ch\",\"https:\/\/ch.linkedin.com\/company\/interpharma\",\"https:\/\/www.instagram.com\/interpharma_ch\/\"]}]}<\/script>\n<!-- \/ Yoast SEO Premium plugin. -->","yoast_head_json":{"title":"Acc\u00e8s des patient-e-s - Interpharma","robots":{"index":"index","follow":"follow","max-snippet":"max-snippet:-1","max-image-preview":"max-image-preview:large","max-video-preview":"max-video-preview:-1"},"canonical":"https:\/\/www.interpharma.ch\/fr\/themen\/der-patient-im-mittelpunkt\/acces-des-patient-e-s\/","og_locale":"fr_FR","og_type":"article","og_title":"Acc\u00e8s des patient-e-s","og_description":"Pour que les patient-e-s puissent, en Suisse, b\u00e9n\u00e9ficier plus rapidement de l\u2019innovation m\u00e9dicale, nous avons besoin d\u2019une place suisse comp\u00e9titive, capable d\u2019attirer les innovations et de les estimer et r\u00e9compenser \u00e0 leur juste valeur. L\u2019acc\u00e8s rapide aux prestations m\u00e9dicales et aux traitements innovants est d\u2019une importance capitale pour la qualit\u00e9 des soins. Ce principe est [&hellip;]","og_url":"https:\/\/www.interpharma.ch\/fr\/themen\/der-patient-im-mittelpunkt\/acces-des-patient-e-s\/","og_site_name":"Interpharma","og_image":[{"width":960,"height":721,"url":"https:\/\/www.interpharma.ch\/wp-content\/uploads\/2026\/03\/Interpharma_patientimmittelpunkt_patientenzugang.jpg","type":"image\/jpeg"}],"twitter_card":"summary_large_image","twitter_site":"@interpharma_ch","twitter_misc":{"Dur\u00e9e de lecture estim\u00e9e":"4 minutes"},"schema":{"@context":"https:\/\/schema.org","@graph":[{"@type":"WebPage","@id":"https:\/\/www.interpharma.ch\/fr\/themen\/der-patient-im-mittelpunkt\/acces-des-patient-e-s\/","url":"https:\/\/www.interpharma.ch\/fr\/themen\/der-patient-im-mittelpunkt\/acces-des-patient-e-s\/","name":"Acc\u00e8s des patient-e-s - Interpharma","isPartOf":{"@id":"https:\/\/www.interpharma.ch\/#website"},"primaryImageOfPage":{"@id":"https:\/\/www.interpharma.ch\/fr\/themen\/der-patient-im-mittelpunkt\/acces-des-patient-e-s\/#primaryimage"},"image":{"@id":"https:\/\/www.interpharma.ch\/fr\/themen\/der-patient-im-mittelpunkt\/acces-des-patient-e-s\/#primaryimage"},"thumbnailUrl":"https:\/\/www.interpharma.ch\/wp-content\/uploads\/2026\/03\/Interpharma_patientimmittelpunkt_patientenzugang.jpg","datePublished":"2026-02-25T07:25:48+00:00","breadcrumb":{"@id":"https:\/\/www.interpharma.ch\/fr\/themen\/der-patient-im-mittelpunkt\/acces-des-patient-e-s\/#breadcrumb"},"inLanguage":"fr-FR","potentialAction":[{"@type":"ReadAction","target":["https:\/\/www.interpharma.ch\/fr\/themen\/der-patient-im-mittelpunkt\/acces-des-patient-e-s\/"]}]},{"@type":"ImageObject","inLanguage":"fr-FR","@id":"https:\/\/www.interpharma.ch\/fr\/themen\/der-patient-im-mittelpunkt\/acces-des-patient-e-s\/#primaryimage","url":"https:\/\/www.interpharma.ch\/wp-content\/uploads\/2026\/03\/Interpharma_patientimmittelpunkt_patientenzugang.jpg","contentUrl":"https:\/\/www.interpharma.ch\/wp-content\/uploads\/2026\/03\/Interpharma_patientimmittelpunkt_patientenzugang.jpg","width":960,"height":721},{"@type":"BreadcrumbList","@id":"https:\/\/www.interpharma.ch\/fr\/themen\/der-patient-im-mittelpunkt\/acces-des-patient-e-s\/#breadcrumb","itemListElement":[{"@type":"ListItem","position":1,"name":"Startseite","item":"https:\/\/www.interpharma.ch\/fr\/"},{"@type":"ListItem","position":2,"name":"Nos th\u00e8mes","item":"https:\/\/www.interpharma.ch\/fr\/themen\/"},{"@type":"ListItem","position":3,"name":"Le patient au centre des consid\u00e9rations","item":"https:\/\/www.interpharma.ch\/fr\/themen\/der-patient-im-mittelpunkt\/"},{"@type":"ListItem","position":4,"name":"Acc\u00e8s des patient-e-s"}]},{"@type":"WebSite","@id":"https:\/\/www.interpharma.ch\/#website","url":"https:\/\/www.interpharma.ch\/","name":"Interpharma","description":"Verband der forschenden Pharmazeutischen Firmen","publisher":{"@id":"https:\/\/www.interpharma.ch\/#organization"},"potentialAction":[{"@type":"SearchAction","target":{"@type":"EntryPoint","urlTemplate":"https:\/\/www.interpharma.ch\/?s={search_term_string}"},"query-input":{"@type":"PropertyValueSpecification","valueRequired":true,"valueName":"search_term_string"}}],"inLanguage":"fr-FR"},{"@type":"Organization","@id":"https:\/\/www.interpharma.ch\/#organization","name":"Interpharma","url":"https:\/\/www.interpharma.ch\/","logo":{"@type":"ImageObject","inLanguage":"fr-FR","@id":"https:\/\/www.interpharma.ch\/#\/schema\/logo\/image\/","url":"https:\/\/interpharma.ch\/wp-content\/uploads\/2026\/03\/20251014_iph_logo_wort_bildmarke_rgb_final_cu01.svg","contentUrl":"https:\/\/interpharma.ch\/wp-content\/uploads\/2026\/03\/20251014_iph_logo_wort_bildmarke_rgb_final_cu01.svg","width":"1200","height":"1200","caption":"Interpharma"},"image":{"@id":"https:\/\/www.interpharma.ch\/#\/schema\/logo\/image\/"},"sameAs":["https:\/\/x.com\/interpharma_ch","https:\/\/ch.linkedin.com\/company\/interpharma","https:\/\/www.instagram.com\/interpharma_ch\/"]}]}},"_links":{"self":[{"href":"https:\/\/www.interpharma.ch\/fr\/wp-json\/wp\/v2\/pages\/4140","targetHints":{"allow":["GET"]}}],"collection":[{"href":"https:\/\/www.interpharma.ch\/fr\/wp-json\/wp\/v2\/pages"}],"about":[{"href":"https:\/\/www.interpharma.ch\/fr\/wp-json\/wp\/v2\/types\/page"}],"author":[{"embeddable":true,"href":"https:\/\/www.interpharma.ch\/fr\/wp-json\/wp\/v2\/users\/1"}],"replies":[{"embeddable":true,"href":"https:\/\/www.interpharma.ch\/fr\/wp-json\/wp\/v2\/comments?post=4140"}],"version-history":[{"count":1,"href":"https:\/\/www.interpharma.ch\/fr\/wp-json\/wp\/v2\/pages\/4140\/revisions"}],"predecessor-version":[{"id":4141,"href":"https:\/\/www.interpharma.ch\/fr\/wp-json\/wp\/v2\/pages\/4140\/revisions\/4141"}],"up":[{"embeddable":true,"href":"https:\/\/www.interpharma.ch\/fr\/wp-json\/wp\/v2\/pages\/4206"}],"wp:featuredmedia":[{"embeddable":true,"href":"https:\/\/www.interpharma.ch\/fr\/wp-json\/wp\/v2\/media\/14754"}],"wp:attachment":[{"href":"https:\/\/www.interpharma.ch\/fr\/wp-json\/wp\/v2\/media?parent=4140"}],"curies":[{"name":"wp","href":"https:\/\/api.w.org\/{rel}","templated":true}]}}