{"id":4134,"date":"2026-02-25T08:25:48","date_gmt":"2026-02-25T07:25:48","guid":{"rendered":"https:\/\/iph-multisite.berta-bewegt.ch\/?page_id=4134"},"modified":"2026-02-25T08:25:48","modified_gmt":"2026-02-25T07:25:48","slug":"utilite-des-medicaments","status":"publish","type":"page","link":"https:\/\/www.interpharma.ch\/fr\/themen\/der-patient-im-mittelpunkt\/utilite-des-medicaments\/","title":{"rendered":"Utilit\u00e9 des m\u00e9dicaments"},"content":{"rendered":"\n<p>En d\u00e9pit du progr\u00e8s m\u00e9dical, nombre de maladies sont encore incurables.\nPour environ deux tiers des maladies, on ne dispose pas de traitement ad\u00e9quat.\nDe plus, en raison de l\u2019\u00e9volution d\u00e9mographique, les maladies chroniques et les\naffections touchant surtout les personnes \u00e2g\u00e9es, par exemple la d\u00e9mence,\nl\u2019arthrose et les maladies cardio-vasculaires, vont prendre de l\u2019ampleur. La\nrecherche se focalise donc sur les m\u00e9dicaments innovants qui apportent un\navantage net par rapport aux traitements d\u00e9j\u00e0 connus, et sur des solutions de\nnature \u00e0 soulager et gu\u00e9rir rapidement et efficacement.<\/p>\n\n\n\n<h2 class=\"wp-block-heading\" id=\"h-de-grands-progres-grace-aux-medicaments-innovants\">De grands progr\u00e8s gr\u00e2ce aux m\u00e9dicaments innovants<\/h2>\n\n\n\n<p>Pour les patient-e-s, la qualit\u00e9 et la s\u00e9curit\u00e9 d\u2019emploi des\nm\u00e9dicaments sont au premier plan. Les nouveaux m\u00e9dicaments et traitements\ncontribuent fortement \u00e0 l\u2019am\u00e9lioration de la qualit\u00e9 de vie ainsi qu\u2019\u00e0\nl\u2019accroissement des chances de survie et de gu\u00e9rison en cas de maladies comme\nle cancer, le diab\u00e8te ou les affections cardio-vasculaires. De nombreux\nm\u00e9dicaments ont m\u00eame entra\u00een\u00e9 une forte baisse du taux de mortalit\u00e9 de groupes\nentiers de patient-e-s, par exemple dans le cas du sida ou de la leuc\u00e9mie. En\noutre, les nouveaux m\u00e9dicaments permettent bien souvent aux patient-e-s de se\nfaire soigner en ambulatoire au lieu d\u2019\u00eatre hospitalis\u00e9-e-s. Ainsi peuvent-ils\nmener une vie autonome et r\u00e9int\u00e9grer plus rapidement le march\u00e9 du travail.<\/p>\n\n\n\n<h2 class=\"wp-block-heading\" id=\"h-reduction-des-couts-pour-l-economie-du-pays\">R\u00e9duction des co\u00fbts pour l\u2019\u00e9conomie du pays<\/h2>\n\n\n\n<p>Ces b\u00e9n\u00e9fices sont souhaitables, non seulement du point de vue\nsociopolitique, mais aussi \u00e9conomique. En effet, les nouveaux m\u00e9dicaments\npeuvent aboutir \u00e0 des \u00e9conomies car ils permettent d\u2019atteindre l\u2019objectif du\ntraitement plus efficacement, ce qui r\u00e9duit la dur\u00e9e des soins et abr\u00e8ge, voire\n\u00e9vite compl\u00e8tement l\u2019absence du patient de son travail.<\/p>\n\n\n\n<p>Les d\u00e9bats politiques sur les m\u00e9dicaments ont tendance \u00e0 oblit\u00e9rer\nlargement l\u2019utilit\u00e9 des m\u00e9dicaments. On ne parle pratiquement que de leur prix.\nOr, si on veut que la population continue \u00e0 pouvoir vivre plus longtemps, mais\nsurtout \u00e0 pouvoir vivre plus longtemps en bonne sant\u00e9, il faut essentiellement\nparler de l\u2019utilit\u00e9 du progr\u00e8s m\u00e9dical. Les \u00e9valuations des prestations de\nsant\u00e9 peuvent offrir des informations importantes sur l\u2019efficacit\u00e9 relative\nd\u2019alternatives th\u00e9rapeutiques, et constituent donc une aide utile \u00e0 la\nd\u00e9cision.<\/p>\n\n\n\n<h2 class=\"wp-block-heading\" id=\"h-evaluation-de-l-utilite-a-l-aide-des-hta\">\u00c9valuation de l\u2019utilit\u00e9 \u00e0 l\u2019aide des HTA<\/h2>\n\n\n\n<p>De nombreux pays proc\u00e8dent \u00e0 des \u00e9valuations de prestations de sant\u00e9, sous une forme ou sous une autre, en particulier de m\u00e9dicaments. Le concept de \u00abHealth Technology Assessments\u00bb (HTA) s\u2019est \u00e9tabli \u00e0 l\u2019\u00e9chelle internationale pour d\u00e9signer l\u2019\u00e9valuation syst\u00e9matique de technologies et de processus m\u00e9dicaux. Les HTA rassemblent des informations relatives aux aspects m\u00e9dicaux, \u00e9conomiques, sociaux et \u00e9thiques en relation avec l\u2019utilisation de technologies sanitaires. L\u2019\u00e9valuation du b\u00e9n\u00e9fice ou de l\u2019utilit\u00e9 doit avoir pour objectif de maintenir le syst\u00e8me de sant\u00e9 ouvert aux innovations afin d\u2019am\u00e9liorer la qualit\u00e9 de la prise en charge m\u00e9dicale et les r\u00e9sultats des traitements. En Suiss Efficacit\u00e9, Ad\u00e9quation et \u00c9conomicit\u00e9 (EAE) des m\u00e9dicaments sont \u00e9valu\u00e9s avant leur admission dans le syst\u00e8me de remboursement par l&rsquo;assurance obligatoire des soins (AOS). Ce processus est comparable \u00e0 une HTA. D&rsquo;autres technologies de la sant\u00e9 sont \u00e9galement examin\u00e9es dans le cadre d&rsquo;un programme HTA de l&rsquo;OFSP.<\/p>\n","protected":false},"excerpt":{"rendered":"<p>En d\u00e9pit du progr\u00e8s m\u00e9dical, nombre de maladies sont encore incurables. Pour environ deux tiers des maladies, on ne dispose pas de traitement ad\u00e9quat. De plus, en raison de l\u2019\u00e9volution d\u00e9mographique, les maladies chroniques et les affections touchant surtout les personnes \u00e2g\u00e9es, par exemple la d\u00e9mence, l\u2019arthrose et les maladies cardio-vasculaires, vont prendre de l\u2019ampleur. [&hellip;]<\/p>\n","protected":false},"author":1,"featured_media":14758,"parent":4206,"menu_order":3,"comment_status":"closed","ping_status":"closed","template":"page-templates\/unterthema.php","meta":{"_acf_changed":false,"inline_featured_image":false,"footnotes":""},"class_list":["post-4134","page","type-page","status-publish","has-post-thumbnail","hentry"],"acf":[],"yoast_head":"<!-- This site is optimized with the Yoast SEO Premium plugin v27.2 (Yoast SEO v27.2) - https:\/\/yoast.com\/product\/yoast-seo-premium-wordpress\/ -->\n<title>Utilit\u00e9 des m\u00e9dicaments - Interpharma<\/title>\n<meta name=\"robots\" content=\"index, follow, max-snippet:-1, max-image-preview:large, max-video-preview:-1\" \/>\n<link rel=\"canonical\" href=\"https:\/\/www.interpharma.ch\/fr\/themen\/der-patient-im-mittelpunkt\/utilite-des-medicaments\/\" \/>\n<meta property=\"og:locale\" content=\"fr_FR\" \/>\n<meta property=\"og:type\" content=\"article\" \/>\n<meta property=\"og:title\" content=\"Utilit\u00e9 des m\u00e9dicaments\" \/>\n<meta property=\"og:description\" content=\"En d\u00e9pit du progr\u00e8s m\u00e9dical, nombre de maladies sont encore incurables. Pour environ deux tiers des maladies, on ne dispose pas de traitement ad\u00e9quat. De plus, en raison de l\u2019\u00e9volution d\u00e9mographique, les maladies chroniques et les affections touchant surtout les personnes \u00e2g\u00e9es, par exemple la d\u00e9mence, l\u2019arthrose et les maladies cardio-vasculaires, vont prendre de l\u2019ampleur. [&hellip;]\" \/>\n<meta property=\"og:url\" content=\"https:\/\/www.interpharma.ch\/fr\/themen\/der-patient-im-mittelpunkt\/utilite-des-medicaments\/\" \/>\n<meta property=\"og:site_name\" content=\"Interpharma\" \/>\n<meta property=\"og:image\" content=\"https:\/\/www.interpharma.ch\/wp-content\/uploads\/2026\/03\/Interpharma_patientimmittelpunkt_arzneimittel.jpg\" \/>\n\t<meta property=\"og:image:width\" content=\"960\" \/>\n\t<meta property=\"og:image:height\" content=\"721\" \/>\n\t<meta property=\"og:image:type\" content=\"image\/jpeg\" \/>\n<meta name=\"twitter:card\" content=\"summary_large_image\" \/>\n<meta name=\"twitter:site\" content=\"@interpharma_ch\" \/>\n<meta name=\"twitter:label1\" content=\"Dur\u00e9e de lecture estim\u00e9e\" \/>\n\t<meta name=\"twitter:data1\" content=\"3 minutes\" \/>\n<script type=\"application\/ld+json\" class=\"yoast-schema-graph\">{\"@context\":\"https:\/\/schema.org\",\"@graph\":[{\"@type\":\"WebPage\",\"@id\":\"https:\/\/www.interpharma.ch\/fr\/themen\/der-patient-im-mittelpunkt\/utilite-des-medicaments\/\",\"url\":\"https:\/\/www.interpharma.ch\/fr\/themen\/der-patient-im-mittelpunkt\/utilite-des-medicaments\/\",\"name\":\"Utilit\u00e9 des m\u00e9dicaments - Interpharma\",\"isPartOf\":{\"@id\":\"https:\/\/www.interpharma.ch\/#website\"},\"primaryImageOfPage\":{\"@id\":\"https:\/\/www.interpharma.ch\/fr\/themen\/der-patient-im-mittelpunkt\/utilite-des-medicaments\/#primaryimage\"},\"image\":{\"@id\":\"https:\/\/www.interpharma.ch\/fr\/themen\/der-patient-im-mittelpunkt\/utilite-des-medicaments\/#primaryimage\"},\"thumbnailUrl\":\"https:\/\/www.interpharma.ch\/wp-content\/uploads\/2026\/03\/Interpharma_patientimmittelpunkt_arzneimittel.jpg\",\"datePublished\":\"2026-02-25T07:25:48+00:00\",\"breadcrumb\":{\"@id\":\"https:\/\/www.interpharma.ch\/fr\/themen\/der-patient-im-mittelpunkt\/utilite-des-medicaments\/#breadcrumb\"},\"inLanguage\":\"fr-FR\",\"potentialAction\":[{\"@type\":\"ReadAction\",\"target\":[\"https:\/\/www.interpharma.ch\/fr\/themen\/der-patient-im-mittelpunkt\/utilite-des-medicaments\/\"]}]},{\"@type\":\"ImageObject\",\"inLanguage\":\"fr-FR\",\"@id\":\"https:\/\/www.interpharma.ch\/fr\/themen\/der-patient-im-mittelpunkt\/utilite-des-medicaments\/#primaryimage\",\"url\":\"https:\/\/www.interpharma.ch\/wp-content\/uploads\/2026\/03\/Interpharma_patientimmittelpunkt_arzneimittel.jpg\",\"contentUrl\":\"https:\/\/www.interpharma.ch\/wp-content\/uploads\/2026\/03\/Interpharma_patientimmittelpunkt_arzneimittel.jpg\",\"width\":960,\"height\":721},{\"@type\":\"BreadcrumbList\",\"@id\":\"https:\/\/www.interpharma.ch\/fr\/themen\/der-patient-im-mittelpunkt\/utilite-des-medicaments\/#breadcrumb\",\"itemListElement\":[{\"@type\":\"ListItem\",\"position\":1,\"name\":\"Startseite\",\"item\":\"https:\/\/www.interpharma.ch\/fr\/\"},{\"@type\":\"ListItem\",\"position\":2,\"name\":\"Nos th\u00e8mes\",\"item\":\"https:\/\/www.interpharma.ch\/fr\/themen\/\"},{\"@type\":\"ListItem\",\"position\":3,\"name\":\"Le patient au centre des consid\u00e9rations\",\"item\":\"https:\/\/www.interpharma.ch\/fr\/themen\/der-patient-im-mittelpunkt\/\"},{\"@type\":\"ListItem\",\"position\":4,\"name\":\"Utilit\u00e9 des m\u00e9dicaments\"}]},{\"@type\":\"WebSite\",\"@id\":\"https:\/\/www.interpharma.ch\/#website\",\"url\":\"https:\/\/www.interpharma.ch\/\",\"name\":\"Interpharma\",\"description\":\"Verband der forschenden Pharmazeutischen Firmen\",\"publisher\":{\"@id\":\"https:\/\/www.interpharma.ch\/#organization\"},\"potentialAction\":[{\"@type\":\"SearchAction\",\"target\":{\"@type\":\"EntryPoint\",\"urlTemplate\":\"https:\/\/www.interpharma.ch\/?s={search_term_string}\"},\"query-input\":{\"@type\":\"PropertyValueSpecification\",\"valueRequired\":true,\"valueName\":\"search_term_string\"}}],\"inLanguage\":\"fr-FR\"},{\"@type\":\"Organization\",\"@id\":\"https:\/\/www.interpharma.ch\/#organization\",\"name\":\"Interpharma\",\"url\":\"https:\/\/www.interpharma.ch\/\",\"logo\":{\"@type\":\"ImageObject\",\"inLanguage\":\"fr-FR\",\"@id\":\"https:\/\/www.interpharma.ch\/#\/schema\/logo\/image\/\",\"url\":\"https:\/\/interpharma.ch\/wp-content\/uploads\/2026\/03\/20251014_iph_logo_wort_bildmarke_rgb_final_cu01.svg\",\"contentUrl\":\"https:\/\/interpharma.ch\/wp-content\/uploads\/2026\/03\/20251014_iph_logo_wort_bildmarke_rgb_final_cu01.svg\",\"width\":\"1200\",\"height\":\"1200\",\"caption\":\"Interpharma\"},\"image\":{\"@id\":\"https:\/\/www.interpharma.ch\/#\/schema\/logo\/image\/\"},\"sameAs\":[\"https:\/\/x.com\/interpharma_ch\",\"https:\/\/ch.linkedin.com\/company\/interpharma\",\"https:\/\/www.instagram.com\/interpharma_ch\/\"]}]}<\/script>\n<!-- \/ Yoast SEO Premium plugin. -->","yoast_head_json":{"title":"Utilit\u00e9 des m\u00e9dicaments - Interpharma","robots":{"index":"index","follow":"follow","max-snippet":"max-snippet:-1","max-image-preview":"max-image-preview:large","max-video-preview":"max-video-preview:-1"},"canonical":"https:\/\/www.interpharma.ch\/fr\/themen\/der-patient-im-mittelpunkt\/utilite-des-medicaments\/","og_locale":"fr_FR","og_type":"article","og_title":"Utilit\u00e9 des m\u00e9dicaments","og_description":"En d\u00e9pit du progr\u00e8s m\u00e9dical, nombre de maladies sont encore incurables. Pour environ deux tiers des maladies, on ne dispose pas de traitement ad\u00e9quat. De plus, en raison de l\u2019\u00e9volution d\u00e9mographique, les maladies chroniques et les affections touchant surtout les personnes \u00e2g\u00e9es, par exemple la d\u00e9mence, l\u2019arthrose et les maladies cardio-vasculaires, vont prendre de l\u2019ampleur. [&hellip;]","og_url":"https:\/\/www.interpharma.ch\/fr\/themen\/der-patient-im-mittelpunkt\/utilite-des-medicaments\/","og_site_name":"Interpharma","og_image":[{"width":960,"height":721,"url":"https:\/\/www.interpharma.ch\/wp-content\/uploads\/2026\/03\/Interpharma_patientimmittelpunkt_arzneimittel.jpg","type":"image\/jpeg"}],"twitter_card":"summary_large_image","twitter_site":"@interpharma_ch","twitter_misc":{"Dur\u00e9e de lecture estim\u00e9e":"3 minutes"},"schema":{"@context":"https:\/\/schema.org","@graph":[{"@type":"WebPage","@id":"https:\/\/www.interpharma.ch\/fr\/themen\/der-patient-im-mittelpunkt\/utilite-des-medicaments\/","url":"https:\/\/www.interpharma.ch\/fr\/themen\/der-patient-im-mittelpunkt\/utilite-des-medicaments\/","name":"Utilit\u00e9 des m\u00e9dicaments - Interpharma","isPartOf":{"@id":"https:\/\/www.interpharma.ch\/#website"},"primaryImageOfPage":{"@id":"https:\/\/www.interpharma.ch\/fr\/themen\/der-patient-im-mittelpunkt\/utilite-des-medicaments\/#primaryimage"},"image":{"@id":"https:\/\/www.interpharma.ch\/fr\/themen\/der-patient-im-mittelpunkt\/utilite-des-medicaments\/#primaryimage"},"thumbnailUrl":"https:\/\/www.interpharma.ch\/wp-content\/uploads\/2026\/03\/Interpharma_patientimmittelpunkt_arzneimittel.jpg","datePublished":"2026-02-25T07:25:48+00:00","breadcrumb":{"@id":"https:\/\/www.interpharma.ch\/fr\/themen\/der-patient-im-mittelpunkt\/utilite-des-medicaments\/#breadcrumb"},"inLanguage":"fr-FR","potentialAction":[{"@type":"ReadAction","target":["https:\/\/www.interpharma.ch\/fr\/themen\/der-patient-im-mittelpunkt\/utilite-des-medicaments\/"]}]},{"@type":"ImageObject","inLanguage":"fr-FR","@id":"https:\/\/www.interpharma.ch\/fr\/themen\/der-patient-im-mittelpunkt\/utilite-des-medicaments\/#primaryimage","url":"https:\/\/www.interpharma.ch\/wp-content\/uploads\/2026\/03\/Interpharma_patientimmittelpunkt_arzneimittel.jpg","contentUrl":"https:\/\/www.interpharma.ch\/wp-content\/uploads\/2026\/03\/Interpharma_patientimmittelpunkt_arzneimittel.jpg","width":960,"height":721},{"@type":"BreadcrumbList","@id":"https:\/\/www.interpharma.ch\/fr\/themen\/der-patient-im-mittelpunkt\/utilite-des-medicaments\/#breadcrumb","itemListElement":[{"@type":"ListItem","position":1,"name":"Startseite","item":"https:\/\/www.interpharma.ch\/fr\/"},{"@type":"ListItem","position":2,"name":"Nos th\u00e8mes","item":"https:\/\/www.interpharma.ch\/fr\/themen\/"},{"@type":"ListItem","position":3,"name":"Le patient au centre des consid\u00e9rations","item":"https:\/\/www.interpharma.ch\/fr\/themen\/der-patient-im-mittelpunkt\/"},{"@type":"ListItem","position":4,"name":"Utilit\u00e9 des m\u00e9dicaments"}]},{"@type":"WebSite","@id":"https:\/\/www.interpharma.ch\/#website","url":"https:\/\/www.interpharma.ch\/","name":"Interpharma","description":"Verband der forschenden Pharmazeutischen Firmen","publisher":{"@id":"https:\/\/www.interpharma.ch\/#organization"},"potentialAction":[{"@type":"SearchAction","target":{"@type":"EntryPoint","urlTemplate":"https:\/\/www.interpharma.ch\/?s={search_term_string}"},"query-input":{"@type":"PropertyValueSpecification","valueRequired":true,"valueName":"search_term_string"}}],"inLanguage":"fr-FR"},{"@type":"Organization","@id":"https:\/\/www.interpharma.ch\/#organization","name":"Interpharma","url":"https:\/\/www.interpharma.ch\/","logo":{"@type":"ImageObject","inLanguage":"fr-FR","@id":"https:\/\/www.interpharma.ch\/#\/schema\/logo\/image\/","url":"https:\/\/interpharma.ch\/wp-content\/uploads\/2026\/03\/20251014_iph_logo_wort_bildmarke_rgb_final_cu01.svg","contentUrl":"https:\/\/interpharma.ch\/wp-content\/uploads\/2026\/03\/20251014_iph_logo_wort_bildmarke_rgb_final_cu01.svg","width":"1200","height":"1200","caption":"Interpharma"},"image":{"@id":"https:\/\/www.interpharma.ch\/#\/schema\/logo\/image\/"},"sameAs":["https:\/\/x.com\/interpharma_ch","https:\/\/ch.linkedin.com\/company\/interpharma","https:\/\/www.instagram.com\/interpharma_ch\/"]}]}},"_links":{"self":[{"href":"https:\/\/www.interpharma.ch\/fr\/wp-json\/wp\/v2\/pages\/4134","targetHints":{"allow":["GET"]}}],"collection":[{"href":"https:\/\/www.interpharma.ch\/fr\/wp-json\/wp\/v2\/pages"}],"about":[{"href":"https:\/\/www.interpharma.ch\/fr\/wp-json\/wp\/v2\/types\/page"}],"author":[{"embeddable":true,"href":"https:\/\/www.interpharma.ch\/fr\/wp-json\/wp\/v2\/users\/1"}],"replies":[{"embeddable":true,"href":"https:\/\/www.interpharma.ch\/fr\/wp-json\/wp\/v2\/comments?post=4134"}],"version-history":[{"count":1,"href":"https:\/\/www.interpharma.ch\/fr\/wp-json\/wp\/v2\/pages\/4134\/revisions"}],"predecessor-version":[{"id":4135,"href":"https:\/\/www.interpharma.ch\/fr\/wp-json\/wp\/v2\/pages\/4134\/revisions\/4135"}],"up":[{"embeddable":true,"href":"https:\/\/www.interpharma.ch\/fr\/wp-json\/wp\/v2\/pages\/4206"}],"wp:featuredmedia":[{"embeddable":true,"href":"https:\/\/www.interpharma.ch\/fr\/wp-json\/wp\/v2\/media\/14758"}],"wp:attachment":[{"href":"https:\/\/www.interpharma.ch\/fr\/wp-json\/wp\/v2\/media?parent=4134"}],"curies":[{"name":"wp","href":"https:\/\/api.w.org\/{rel}","templated":true}]}}