{"id":3952,"date":"2026-02-25T08:25:39","date_gmt":"2026-02-25T07:25:39","guid":{"rendered":"https:\/\/iph-multisite.berta-bewegt.ch\/?page_id=3952"},"modified":"2026-02-25T08:25:39","modified_gmt":"2026-02-25T07:25:39","slug":"encouragement-de-la-releve-scientifique","status":"publish","type":"page","link":"https:\/\/www.interpharma.ch\/fr\/themen\/un-cadre-solide-en-matiere-de-politique-economique\/recruter-les-meilleurs-professionnels\/encouragement-de-la-releve-scientifique\/","title":{"rendered":"Encouragement de la rel\u00e8ve scientifique"},"content":{"rendered":"\n<p>La\nSuisse est une \u00e9conomie de la connaissance et b\u00e9n\u00e9ficie d\u2019une forte\nreconnaissance internationale dans des champs de recherche tels que biosciences\n(sciences de la vie), physique, chimie et m\u00e9decine clinique. De m\u00eame, le syst\u00e8me \u00e9ducatif suisse est\nlargement reconnu, entre autres en raison de sa formation professionnelle\nint\u00e9grative et orient\u00e9e vers le march\u00e9. Cependant, ces derni\u00e8res ann\u00e9es, il y a\nde plus en plus de d\u00e9fis \u00e0 relever. C\u2019est ainsi que les entreprises qui\nproposent des emplois industriels et de services de haut niveau ne trouvent\nplus suffisamment d\u2019apprenti-e-s r\u00e9pondant aux exigences. Tel est le cas en\nparticulier dans les technologies de l\u2019information et de la communication. Les\nbesoins en sp\u00e9cialistes sont grands dans ce domaine, entre autres parce qu\u2019ils\nsont \u00e0 l\u2019avant-garde de la num\u00e9risation.<\/p>\n\n\n\n<h2 class=\"wp-block-heading\" id=\"h-encouragement-cible-dans-les-ecoles\"><strong>Encouragement cibl\u00e9 dans les \u00e9coles<\/strong><\/h2>\n\n\n\n<p>L\u2019\u00e9tude Pisa a montr\u00e9 que le niveau de comp\u00e9tence des \u00e9l\u00e8ves de Suisse est en recul en lecture, mais aussi en math\u00e9matiques et sciences de la vie. Il est donc d\u2019autant plus important de promouvoir les sciences de la nature dans le syst\u00e8me \u00e9ducatif suisse. Par le biais de la formation et de la formation continue des enseignant-e-s, de supports p\u00e9dagogiques int\u00e9ressants et de cours ayant une m\u00e9thode attrayante, il est possible de soutenir les sciences de la nature et de passionner les jeunes pour les disciplines MINT, afin de rem\u00e9dier au manque de personnel qualifi\u00e9.<strong> <\/strong><\/p>\n\n\n\n<h2 class=\"wp-block-heading\" id=\"h-centre-didactique-en-biotechnologie\">Centre didactique en biotechnologie<\/h2>\n\n\n\n<p>Le <a href=\"https:\/\/biotechlerncenter.interpharma.ch\/\">Centre didactique en biotechnologie<\/a> d&rsquo;Interpharma t\u00e9moigne de l&rsquo;engagement de l&rsquo;industrie pharmaceutique suisse dans la recherche pour promouvoir la formation et la rel\u00e8ve dans le domaine des sciences de la vie. Gr\u00e2ce \u00e0 des offres d&rsquo;apprentissage interactives, du mat\u00e9riel pratique et des aper\u00e7us passionnants des sciences de la vie, Interpharma aide les \u00e9coles, les enseignants et les \u00e9l\u00e8ves \u00e0 d\u00e9couvrir les sciences naturelles de mani\u00e8re concr\u00e8te. L&rsquo;objectif est de renforcer l&rsquo;int\u00e9r\u00eat pour les mati\u00e8res MINT (math\u00e9matiques, informatique, sciences naturelles et technique) et d&rsquo;enthousiasmer les jeunes talents pour une carri\u00e8re dans la recherche et la science. Interpharma apporte ainsi une contribution importante au renforcement de la Suisse en tant que p\u00f4le d&rsquo;\u00e9ducation et de recherche.<\/p>\n","protected":false},"excerpt":{"rendered":"<p>La Suisse est une \u00e9conomie de la connaissance et b\u00e9n\u00e9ficie d\u2019une forte reconnaissance internationale dans des champs de recherche tels que biosciences (sciences de la vie), physique, chimie et m\u00e9decine clinique. De m\u00eame, le syst\u00e8me \u00e9ducatif suisse est largement reconnu, entre autres en raison de sa formation professionnelle int\u00e9grative et orient\u00e9e vers le march\u00e9. Cependant, [&hellip;]<\/p>\n","protected":false},"author":1,"featured_media":0,"parent":3958,"menu_order":0,"comment_status":"closed","ping_status":"closed","template":"page-templates\/unterthema.php","meta":{"_acf_changed":false,"inline_featured_image":false,"footnotes":""},"class_list":["post-3952","page","type-page","status-publish","hentry"],"acf":[],"yoast_head":"<!-- This site is optimized with the Yoast SEO Premium plugin v27.2 (Yoast SEO v27.2) - https:\/\/yoast.com\/product\/yoast-seo-premium-wordpress\/ -->\n<title>Encouragement de la rel\u00e8ve scientifique - Interpharma<\/title>\n<meta name=\"robots\" content=\"index, follow, max-snippet:-1, max-image-preview:large, max-video-preview:-1\" \/>\n<link rel=\"canonical\" href=\"https:\/\/www.interpharma.ch\/fr\/themen\/un-cadre-solide-en-matiere-de-politique-economique\/recruter-les-meilleurs-professionnels\/encouragement-de-la-releve-scientifique\/\" \/>\n<meta property=\"og:locale\" content=\"fr_FR\" \/>\n<meta property=\"og:type\" content=\"article\" \/>\n<meta property=\"og:title\" content=\"Encouragement de la rel\u00e8ve scientifique\" \/>\n<meta property=\"og:description\" content=\"La Suisse est une \u00e9conomie de la connaissance et b\u00e9n\u00e9ficie d\u2019une forte reconnaissance internationale dans des champs de recherche tels que biosciences (sciences de la vie), physique, chimie et m\u00e9decine clinique. De m\u00eame, le syst\u00e8me \u00e9ducatif suisse est largement reconnu, entre autres en raison de sa formation professionnelle int\u00e9grative et orient\u00e9e vers le march\u00e9. Cependant, [&hellip;]\" \/>\n<meta property=\"og:url\" content=\"https:\/\/www.interpharma.ch\/fr\/themen\/un-cadre-solide-en-matiere-de-politique-economique\/recruter-les-meilleurs-professionnels\/encouragement-de-la-releve-scientifique\/\" \/>\n<meta property=\"og:site_name\" content=\"Interpharma\" \/>\n<meta name=\"twitter:card\" content=\"summary_large_image\" \/>\n<meta name=\"twitter:site\" content=\"@interpharma_ch\" \/>\n<meta name=\"twitter:label1\" content=\"Dur\u00e9e de lecture estim\u00e9e\" \/>\n\t<meta name=\"twitter:data1\" content=\"2 minutes\" \/>\n<script type=\"application\/ld+json\" class=\"yoast-schema-graph\">{\"@context\":\"https:\/\/schema.org\",\"@graph\":[{\"@type\":\"WebPage\",\"@id\":\"https:\/\/www.interpharma.ch\/fr\/themen\/un-cadre-solide-en-matiere-de-politique-economique\/recruter-les-meilleurs-professionnels\/encouragement-de-la-releve-scientifique\/\",\"url\":\"https:\/\/www.interpharma.ch\/fr\/themen\/un-cadre-solide-en-matiere-de-politique-economique\/recruter-les-meilleurs-professionnels\/encouragement-de-la-releve-scientifique\/\",\"name\":\"Encouragement de la rel\u00e8ve scientifique - Interpharma\",\"isPartOf\":{\"@id\":\"https:\/\/www.interpharma.ch\/#website\"},\"datePublished\":\"2026-02-25T07:25:39+00:00\",\"breadcrumb\":{\"@id\":\"https:\/\/www.interpharma.ch\/fr\/themen\/un-cadre-solide-en-matiere-de-politique-economique\/recruter-les-meilleurs-professionnels\/encouragement-de-la-releve-scientifique\/#breadcrumb\"},\"inLanguage\":\"fr-FR\",\"potentialAction\":[{\"@type\":\"ReadAction\",\"target\":[\"https:\/\/www.interpharma.ch\/fr\/themen\/un-cadre-solide-en-matiere-de-politique-economique\/recruter-les-meilleurs-professionnels\/encouragement-de-la-releve-scientifique\/\"]}]},{\"@type\":\"BreadcrumbList\",\"@id\":\"https:\/\/www.interpharma.ch\/fr\/themen\/un-cadre-solide-en-matiere-de-politique-economique\/recruter-les-meilleurs-professionnels\/encouragement-de-la-releve-scientifique\/#breadcrumb\",\"itemListElement\":[{\"@type\":\"ListItem\",\"position\":1,\"name\":\"Startseite\",\"item\":\"https:\/\/www.interpharma.ch\/fr\/\"},{\"@type\":\"ListItem\",\"position\":2,\"name\":\"Nos th\u00e8mes\",\"item\":\"https:\/\/www.interpharma.ch\/fr\/themen\/\"},{\"@type\":\"ListItem\",\"position\":3,\"name\":\"Un cadre solide en mati\u00e8re de politique \u00e9conomique\",\"item\":\"https:\/\/www.interpharma.ch\/fr\/themen\/un-cadre-solide-en-matiere-de-politique-economique\/\"},{\"@type\":\"ListItem\",\"position\":4,\"name\":\"Recruter les meilleurs professionnels\",\"item\":\"https:\/\/www.interpharma.ch\/fr\/themen\/un-cadre-solide-en-matiere-de-politique-economique\/recruter-les-meilleurs-professionnels\/\"},{\"@type\":\"ListItem\",\"position\":5,\"name\":\"Encouragement de la rel\u00e8ve scientifique\"}]},{\"@type\":\"WebSite\",\"@id\":\"https:\/\/www.interpharma.ch\/#website\",\"url\":\"https:\/\/www.interpharma.ch\/\",\"name\":\"Interpharma\",\"description\":\"Verband der forschenden Pharmazeutischen Firmen\",\"publisher\":{\"@id\":\"https:\/\/www.interpharma.ch\/#organization\"},\"potentialAction\":[{\"@type\":\"SearchAction\",\"target\":{\"@type\":\"EntryPoint\",\"urlTemplate\":\"https:\/\/www.interpharma.ch\/?s={search_term_string}\"},\"query-input\":{\"@type\":\"PropertyValueSpecification\",\"valueRequired\":true,\"valueName\":\"search_term_string\"}}],\"inLanguage\":\"fr-FR\"},{\"@type\":\"Organization\",\"@id\":\"https:\/\/www.interpharma.ch\/#organization\",\"name\":\"Interpharma\",\"url\":\"https:\/\/www.interpharma.ch\/\",\"logo\":{\"@type\":\"ImageObject\",\"inLanguage\":\"fr-FR\",\"@id\":\"https:\/\/www.interpharma.ch\/#\/schema\/logo\/image\/\",\"url\":\"https:\/\/interpharma.ch\/wp-content\/uploads\/2026\/03\/20251014_iph_logo_wort_bildmarke_rgb_final_cu01.svg\",\"contentUrl\":\"https:\/\/interpharma.ch\/wp-content\/uploads\/2026\/03\/20251014_iph_logo_wort_bildmarke_rgb_final_cu01.svg\",\"width\":\"1200\",\"height\":\"1200\",\"caption\":\"Interpharma\"},\"image\":{\"@id\":\"https:\/\/www.interpharma.ch\/#\/schema\/logo\/image\/\"},\"sameAs\":[\"https:\/\/x.com\/interpharma_ch\",\"https:\/\/ch.linkedin.com\/company\/interpharma\",\"https:\/\/www.instagram.com\/interpharma_ch\/\"]}]}<\/script>\n<!-- \/ Yoast SEO Premium plugin. -->","yoast_head_json":{"title":"Encouragement de la rel\u00e8ve scientifique - Interpharma","robots":{"index":"index","follow":"follow","max-snippet":"max-snippet:-1","max-image-preview":"max-image-preview:large","max-video-preview":"max-video-preview:-1"},"canonical":"https:\/\/www.interpharma.ch\/fr\/themen\/un-cadre-solide-en-matiere-de-politique-economique\/recruter-les-meilleurs-professionnels\/encouragement-de-la-releve-scientifique\/","og_locale":"fr_FR","og_type":"article","og_title":"Encouragement de la rel\u00e8ve scientifique","og_description":"La Suisse est une \u00e9conomie de la connaissance et b\u00e9n\u00e9ficie d\u2019une forte reconnaissance internationale dans des champs de recherche tels que biosciences (sciences de la vie), physique, chimie et m\u00e9decine clinique. De m\u00eame, le syst\u00e8me \u00e9ducatif suisse est largement reconnu, entre autres en raison de sa formation professionnelle int\u00e9grative et orient\u00e9e vers le march\u00e9. Cependant, [&hellip;]","og_url":"https:\/\/www.interpharma.ch\/fr\/themen\/un-cadre-solide-en-matiere-de-politique-economique\/recruter-les-meilleurs-professionnels\/encouragement-de-la-releve-scientifique\/","og_site_name":"Interpharma","twitter_card":"summary_large_image","twitter_site":"@interpharma_ch","twitter_misc":{"Dur\u00e9e de lecture estim\u00e9e":"2 minutes"},"schema":{"@context":"https:\/\/schema.org","@graph":[{"@type":"WebPage","@id":"https:\/\/www.interpharma.ch\/fr\/themen\/un-cadre-solide-en-matiere-de-politique-economique\/recruter-les-meilleurs-professionnels\/encouragement-de-la-releve-scientifique\/","url":"https:\/\/www.interpharma.ch\/fr\/themen\/un-cadre-solide-en-matiere-de-politique-economique\/recruter-les-meilleurs-professionnels\/encouragement-de-la-releve-scientifique\/","name":"Encouragement de la rel\u00e8ve scientifique - Interpharma","isPartOf":{"@id":"https:\/\/www.interpharma.ch\/#website"},"datePublished":"2026-02-25T07:25:39+00:00","breadcrumb":{"@id":"https:\/\/www.interpharma.ch\/fr\/themen\/un-cadre-solide-en-matiere-de-politique-economique\/recruter-les-meilleurs-professionnels\/encouragement-de-la-releve-scientifique\/#breadcrumb"},"inLanguage":"fr-FR","potentialAction":[{"@type":"ReadAction","target":["https:\/\/www.interpharma.ch\/fr\/themen\/un-cadre-solide-en-matiere-de-politique-economique\/recruter-les-meilleurs-professionnels\/encouragement-de-la-releve-scientifique\/"]}]},{"@type":"BreadcrumbList","@id":"https:\/\/www.interpharma.ch\/fr\/themen\/un-cadre-solide-en-matiere-de-politique-economique\/recruter-les-meilleurs-professionnels\/encouragement-de-la-releve-scientifique\/#breadcrumb","itemListElement":[{"@type":"ListItem","position":1,"name":"Startseite","item":"https:\/\/www.interpharma.ch\/fr\/"},{"@type":"ListItem","position":2,"name":"Nos th\u00e8mes","item":"https:\/\/www.interpharma.ch\/fr\/themen\/"},{"@type":"ListItem","position":3,"name":"Un cadre solide en mati\u00e8re de politique \u00e9conomique","item":"https:\/\/www.interpharma.ch\/fr\/themen\/un-cadre-solide-en-matiere-de-politique-economique\/"},{"@type":"ListItem","position":4,"name":"Recruter les meilleurs professionnels","item":"https:\/\/www.interpharma.ch\/fr\/themen\/un-cadre-solide-en-matiere-de-politique-economique\/recruter-les-meilleurs-professionnels\/"},{"@type":"ListItem","position":5,"name":"Encouragement de la rel\u00e8ve scientifique"}]},{"@type":"WebSite","@id":"https:\/\/www.interpharma.ch\/#website","url":"https:\/\/www.interpharma.ch\/","name":"Interpharma","description":"Verband der forschenden Pharmazeutischen Firmen","publisher":{"@id":"https:\/\/www.interpharma.ch\/#organization"},"potentialAction":[{"@type":"SearchAction","target":{"@type":"EntryPoint","urlTemplate":"https:\/\/www.interpharma.ch\/?s={search_term_string}"},"query-input":{"@type":"PropertyValueSpecification","valueRequired":true,"valueName":"search_term_string"}}],"inLanguage":"fr-FR"},{"@type":"Organization","@id":"https:\/\/www.interpharma.ch\/#organization","name":"Interpharma","url":"https:\/\/www.interpharma.ch\/","logo":{"@type":"ImageObject","inLanguage":"fr-FR","@id":"https:\/\/www.interpharma.ch\/#\/schema\/logo\/image\/","url":"https:\/\/interpharma.ch\/wp-content\/uploads\/2026\/03\/20251014_iph_logo_wort_bildmarke_rgb_final_cu01.svg","contentUrl":"https:\/\/interpharma.ch\/wp-content\/uploads\/2026\/03\/20251014_iph_logo_wort_bildmarke_rgb_final_cu01.svg","width":"1200","height":"1200","caption":"Interpharma"},"image":{"@id":"https:\/\/www.interpharma.ch\/#\/schema\/logo\/image\/"},"sameAs":["https:\/\/x.com\/interpharma_ch","https:\/\/ch.linkedin.com\/company\/interpharma","https:\/\/www.instagram.com\/interpharma_ch\/"]}]}},"_links":{"self":[{"href":"https:\/\/www.interpharma.ch\/fr\/wp-json\/wp\/v2\/pages\/3952","targetHints":{"allow":["GET"]}}],"collection":[{"href":"https:\/\/www.interpharma.ch\/fr\/wp-json\/wp\/v2\/pages"}],"about":[{"href":"https:\/\/www.interpharma.ch\/fr\/wp-json\/wp\/v2\/types\/page"}],"author":[{"embeddable":true,"href":"https:\/\/www.interpharma.ch\/fr\/wp-json\/wp\/v2\/users\/1"}],"replies":[{"embeddable":true,"href":"https:\/\/www.interpharma.ch\/fr\/wp-json\/wp\/v2\/comments?post=3952"}],"version-history":[{"count":1,"href":"https:\/\/www.interpharma.ch\/fr\/wp-json\/wp\/v2\/pages\/3952\/revisions"}],"predecessor-version":[{"id":3953,"href":"https:\/\/www.interpharma.ch\/fr\/wp-json\/wp\/v2\/pages\/3952\/revisions\/3953"}],"up":[{"embeddable":true,"href":"https:\/\/www.interpharma.ch\/fr\/wp-json\/wp\/v2\/pages\/3958"}],"wp:attachment":[{"href":"https:\/\/www.interpharma.ch\/fr\/wp-json\/wp\/v2\/media?parent=3952"}],"curies":[{"name":"wp","href":"https:\/\/api.w.org\/{rel}","templated":true}]}}