{"id":15811,"date":"2026-03-06T13:23:24","date_gmt":"2026-03-06T12:23:24","guid":{"rendered":"https:\/\/iph-multisite.berta-bewegt.ch\/panorama-gesundheit\/"},"modified":"2026-03-18T11:03:11","modified_gmt":"2026-03-18T10:03:11","slug":"panorama-gesundheit","status":"publish","type":"page","link":"https:\/\/www.interpharma.ch\/fr\/panorama-gesundheit\/","title":{"rendered":"Panorama de la Sant\u00e9"},"content":{"rendered":"\n            <section class=\"thema-wichtigstes-kurze-block block-margins scrollMagic-block visibleInBackend\" data-uid=\"69f15829ea248\">\n            <div class=\"thema-wichtigstes-kurze-block-inner-container\">\n                <h2 class=\" mb-0\">L&rsquo;essentiel en bref<\/h2>\n\n                                    <div class=\"icon-and-description-cols icon-and-description-cols-first\">\n                        <div class=\"icon-wrapper\">\n                                                            <img decoding=\"async\" src=\"https:\/\/www.interpharma.ch\/wp-content\/uploads\/2026\/03\/panorama-gesundheit.svg\" alt=\"\" \/>\n                                                    <\/div>\n\n                        <div class=\"thema-description-wrapper\">\n                                                            <p class=\"text-bold mb-0\">Syst\u00e8me de sant\u00e9<\/p>\n                            \n                                                            <div class=\"local-title-divider\"><\/div>\n                                <p class=\"mb-0\">La Suisse dispose de l\u2019un des syst\u00e8mes de sant\u00e9 les plus performants au monde et affiche l\u2019esp\u00e9rance de vie la plus \u00e9lev\u00e9e au monde, avec 84,3 ans. Cette \u00e9volution est le fruit d\u2019une prise en charge de qualit\u00e9, d\u2019innovations m\u00e9dicales et d\u2019une qualit\u00e9 de vie \u00e9lev\u00e9e.\r\n\r\nDans le m\u00eame temps, un changement structurel s&rsquo;op\u00e8re : la population vieillit, les maladies chroniques se multiplient et les co\u00fbts de la sant\u00e9 augmentent. N\u00e9anmoins, les d\u00e9penses en m\u00e9dicaments affichent une croissance inf\u00e9rieure \u00e0 la moyenne et repr\u00e9sentent environ 12 % des d\u00e9penses totales.<\/p>\n                                                    <\/div>\n                    <\/div>\n                                    <div class=\"icon-and-description-cols \">\n                        <div class=\"icon-wrapper\">\n                                                            <img decoding=\"async\" src=\"https:\/\/www.interpharma.ch\/wp-content\/uploads\/2026\/03\/medikamentensektor.svg\" alt=\"\" \/>\n                                                    <\/div>\n\n                        <div class=\"thema-description-wrapper\">\n                                                            <p class=\"text-bold mb-0\">Secteur pharmaceutique<\/p>\n                            \n                                                            <div class=\"local-title-divider\"><\/div>\n                                <p class=\"mb-0\">Le secteur pharmaceutique conna\u00eet une croissance mod\u00e9r\u00e9e, principalement tir\u00e9e par la hausse de la demande li\u00e9e \u00e0 l&rsquo;\u00e9volution d\u00e9mographique. Parall\u00e8lement, les r\u00e9visions r\u00e9guli\u00e8res des prix freinent cette croissance et permettent de r\u00e9aliser des \u00e9conomies annuelles de plus de 1,5 milliard de francs.\r\n\r\nLes m\u00e9dicaments brevet\u00e9s continuent de dominer le march\u00e9, tandis que les g\u00e9n\u00e9riques et les biosimilaires gagnent en importance. L\u2019innovation reste au c\u0153ur des pr\u00e9occupations : de nouvelles th\u00e9rapies \u2013 notamment contre le cancer ou les maladies auto-immunes \u2013 \u00e9largissent sans cesse les possibilit\u00e9s de traitement.<\/p>\n                                                    <\/div>\n                    <\/div>\n                                    <div class=\"icon-and-description-cols \">\n                        <div class=\"icon-wrapper\">\n                                                            <img decoding=\"async\" src=\"https:\/\/www.interpharma.ch\/wp-content\/uploads\/2026\/03\/patient-im-mittelpunkt.svg\" alt=\"\" \/>\n                                                    <\/div>\n\n                        <div class=\"thema-description-wrapper\">\n                                                            <p class=\"text-bold mb-0\">Le patient au centre des consid\u00e9rations<\/p>\n                            \n                                                            <div class=\"local-title-divider\"><\/div>\n                                <p class=\"mb-0\">Les m\u00e9dicaments innovants am\u00e9liorent non seulement la qualit\u00e9 de vie, mais r\u00e9duisent \u00e9galement \u00e0 long terme le co\u00fbt social des maladies. Ils diminuent la mortalit\u00e9, raccourcissent la dur\u00e9e des hospitalisations et permettent un retour plus rapide \u00e0 la vie quotidienne.\r\n\r\nDans le m\u00eame temps, un probl\u00e8me croissant se pose en mati\u00e8re d\u2019acc\u00e8s aux innovations : de moins en moins de nouveaux m\u00e9dicaments sont disponibles rapidement en Suisse. Les retards dans le syst\u00e8me de remboursement font que les patients doivent attendre plus longtemps pour b\u00e9n\u00e9ficier de nouveaux traitements.<\/p>\n                                                    <\/div>\n                    <\/div>\n                                    <div class=\"icon-and-description-cols \">\n                        <div class=\"icon-wrapper\">\n                                                            <img decoding=\"async\" src=\"https:\/\/www.interpharma.ch\/wp-content\/uploads\/2026\/03\/fuehrend-in-der-forschung.svg\" alt=\"\" \/>\n                                                    <\/div>\n\n                        <div class=\"thema-description-wrapper\">\n                                                            <p class=\"text-bold mb-0\">\u00c0 la pointe de la recherche et du d\u00e9veloppement<\/p>\n                            \n                                                            <div class=\"local-title-divider\"><\/div>\n                                <p class=\"mb-0\">La Suisse figure parmi les principaux p\u00f4les mondiaux de la recherche pharmaceutique. Ce secteur est le premier investisseur priv\u00e9 dans la recherche et le d\u00e9veloppement et contribue de mani\u00e8re d\u00e9terminante au progr\u00e8s m\u00e9dical.\r\n\r\nDans le m\u00eame temps, ce p\u00f4le est sous pression : les essais cliniques diminuent, les co\u00fbts de d\u00e9veloppement augmentent et les taux de r\u00e9ussite restent faibles. L&rsquo;innovation reste toutefois essentielle pour permettre la mise au point de nouveaux traitements et relever les d\u00e9fis m\u00e9dicaux \u00e0 venir.<\/p>\n                                                    <\/div>\n                    <\/div>\n                                    <div class=\"icon-and-description-cols \">\n                        <div class=\"icon-wrapper\">\n                                                            <img decoding=\"async\" src=\"https:\/\/www.interpharma.ch\/wp-content\/uploads\/2026\/03\/starke-wirtschaftliche-rahmenbedingungne2.svg\" alt=\"\" \/>\n                                                    <\/div>\n\n                        <div class=\"thema-description-wrapper\">\n                                                            <p class=\"text-bold mb-0\">Un cadre solide en mati\u00e8re de politique \u00e9conomique<\/p>\n                            \n                                                            <div class=\"local-title-divider\"><\/div>\n                                <p class=\"mb-0\">Le secteur pharmaceutique est la principale industrie d&rsquo;exportation de la Suisse et un pilier essentiel de l&rsquo;\u00e9conomie nationale. Il g\u00e9n\u00e8re une forte valeur ajout\u00e9e, cr\u00e9e des emplois et renforce la comp\u00e9titivit\u00e9 internationale.\r\n\r\nMais l&rsquo;attractivit\u00e9 de la place \u00e9conomique est de plus en plus mise \u00e0 mal : les incertitudes g\u00e9opolitiques, la baisse des investissements et le durcissement des exigences r\u00e9glementaires menacent la position \u00e0 long terme de la Suisse face \u00e0 la concurrence mondiale.<\/p>\n                                                    <\/div>\n                    <\/div>\n                            <\/div>\n        <\/section>\n    \n\n\n\n\n\n            <section class=\"intro-text-with-person-block block-margins-small block-paddings-v2 scrollMagic-block visibleInBackend\" data-uid=\"69f15829ea785\">\n            <div class=\"block-bg bg-primary-10\"><\/div>\n\n            <div class=\"intro-text-with-person-block-inner-container\">\n                <p><strong>La politique de sant\u00e9 est une politique pour la place suisse<\/strong><\/p>\n<p>La branche pharmaceutique apporte une contribution d\u00e9cisive \u00e0 la sant\u00e9, l\u2019innovation et la prosp\u00e9rit\u00e9 de la Suisse. Mais les dynamiques g\u00e9opolitiques exercent une forte pression sur la place suisse et mettent en danger l\u2019approvisionnement des patientes et patients en m\u00e9dicaments vitaux, non seulement en Suisse, mais dans le monde entier. De nos jours, la politique de sant\u00e9 est aussi une politique pour la place suisse.<\/p>\n<p>Pour que la branche pharmaceutique innovante reste un moteur de croissance et garante de prosp\u00e9rit\u00e9 de la Suisse, il faut \u00e0 pr\u00e9sent une action politique rapide et bien coordonn\u00e9e. Le \u00abPanorama de la sant\u00e9\u00bb proc\u00e8de en ce sens \u00e0 un \u00e9tat des lieux et propose des pistes de r\u00e9flexion int\u00e9ressantes. Nous souhaitons contribuer par-l\u00e0 \u00e0 un discours bas\u00e9 sur les faits, \u00e0 la sant\u00e9 de la population et \u00e0 la solidit\u00e9 de la place suisse.<\/p>\n<p>Nous vous souhaitons une int\u00e9ressante lecture et nous r\u00e9jouissons de tout \u00e9change avec vous.<\/p>\n\n                                    <div class=\"simple-person-card-wrapper\">\n                        <div class=\"simple-person-image-wrapper\" style=\"background-image: url('https:\/\/www.interpharma.ch\/wp-content\/uploads\/2026\/02\/Dr.-Rene-P.-Buholzer.png')\">\n                            <img decoding=\"async\" src=\"https:\/\/www.interpharma.ch\/wp-content\/themes\/iph\/dist\/images\/1_1_placeholder.png\" alt=\"Placeholder\">\n                        <\/div>\n\n                        <div class=\"simple-person-text-wrapper\">\n                            <p class=\"text-bold mb-0\">Dr. Ren\u00e9 P. Buholzer<\/p>\n\n                                                            <div class=\"local-function-wrapper\"><\/div>\n                                <p class=\"mb-0\">Directeur<\/p>\n                                                    <\/div>\n                    <\/div>\n                            <\/div>\n        <\/section>\n    \n\n\n\n\n\n            <section class=\"zahlen-block block-margins block-paddings scrollMagic-block visibleInBackend\" data-uid=\"69f15829eb1ae\">\n            <div class=\"zahlen-block-bg-image\" style=\"background-image: url('https:\/\/www.interpharma.ch\/wp-content\/uploads\/2023\/11\/Labor-Forschung-1200x801.jpg')\"><\/div>\n\n            <div class=\"zahlen-block-inner-container zahlen-block-align-from-left-to-right\">\n                                    <div class=\"title-part-wrapper\">\n                        <h2 class=\"mb-0 like-h1\">\n                                                            <span class=\"white-text\">Chiffres cl\u00e9s<\/span>\n                            \n                                                            <br>\n                            \n                                                            <span class=\"text-bold secondary-color-1-text\">en bref<\/span>\n                                                    <\/h2>\n                    <\/div>\n                \n                                    <div class=\"item-wrapper item-wrapper-1\">\n                                                    <h3 class=\"like-h2 secondary-color-1-text\">\n                                84,3 ans\n                            <\/h3>\n                        \n                                                    <p class=\"mb-0 keynumber white-text\">\n                                La Suisse affiche l&rsquo;esp\u00e9rance de vie la plus \u00e9lev\u00e9e au monde et b\u00e9n\u00e9ficie pour cela de soins de grande qualit\u00e9 ainsi que d&rsquo;innovations m\u00e9dicales constantes.                            <\/p>\n                                            <\/div>\n                                    <div class=\"item-wrapper item-wrapper-2\">\n                                                    <h3 class=\"like-h2 secondary-color-1-text\">\n                                114 milliards de francs\n                            <\/h3>\n                        \n                                                    <p class=\"mb-0 keynumber white-text\">\n                                En 2024, le secteur pharmaceutique atteindra un volume d&rsquo;exportations de 114 milliards de francs, ce qui en fera le premier secteur d&rsquo;exportation de la Suisse.                            <\/p>\n                                            <\/div>\n                                    <div class=\"item-wrapper item-wrapper-3\">\n                                                    <h3 class=\"like-h2 secondary-color-1-text\">\n                                1re place\n                            <\/h3>\n                        \n                                                    <p class=\"mb-0 keynumber white-text\">\n                                En 2025, la Suisse occupe la premi\u00e8re place du classement mondial de la comp\u00e9titivit\u00e9 de l&rsquo;IMD et figure ainsi parmi les sites les plus comp\u00e9titifs au monde.                            <\/p>\n                                            <\/div>\n                            <\/div>\n\n        <\/section>\n    \n\n\n\n    <section class=\"publikationen-block block-paddings\">\n        <div class=\"block-bg bg-secondary-20\"><\/div>\n\n        <div class=\"publikationen-block-inner-container\">\n                            <div class=\"publikationen-text-wrapper scrollMagic-block visibleInBackend\" data-uid=\"69f15829eb9dc\">\n                                            <h2 class=\"\">Publication<\/h2>\n                    \n                                    <\/div>\n            \n                            <div class=\"publikationen-cards\">\n                                            \n                        <div class=\"publikation-card-wrapper scrollMagic-block visibleInBackend\" data-uid=\"69f15829ec883\">\n                            <div class=\"publikation-image-wrapper\" style=\"background-image: url('https:\/\/www.interpharma.ch\/wp-content\/uploads\/2025\/11\/Screenshot-2025-11-27-113110.png')\">\n                                <img decoding=\"async\" src=\"https:\/\/www.interpharma.ch\/wp-content\/themes\/iph\/dist\/images\/publikation_placeholder.png\" alt=\"Placeholder\">\n                            <\/div>\n\n                            <div class=\"publikation-card-content\">\n                                                                    <h3 class=\"publikation-card-title black-text like-h4\">Panorama de la Sant\u00e9 2025<\/h3>\n                                \n                                                                    <div class=\"default-text-wrapper\">\n                                        <p>Le Panorama de la Sant\u00e9 vous permet de vous faire une id\u00e9e concise et claire des principaux faits, chiffres et d\u00e9ve-loppements relatifs au syst\u00e8me de sant\u00e9, au march\u00e9 pharmaceutique ainsi qu\u2019\u00e0 la place de la Suisse dans le syst\u00e8me pharmaceutique mondial.<\/p>\n                                    <\/div>\n                                \n                                                                    <div class=\"publikation-card-btn-wrapper\">\n                                                                                     <a href=\"https:\/\/www.interpharma.ch\/wp-content\/uploads\/2025\/11\/iph_panorama_2025_D_web_1219.pdf\" target=\"_blank\" download=\"\" class=\"btn-download\">\n                                                <div>\n                                                    <span>PDF en allemand<\/span>\n                                                    <svg width=\"11\" height=\"11\" viewBox=\"0 0 11 11\" fill=\"none\" xmlns=\"http:\/\/www.w3.org\/2000\/svg\">\n                                                        <path d=\"M5.33333 8L2 4.66667L2.93333 3.7L4.66667 5.43333V0H6V5.43333L7.73333 3.7L8.66667 4.66667L5.33333 8ZM1.33333 10.6667C0.966667 10.6667 0.652778 10.5361 0.391667 10.275C0.130556 10.0139 0 9.7 0 9.33333V7.33333H1.33333V9.33333H9.33333V7.33333H10.6667V9.33333C10.6667 9.7 10.5361 10.0139 10.275 10.275C10.0139 10.5361 9.7 10.6667 9.33333 10.6667H1.33333Z\" fill=\"#298899\"\/>\n                                                    <\/svg>\n                                                <\/div>\n                                            <\/a>\n                                         \n                                                                                    <a href=\"https:\/\/www.interpharma.ch\/wp-content\/uploads\/2025\/11\/iph_panorama_2025_F_web_1219.pdf\" target=\"_blank\" download=\"\" class=\"btn-download\">\n                                                <div>\n                                                    <span>PDF en fran\u00e7ais<\/span>\n                                                    <svg width=\"11\" height=\"11\" viewBox=\"0 0 11 11\" fill=\"none\" xmlns=\"http:\/\/www.w3.org\/2000\/svg\">\n                                                        <path d=\"M5.33333 8L2 4.66667L2.93333 3.7L4.66667 5.43333V0H6V5.43333L7.73333 3.7L8.66667 4.66667L5.33333 8ZM1.33333 10.6667C0.966667 10.6667 0.652778 10.5361 0.391667 10.275C0.130556 10.0139 0 9.7 0 9.33333V7.33333H1.33333V9.33333H9.33333V7.33333H10.6667V9.33333C10.6667 9.7 10.5361 10.0139 10.275 10.275C10.0139 10.5361 9.7 10.6667 9.33333 10.6667H1.33333Z\" fill=\"#298899\"\/>\n                                                    <\/svg>\n                                                <\/div>\n                                            <\/a>\n                                        \n                                                                                    <a href=\"https:\/\/www.interpharma.ch\/wp-content\/uploads\/2025\/11\/iph_panorama_2025_E_web_1219.pdf\" target=\"_blank\" download=\"\" class=\"btn-download\">\n                                                <div>\n                                                    <span>PDF en anglais<\/span>\n                                                    <svg width=\"11\" height=\"11\" viewBox=\"0 0 11 11\" fill=\"none\" xmlns=\"http:\/\/www.w3.org\/2000\/svg\">\n                                                        <path d=\"M5.33333 8L2 4.66667L2.93333 3.7L4.66667 5.43333V0H6V5.43333L7.73333 3.7L8.66667 4.66667L5.33333 8ZM1.33333 10.6667C0.966667 10.6667 0.652778 10.5361 0.391667 10.275C0.130556 10.0139 0 9.7 0 9.33333V7.33333H1.33333V9.33333H9.33333V7.33333H10.6667V9.33333C10.6667 9.7 10.5361 10.0139 10.275 10.275C10.0139 10.5361 9.7 10.6667 9.33333 10.6667H1.33333Z\" fill=\"#298899\"\/>\n                                                    <\/svg>\n                                                <\/div>\n                                            <\/a>\n                                                                            <\/div>\n                                                            <\/div>\n                        <\/div>\n                                    <\/div>\n            \n                    <\/div>\n    <\/section>\n\n\n","protected":false},"excerpt":{"rendered":"","protected":false},"author":1,"featured_media":14789,"parent":0,"menu_order":6,"comment_status":"closed","ping_status":"closed","template":"page-templates\/thema-additional.php","meta":{"_acf_changed":false,"inline_featured_image":false,"footnotes":""},"class_list":["post-15811","page","type-page","status-publish","has-post-thumbnail","hentry"],"acf":[],"yoast_head":"<!-- This site is optimized with the Yoast SEO Premium plugin v27.2 (Yoast SEO v27.2) - https:\/\/yoast.com\/product\/yoast-seo-premium-wordpress\/ -->\n<title>Panorama de la Sant\u00e9 - Interpharma<\/title>\n<meta name=\"robots\" content=\"index, follow, max-snippet:-1, max-image-preview:large, max-video-preview:-1\" \/>\n<link rel=\"canonical\" href=\"https:\/\/www.interpharma.ch\/fr\/panorama-gesundheit\/\" \/>\n<meta property=\"og:locale\" content=\"fr_FR\" \/>\n<meta property=\"og:type\" content=\"article\" \/>\n<meta property=\"og:title\" content=\"Panorama de la Sant\u00e9\" \/>\n<meta property=\"og:url\" content=\"https:\/\/www.interpharma.ch\/fr\/panorama-gesundheit\/\" \/>\n<meta property=\"og:site_name\" content=\"Interpharma\" \/>\n<meta property=\"article:modified_time\" content=\"2026-03-18T10:03:11+00:00\" \/>\n<meta property=\"og:image\" content=\"https:\/\/www.interpharma.ch\/wp-content\/uploads\/2026\/03\/Interpharma_starkewirtschaftlicheRahmenbedingungen_pharmastandortschweiz.jpg\" \/>\n\t<meta property=\"og:image:width\" content=\"960\" \/>\n\t<meta property=\"og:image:height\" content=\"721\" \/>\n\t<meta property=\"og:image:type\" content=\"image\/jpeg\" \/>\n<meta name=\"twitter:card\" content=\"summary_large_image\" \/>\n<meta name=\"twitter:site\" content=\"@interpharma_ch\" \/>\n<meta name=\"twitter:label1\" content=\"Dur\u00e9e de lecture estim\u00e9e\" \/>\n\t<meta name=\"twitter:data1\" content=\"1 minute\" \/>\n<script type=\"application\/ld+json\" class=\"yoast-schema-graph\">{\"@context\":\"https:\/\/schema.org\",\"@graph\":[{\"@type\":\"WebPage\",\"@id\":\"https:\/\/www.interpharma.ch\/fr\/panorama-gesundheit\/\",\"url\":\"https:\/\/www.interpharma.ch\/fr\/panorama-gesundheit\/\",\"name\":\"Panorama de la Sant\u00e9 - Interpharma\",\"isPartOf\":{\"@id\":\"https:\/\/www.interpharma.ch\/#website\"},\"primaryImageOfPage\":{\"@id\":\"https:\/\/www.interpharma.ch\/fr\/panorama-gesundheit\/#primaryimage\"},\"image\":{\"@id\":\"https:\/\/www.interpharma.ch\/fr\/panorama-gesundheit\/#primaryimage\"},\"thumbnailUrl\":\"https:\/\/www.interpharma.ch\/wp-content\/uploads\/2026\/03\/Interpharma_starkewirtschaftlicheRahmenbedingungen_pharmastandortschweiz.jpg\",\"datePublished\":\"2026-03-06T12:23:24+00:00\",\"dateModified\":\"2026-03-18T10:03:11+00:00\",\"breadcrumb\":{\"@id\":\"https:\/\/www.interpharma.ch\/fr\/panorama-gesundheit\/#breadcrumb\"},\"inLanguage\":\"fr-FR\",\"potentialAction\":[{\"@type\":\"ReadAction\",\"target\":[\"https:\/\/www.interpharma.ch\/fr\/panorama-gesundheit\/\"]}]},{\"@type\":\"ImageObject\",\"inLanguage\":\"fr-FR\",\"@id\":\"https:\/\/www.interpharma.ch\/fr\/panorama-gesundheit\/#primaryimage\",\"url\":\"https:\/\/www.interpharma.ch\/wp-content\/uploads\/2026\/03\/Interpharma_starkewirtschaftlicheRahmenbedingungen_pharmastandortschweiz.jpg\",\"contentUrl\":\"https:\/\/www.interpharma.ch\/wp-content\/uploads\/2026\/03\/Interpharma_starkewirtschaftlicheRahmenbedingungen_pharmastandortschweiz.jpg\",\"width\":960,\"height\":721},{\"@type\":\"BreadcrumbList\",\"@id\":\"https:\/\/www.interpharma.ch\/fr\/panorama-gesundheit\/#breadcrumb\",\"itemListElement\":[{\"@type\":\"ListItem\",\"position\":1,\"name\":\"Startseite\",\"item\":\"https:\/\/www.interpharma.ch\/fr\/\"},{\"@type\":\"ListItem\",\"position\":2,\"name\":\"Panorama de la Sant\u00e9\"}]},{\"@type\":\"WebSite\",\"@id\":\"https:\/\/www.interpharma.ch\/#website\",\"url\":\"https:\/\/www.interpharma.ch\/\",\"name\":\"Interpharma\",\"description\":\"Verband der forschenden Pharmazeutischen Firmen\",\"publisher\":{\"@id\":\"https:\/\/www.interpharma.ch\/#organization\"},\"potentialAction\":[{\"@type\":\"SearchAction\",\"target\":{\"@type\":\"EntryPoint\",\"urlTemplate\":\"https:\/\/www.interpharma.ch\/?s={search_term_string}\"},\"query-input\":{\"@type\":\"PropertyValueSpecification\",\"valueRequired\":true,\"valueName\":\"search_term_string\"}}],\"inLanguage\":\"fr-FR\"},{\"@type\":\"Organization\",\"@id\":\"https:\/\/www.interpharma.ch\/#organization\",\"name\":\"Interpharma\",\"url\":\"https:\/\/www.interpharma.ch\/\",\"logo\":{\"@type\":\"ImageObject\",\"inLanguage\":\"fr-FR\",\"@id\":\"https:\/\/www.interpharma.ch\/#\/schema\/logo\/image\/\",\"url\":\"https:\/\/interpharma.ch\/wp-content\/uploads\/2026\/03\/20251014_iph_logo_wort_bildmarke_rgb_final_cu01.svg\",\"contentUrl\":\"https:\/\/interpharma.ch\/wp-content\/uploads\/2026\/03\/20251014_iph_logo_wort_bildmarke_rgb_final_cu01.svg\",\"width\":\"1200\",\"height\":\"1200\",\"caption\":\"Interpharma\"},\"image\":{\"@id\":\"https:\/\/www.interpharma.ch\/#\/schema\/logo\/image\/\"},\"sameAs\":[\"https:\/\/x.com\/interpharma_ch\",\"https:\/\/ch.linkedin.com\/company\/interpharma\",\"https:\/\/www.instagram.com\/interpharma_ch\/\"]}]}<\/script>\n<!-- \/ Yoast SEO Premium plugin. -->","yoast_head_json":{"title":"Panorama de la Sant\u00e9 - Interpharma","robots":{"index":"index","follow":"follow","max-snippet":"max-snippet:-1","max-image-preview":"max-image-preview:large","max-video-preview":"max-video-preview:-1"},"canonical":"https:\/\/www.interpharma.ch\/fr\/panorama-gesundheit\/","og_locale":"fr_FR","og_type":"article","og_title":"Panorama de la Sant\u00e9","og_url":"https:\/\/www.interpharma.ch\/fr\/panorama-gesundheit\/","og_site_name":"Interpharma","article_modified_time":"2026-03-18T10:03:11+00:00","og_image":[{"width":960,"height":721,"url":"https:\/\/www.interpharma.ch\/wp-content\/uploads\/2026\/03\/Interpharma_starkewirtschaftlicheRahmenbedingungen_pharmastandortschweiz.jpg","type":"image\/jpeg"}],"twitter_card":"summary_large_image","twitter_site":"@interpharma_ch","twitter_misc":{"Dur\u00e9e de lecture estim\u00e9e":"1 minute"},"schema":{"@context":"https:\/\/schema.org","@graph":[{"@type":"WebPage","@id":"https:\/\/www.interpharma.ch\/fr\/panorama-gesundheit\/","url":"https:\/\/www.interpharma.ch\/fr\/panorama-gesundheit\/","name":"Panorama de la Sant\u00e9 - Interpharma","isPartOf":{"@id":"https:\/\/www.interpharma.ch\/#website"},"primaryImageOfPage":{"@id":"https:\/\/www.interpharma.ch\/fr\/panorama-gesundheit\/#primaryimage"},"image":{"@id":"https:\/\/www.interpharma.ch\/fr\/panorama-gesundheit\/#primaryimage"},"thumbnailUrl":"https:\/\/www.interpharma.ch\/wp-content\/uploads\/2026\/03\/Interpharma_starkewirtschaftlicheRahmenbedingungen_pharmastandortschweiz.jpg","datePublished":"2026-03-06T12:23:24+00:00","dateModified":"2026-03-18T10:03:11+00:00","breadcrumb":{"@id":"https:\/\/www.interpharma.ch\/fr\/panorama-gesundheit\/#breadcrumb"},"inLanguage":"fr-FR","potentialAction":[{"@type":"ReadAction","target":["https:\/\/www.interpharma.ch\/fr\/panorama-gesundheit\/"]}]},{"@type":"ImageObject","inLanguage":"fr-FR","@id":"https:\/\/www.interpharma.ch\/fr\/panorama-gesundheit\/#primaryimage","url":"https:\/\/www.interpharma.ch\/wp-content\/uploads\/2026\/03\/Interpharma_starkewirtschaftlicheRahmenbedingungen_pharmastandortschweiz.jpg","contentUrl":"https:\/\/www.interpharma.ch\/wp-content\/uploads\/2026\/03\/Interpharma_starkewirtschaftlicheRahmenbedingungen_pharmastandortschweiz.jpg","width":960,"height":721},{"@type":"BreadcrumbList","@id":"https:\/\/www.interpharma.ch\/fr\/panorama-gesundheit\/#breadcrumb","itemListElement":[{"@type":"ListItem","position":1,"name":"Startseite","item":"https:\/\/www.interpharma.ch\/fr\/"},{"@type":"ListItem","position":2,"name":"Panorama de la Sant\u00e9"}]},{"@type":"WebSite","@id":"https:\/\/www.interpharma.ch\/#website","url":"https:\/\/www.interpharma.ch\/","name":"Interpharma","description":"Verband der forschenden Pharmazeutischen Firmen","publisher":{"@id":"https:\/\/www.interpharma.ch\/#organization"},"potentialAction":[{"@type":"SearchAction","target":{"@type":"EntryPoint","urlTemplate":"https:\/\/www.interpharma.ch\/?s={search_term_string}"},"query-input":{"@type":"PropertyValueSpecification","valueRequired":true,"valueName":"search_term_string"}}],"inLanguage":"fr-FR"},{"@type":"Organization","@id":"https:\/\/www.interpharma.ch\/#organization","name":"Interpharma","url":"https:\/\/www.interpharma.ch\/","logo":{"@type":"ImageObject","inLanguage":"fr-FR","@id":"https:\/\/www.interpharma.ch\/#\/schema\/logo\/image\/","url":"https:\/\/interpharma.ch\/wp-content\/uploads\/2026\/03\/20251014_iph_logo_wort_bildmarke_rgb_final_cu01.svg","contentUrl":"https:\/\/interpharma.ch\/wp-content\/uploads\/2026\/03\/20251014_iph_logo_wort_bildmarke_rgb_final_cu01.svg","width":"1200","height":"1200","caption":"Interpharma"},"image":{"@id":"https:\/\/www.interpharma.ch\/#\/schema\/logo\/image\/"},"sameAs":["https:\/\/x.com\/interpharma_ch","https:\/\/ch.linkedin.com\/company\/interpharma","https:\/\/www.instagram.com\/interpharma_ch\/"]}]}},"_links":{"self":[{"href":"https:\/\/www.interpharma.ch\/fr\/wp-json\/wp\/v2\/pages\/15811","targetHints":{"allow":["GET"]}}],"collection":[{"href":"https:\/\/www.interpharma.ch\/fr\/wp-json\/wp\/v2\/pages"}],"about":[{"href":"https:\/\/www.interpharma.ch\/fr\/wp-json\/wp\/v2\/types\/page"}],"author":[{"embeddable":true,"href":"https:\/\/www.interpharma.ch\/fr\/wp-json\/wp\/v2\/users\/1"}],"replies":[{"embeddable":true,"href":"https:\/\/www.interpharma.ch\/fr\/wp-json\/wp\/v2\/comments?post=15811"}],"version-history":[{"count":6,"href":"https:\/\/www.interpharma.ch\/fr\/wp-json\/wp\/v2\/pages\/15811\/revisions"}],"predecessor-version":[{"id":16093,"href":"https:\/\/www.interpharma.ch\/fr\/wp-json\/wp\/v2\/pages\/15811\/revisions\/16093"}],"wp:featuredmedia":[{"embeddable":true,"href":"https:\/\/www.interpharma.ch\/fr\/wp-json\/wp\/v2\/media\/14789"}],"wp:attachment":[{"href":"https:\/\/www.interpharma.ch\/fr\/wp-json\/wp\/v2\/media?parent=15811"}],"curies":[{"name":"wp","href":"https:\/\/api.w.org\/{rel}","templated":true}]}}