{"id":15514,"date":"2026-02-04T16:15:53","date_gmt":"2026-02-04T15:15:53","guid":{"rendered":"https:\/\/iph-multisite.berta-bewegt.ch\/mediencorner\/"},"modified":"2026-03-16T15:32:02","modified_gmt":"2026-03-16T14:32:02","slug":"mediencorner","status":"publish","type":"page","link":"https:\/\/www.interpharma.ch\/fr\/mediencorner\/","title":{"rendered":"Espace m\u00e9dias"},"content":{"rendered":"\n            <section class=\"text-and-persons-kontakt-block block-margins scrollMagic-block visibleInBackend\" data-uid=\"69f16744ba136\">\n            <div class=\"kontakt-into-text-part-block\">\n                                    <h2 class=\"like-h3\">Vos interlocuteurs<\/h2>\n                \n                                    <p class=\"mb-0\">Nos interlocuteurs se tiennent \u00e0 votre disposition pour toute demande m\u00e9diatique et pour toute information compl\u00e9mentaire sur nos th\u00e8mes.<\/p>\n                            <\/div>\n\n            <div class=\"kontakt-persons-part-block\">\n                <div class=\"team-cards\">\n                    <div class=\"team-card-wrapper scrollMagic-block visibleInBackend\" data-uid=\"69f16744ba262\">\n    <div class=\"team-card-inner-container\">\n        <div class=\"team-image-wrapper\" style=\"background-image: url('https:\/\/www.interpharma.ch\/wp-content\/uploads\/2026\/02\/Michele-Sierro.png')\">\n            <img decoding=\"async\" src=\"https:\/\/www.interpharma.ch\/wp-content\/themes\/iph\/dist\/images\/1_1_placeholder.png\" alt=\"Placeholder\">\n        <\/div>\n\n        <div class=\"team-kontakt-wrapper\">\n            <p class=\"text-bold mb-0\">Mich\u00e8le Sierro<\/p>\n\n                            <div class=\"local-function-wrapper\"><\/div>\n                <p class=\"mb-0\">Responsable communication Suisse romande<\/p>\n            \n                            <div class=\"local-main-kontakt-wrapper\"><\/div>\n            \n                            <div class=\"tel-wrapper\">\n                    <svg width=\"12\" height=\"12\" viewBox=\"0 0 12 12\" fill=\"none\" xmlns=\"http:\/\/www.w3.org\/2000\/svg\">\n                        <path d=\"M11.3 12C9.86667 12 8.46956 11.6804 7.10867 11.0413C5.74733 10.4027 4.54178 9.55822 3.492 8.508C2.44178 7.45822 1.59733 6.25267 0.958667 4.89133C0.319556 3.53044 0 2.13333 0 0.7C0 0.5 0.0666666 0.333333 0.2 0.2C0.333333 0.0666666 0.5 0 0.7 0H3.4C3.55556 0 3.69444 0.0499999 3.81667 0.15C3.93889 0.25 4.01111 0.377778 4.03333 0.533333L4.46667 2.86667C4.48889 3.02222 4.48622 3.16378 4.45867 3.29133C4.43067 3.41933 4.36667 3.53333 4.26667 3.63333L2.65 5.26667C3.11667 6.06667 3.70289 6.81667 4.40867 7.51667C5.114 8.21667 5.88889 8.82222 6.73333 9.33333L8.3 7.76667C8.4 7.66667 8.53067 7.59156 8.692 7.54133C8.85289 7.49156 9.01111 7.47778 9.16667 7.5L11.4667 7.96667C11.6222 8 11.75 8.07489 11.85 8.19133C11.95 8.30822 12 8.44444 12 8.6V11.3C12 11.5 11.9333 11.6667 11.8 11.8C11.6667 11.9333 11.5 12 11.3 12ZM2.01667 4L3.11667 2.9L2.83333 1.33333H1.35C1.40556 1.78889 1.48333 2.23889 1.58333 2.68333C1.68333 3.12778 1.82778 3.56667 2.01667 4ZM7.98333 9.96667C8.41667 10.1556 8.85844 10.3056 9.30867 10.4167C9.75844 10.5278 10.2111 10.6 10.6667 10.6333V9.16667L9.1 8.85L7.98333 9.96667Z\" fill=\"#298899\"\/>\n                    <\/svg>\n\n                    <p class=\"mb-0\">\n                        <a href=\"tel:+41 79 305 84 30\">\n                            +41 79 305 84 30                        <\/a>\n                    <\/p>\n                <\/div>\n            \n                            <div class=\"local-kontakt-wrapper\"><\/div>\n            \n                            <div class=\"email-wrapper\">\n                    <svg width=\"20\" height=\"16\" viewBox=\"0 0 20 16\" fill=\"none\" xmlns=\"http:\/\/www.w3.org\/2000\/svg\">\n                        <path d=\"M2 16C1.45 16 0.979333 15.8043 0.588 15.413C0.196 15.021 0 14.55 0 14V2C0 1.45 0.196 0.979333 0.588 0.588C0.979333 0.196 1.45 0 2 0H18C18.55 0 19.021 0.196 19.413 0.588C19.8043 0.979333 20 1.45 20 2V14C20 14.55 19.8043 15.021 19.413 15.413C19.021 15.8043 18.55 16 18 16H2ZM10 9L2 4V14H18V4L10 9ZM10 7L18 2H2L10 7ZM2 4V2V14V4Z\" fill=\"#298899\"\/>\n                    <\/svg>\n\n                    <p class=\"mb-0\">\n                        <a href=\"mailto:michele.sierro@interpharma.ch\">\n                            \u00c9crire un message                        <\/a>\n                    <\/p>\n                <\/div>\n                    <\/div>\n    <\/div>\n<\/div>\n<div class=\"team-card-wrapper scrollMagic-block visibleInBackend\" data-uid=\"69f16744ba5cd\">\n    <div class=\"team-card-inner-container\">\n        <div class=\"team-image-wrapper\" style=\"background-image: url('https:\/\/www.interpharma.ch\/wp-content\/uploads\/2026\/02\/Georg-Daerendinger.png')\">\n            <img decoding=\"async\" src=\"https:\/\/www.interpharma.ch\/wp-content\/themes\/iph\/dist\/images\/1_1_placeholder.png\" alt=\"Placeholder\">\n        <\/div>\n\n        <div class=\"team-kontakt-wrapper\">\n            <p class=\"text-bold mb-0\">Georg D\u00e4rendinger<\/p>\n\n                            <div class=\"local-function-wrapper\"><\/div>\n                <p class=\"mb-0\">Responsable communication<\/p>\n            \n                            <div class=\"local-main-kontakt-wrapper\"><\/div>\n            \n                            <div class=\"tel-wrapper\">\n                    <svg width=\"12\" height=\"12\" viewBox=\"0 0 12 12\" fill=\"none\" xmlns=\"http:\/\/www.w3.org\/2000\/svg\">\n                        <path d=\"M11.3 12C9.86667 12 8.46956 11.6804 7.10867 11.0413C5.74733 10.4027 4.54178 9.55822 3.492 8.508C2.44178 7.45822 1.59733 6.25267 0.958667 4.89133C0.319556 3.53044 0 2.13333 0 0.7C0 0.5 0.0666666 0.333333 0.2 0.2C0.333333 0.0666666 0.5 0 0.7 0H3.4C3.55556 0 3.69444 0.0499999 3.81667 0.15C3.93889 0.25 4.01111 0.377778 4.03333 0.533333L4.46667 2.86667C4.48889 3.02222 4.48622 3.16378 4.45867 3.29133C4.43067 3.41933 4.36667 3.53333 4.26667 3.63333L2.65 5.26667C3.11667 6.06667 3.70289 6.81667 4.40867 7.51667C5.114 8.21667 5.88889 8.82222 6.73333 9.33333L8.3 7.76667C8.4 7.66667 8.53067 7.59156 8.692 7.54133C8.85289 7.49156 9.01111 7.47778 9.16667 7.5L11.4667 7.96667C11.6222 8 11.75 8.07489 11.85 8.19133C11.95 8.30822 12 8.44444 12 8.6V11.3C12 11.5 11.9333 11.6667 11.8 11.8C11.6667 11.9333 11.5 12 11.3 12ZM2.01667 4L3.11667 2.9L2.83333 1.33333H1.35C1.40556 1.78889 1.48333 2.23889 1.58333 2.68333C1.68333 3.12778 1.82778 3.56667 2.01667 4ZM7.98333 9.96667C8.41667 10.1556 8.85844 10.3056 9.30867 10.4167C9.75844 10.5278 10.2111 10.6 10.6667 10.6333V9.16667L9.1 8.85L7.98333 9.96667Z\" fill=\"#298899\"\/>\n                    <\/svg>\n\n                    <p class=\"mb-0\">\n                        <a href=\"tel:+41 79 590 98 77\">\n                            +41 79 590 98 77                        <\/a>\n                    <\/p>\n                <\/div>\n            \n                            <div class=\"local-kontakt-wrapper\"><\/div>\n            \n                            <div class=\"email-wrapper\">\n                    <svg width=\"20\" height=\"16\" viewBox=\"0 0 20 16\" fill=\"none\" xmlns=\"http:\/\/www.w3.org\/2000\/svg\">\n                        <path d=\"M2 16C1.45 16 0.979333 15.8043 0.588 15.413C0.196 15.021 0 14.55 0 14V2C0 1.45 0.196 0.979333 0.588 0.588C0.979333 0.196 1.45 0 2 0H18C18.55 0 19.021 0.196 19.413 0.588C19.8043 0.979333 20 1.45 20 2V14C20 14.55 19.8043 15.021 19.413 15.413C19.021 15.8043 18.55 16 18 16H2ZM10 9L2 4V14H18V4L10 9ZM10 7L18 2H2L10 7ZM2 4V2V14V4Z\" fill=\"#298899\"\/>\n                    <\/svg>\n\n                    <p class=\"mb-0\">\n                        <a href=\"mailto:georg.daerendinger@interpharma.ch\">\n                            \u00c9crire un message                        <\/a>\n                    <\/p>\n                <\/div>\n                    <\/div>\n    <\/div>\n<\/div>\n                <\/div>\n            <\/div>\n        <\/section>\n    \n\n\n\n\n            <section class=\"aktuell-intro-block block-margins\">\n            <div class=\"aktuell-intro-inner-container\">\n                                    <div class=\"intro-text-part scrollMagic-block visibleInBackend\" data-uid=\"69f16744bb9fd\">\n                                                    <h2 class=\"like-h3\">Communiqu\u00e9s de presse actuels<\/h2>\n                        \n                                                    <div class=\"default-text-wrapper texteditor-small-headings\">\n                                Vous trouverez ici les derniers communiqu\u00e9s de presse d&rsquo;Interpharma sur des th\u00e8mes d&rsquo;actualit\u00e9 li\u00e9s \u00e0 la politique de sant\u00e9, aux d\u00e9veloppements dans le domaine de la recherche et au travail de l&rsquo;association.                            <\/div>\n                                            <\/div>\n                \n                \n<div class=\"post-card-wrapper  scrollMagic-block visibleInBackend\" data-uid=\"69f16744bba4d\">\n    <div class=\"post-card-info-wrapper\">\n        <div class=\"post-card-meta-wrapper\">\n            <p class=\"small primary-color-1-text mb-0\">\n                19.02.2026<span>|<\/span><strong>Communiqu\u00e9 de presse<\/strong><span>|<\/span><strong class=\"mob-next-line\">Mich\u00e8le Sierro<\/strong>            <\/p>\n        <\/div>\n\n        <h2 class=\"post-card-title mb-0\">Communiqu\u00e9 de presse: R\u00e9vision de l\u2019OAMal: r\u00e9\u00e9valuation plut\u00f4t que mise en \u0153uvre pr\u00e9cipit\u00e9e<\/h2>\n\n                    <div class=\"post-card-btn-wrapper\">\n                <a href=\"https:\/\/www.interpharma.ch\/fr\/blog\/communique-de-presse-revision-de-loamal-reevaluation-plutot-que-mise-en-oeuvre-precipitee\/\" class=\"btn-arrow-primary\">Lire la suite<\/a>\n            <\/div>\n            <\/div>\n\n                        <div class=\"post-image-wrapper\" style=\"background-image: url('https:\/\/www.interpharma.ch\/wp-content\/uploads\/2020\/05\/Bundeshaus-800x533.jpg')\">\n                <img decoding=\"async\" src=\"https:\/\/www.interpharma.ch\/wp-content\/themes\/iph\/dist\/images\/4_3_placeholder.png\" alt=\"Placeholder\">\n            <\/div>\n            <\/div>\n\n<div class=\"post-card-wrapper  scrollMagic-block visibleInBackend\" data-uid=\"69f16744bbede\">\n    <div class=\"post-card-info-wrapper\">\n        <div class=\"post-card-meta-wrapper\">\n            <p class=\"small primary-color-1-text mb-0\">\n                06.02.2026<span>|<\/span><strong>Communiqu\u00e9 de presse<\/strong><span>|<\/span><strong class=\"mob-next-line\">Georg D\u00e4rendinger<\/strong>            <\/p>\n        <\/div>\n\n        <h2 class=\"post-card-title mb-0\">Communiqu\u00e9 de presse: L\u2019expansion des g\u00e9n\u00e9riques progresse inexorablement en Suisse: les nouveaux m\u00e9dicaments innovants enregistrent une croissance inf\u00e9rieure \u00e0 la moyenne<\/h2>\n\n                    <div class=\"post-card-btn-wrapper\">\n                <a href=\"https:\/\/www.interpharma.ch\/fr\/blog\/communique-de-presse-lexpansion-des-generiques-progresse-inexorablement-en-suisse-les-nouveaux-medicaments-innovants-enregistrent-une-croissance-inferieure-a-la-moyenne\/\" class=\"btn-arrow-primary\">Lire la suite<\/a>\n            <\/div>\n            <\/div>\n\n                        <div class=\"post-image-wrapper\" style=\"background-image: url('https:\/\/www.interpharma.ch\/wp-content\/uploads\/2026\/02\/iStock-Apotheke-800x533.jpg')\">\n                <img decoding=\"async\" src=\"https:\/\/www.interpharma.ch\/wp-content\/themes\/iph\/dist\/images\/4_3_placeholder.png\" alt=\"Placeholder\">\n            <\/div>\n            <\/div>\n\n<div class=\"post-card-wrapper  scrollMagic-block visibleInBackend\" data-uid=\"69f16744bc2ea\">\n    <div class=\"post-card-info-wrapper\">\n        <div class=\"post-card-meta-wrapper\">\n            <p class=\"small primary-color-1-text mb-0\">\n                08.01.2026<span>|<\/span><strong>Communiqu\u00e9 de presse<\/strong><span>|<\/span><strong class=\"mob-next-line\">Mich\u00e8le Sierro<\/strong>            <\/p>\n        <\/div>\n\n        <h2 class=\"post-card-title mb-0\">Communiqu\u00e9 de presse &#8211; Place pharmaceutique suisse \u00e0 la crois\u00e9e des chemins: la nouvelle r\u00e9alit\u00e9 g\u00e9opolitique requiert d\u2019agir rapidement<\/h2>\n\n                    <div class=\"post-card-btn-wrapper\">\n                <a href=\"https:\/\/www.interpharma.ch\/fr\/blog\/communique-de-presse-place-pharmaceutique-suisse-a-la-croisee-des-chemins-la-nouvelle-realite-geopolitique-requiert-dagir-rapidement\/\" class=\"btn-arrow-primary\">Lire la suite<\/a>\n            <\/div>\n            <\/div>\n\n                <\/div>\n\n                                    <div class=\"main-button-wrapper scrollMagic-block visibleInBackend\" data-uid=\"69f16744bc5cd\">\n                        <a href=\"https:\/\/www.interpharma.ch\/fr\/blog\/tag\/communique-de-presse\/\" class=\"btn-main-primary-border-bg-transparent\">Retour \u00e0 la liste<\/a>\n                    <\/div>\n                            <\/div>\n        <\/section>\n    \n\n\n\n\n\n\n    <section class=\"downloads-block block-margins block-paddings scrollMagic-block visibleInBackend\" data-uid=\"69f16744bcb19\">\n        <div class=\"block-bg bg-primary-10\"><\/div>\n\n        <div class=\"downloads-block-inner-container\">\n                            <div class=\"downloads-text-wrapper\">\n                    <h3 class=\"\">Pour plus d&rsquo;informations<\/h3>\n                <\/div>\n\n                <div class=\"downloads-wrapper\">\n                                                                        <div class=\"download-wrapper\">\n                                                                    <a href=\"https:\/\/interpharma.ch\/wp-content\/uploads\/2026\/03\/Interpharma-Logo-Packet.zip\" target=\"_blank\" class=\"download-inner-block\">\n                                        <div class=\"download-typ-icon download-typ-icon-link\">\n                                            <svg width=\"27\" height=\"14\" viewBox=\"0 0 27 14\" fill=\"none\" xmlns=\"http:\/\/www.w3.org\/2000\/svg\">\n                                                <path d=\"M12 13.3333H6.66667C4.82222 13.3333 3.25 12.6833 1.95 11.3833C0.65 10.0833 0 8.51111 0 6.66667C0 4.82222 0.65 3.25 1.95 1.95C3.25 0.65 4.82222 0 6.66667 0H12V2.66667H6.66667C5.55556 2.66667 4.61111 3.05556 3.83333 3.83333C3.05556 4.61111 2.66667 5.55556 2.66667 6.66667C2.66667 7.77778 3.05556 8.72222 3.83333 9.5C4.61111 10.2778 5.55556 10.6667 6.66667 10.6667H12V13.3333ZM8 8V5.33333H18.6667V8H8ZM14.6667 13.3333V10.6667H20C21.1111 10.6667 22.0556 10.2778 22.8333 9.5C23.6111 8.72222 24 7.77778 24 6.66667C24 5.55556 23.6111 4.61111 22.8333 3.83333C22.0556 3.05556 21.1111 2.66667 20 2.66667H14.6667V0H20C21.8444 0 23.4167 0.65 24.7167 1.95C26.0167 3.25 26.6667 4.82222 26.6667 6.66667C26.6667 8.51111 26.0167 10.0833 24.7167 11.3833C23.4167 12.6833 21.8444 13.3333 20 13.3333H14.6667Z\" fill=\"white\"\/>\n                                            <\/svg>\n                                        <\/div>\n\n                                        <p class=\"download-titel mb-0\">Download Kit de logo<\/p>\n\n                                        <div class=\"download-action-icon\">\n                                            <svg width=\"22\" height=\"22\" viewBox=\"0 0 22 22\" fill=\"none\" xmlns=\"http:\/\/www.w3.org\/2000\/svg\">\n                                                <path d=\"M10.6667 21.3333L8.76667 19.4667L16.2333 12H0V9.33333H16.2333L8.76667 1.86667L10.6667 0L21.3333 10.6667L10.6667 21.3333Z\" fill=\"#298899\"\/>\n                                            <\/svg>\n                                        <\/div>\n                                    <\/a>\n                                                            <\/div>\n                                                                                                        <\/div>\n            \n            \n                    <\/div>\n    <\/section>\n\n\n\n\n\n    \n\n\n\n\n\n\n\n\n    <section class=\"bild-text-block block-margins scrollMagic-block visibleInBackend\" data-uid=\"69f16744bd64c\">\n        <div class=\"bild-text-inner-container   image-text-half-width\">\n\n                            <div class=\"bild-part-wrapper\">\n                                            <div class=\"bild-part\">\n                            <img decoding=\"async\" src=\"https:\/\/www.interpharma.ch\/wp-content\/uploads\/2026\/01\/media_header-800x451.png\" alt=\"\u00c0 propos d\u2019Interpharma\" \/>\n                        <\/div>\n                    \n                                    <\/div>\n            \n                            <div class=\"text-part\">\n                                            <h2 class=\"like-h3\">\u00c0 propos d\u2019Interpharma<\/h2>\n                    \n                                            <div class=\"default-text-wrapper texteditor-small-headings\">\n                            <p>Interpharma, l\u2019association de l\u2019industrie pharmaceutique pratiquant la recherche en Suisse, repr\u00e9sente la principale branche exportatrice du pays. Des produits pharmaceutiques d\u2019une valeur d\u2019environ 115 milliards de francs sont vendus chaque ann\u00e9e \u00e0 l\u2019\u00e9tranger. Nos entreprises membres couvrent en Suisse plus de 90 % de la part de march\u00e9 des m\u00e9dicaments brevet\u00e9s et investissent chaque ann\u00e9e 9.2 milliards de francs dans la recherche et le d\u00e9veloppement.<\/p>\n                        <\/div>\n                    \n                                    <\/div>\n                    <\/div>\n    <\/section>\n\n","protected":false},"excerpt":{"rendered":"","protected":false},"author":1,"featured_media":0,"parent":0,"menu_order":5,"comment_status":"closed","ping_status":"closed","template":"","meta":{"_acf_changed":false,"inline_featured_image":false,"footnotes":""},"class_list":["post-15514","page","type-page","status-publish","hentry"],"acf":[],"yoast_head":"<!-- This site is optimized with the Yoast SEO Premium plugin v27.2 (Yoast SEO v27.2) - https:\/\/yoast.com\/product\/yoast-seo-premium-wordpress\/ -->\n<title>Espace m\u00e9dias - Interpharma<\/title>\n<meta name=\"robots\" content=\"index, follow, max-snippet:-1, max-image-preview:large, max-video-preview:-1\" \/>\n<link rel=\"canonical\" href=\"https:\/\/www.interpharma.ch\/fr\/mediencorner\/\" \/>\n<meta property=\"og:locale\" content=\"fr_FR\" \/>\n<meta property=\"og:type\" content=\"article\" \/>\n<meta property=\"og:title\" content=\"Espace m\u00e9dias\" \/>\n<meta property=\"og:url\" content=\"https:\/\/www.interpharma.ch\/fr\/mediencorner\/\" \/>\n<meta property=\"og:site_name\" content=\"Interpharma\" \/>\n<meta property=\"article:modified_time\" content=\"2026-03-16T14:32:02+00:00\" \/>\n<meta name=\"twitter:card\" content=\"summary_large_image\" \/>\n<meta name=\"twitter:site\" content=\"@interpharma_ch\" \/>\n<script type=\"application\/ld+json\" class=\"yoast-schema-graph\">{\"@context\":\"https:\/\/schema.org\",\"@graph\":[{\"@type\":\"WebPage\",\"@id\":\"https:\/\/www.interpharma.ch\/fr\/mediencorner\/\",\"url\":\"https:\/\/www.interpharma.ch\/fr\/mediencorner\/\",\"name\":\"Espace m\u00e9dias - Interpharma\",\"isPartOf\":{\"@id\":\"https:\/\/www.interpharma.ch\/#website\"},\"datePublished\":\"2026-02-04T15:15:53+00:00\",\"dateModified\":\"2026-03-16T14:32:02+00:00\",\"breadcrumb\":{\"@id\":\"https:\/\/www.interpharma.ch\/fr\/mediencorner\/#breadcrumb\"},\"inLanguage\":\"fr-FR\",\"potentialAction\":[{\"@type\":\"ReadAction\",\"target\":[\"https:\/\/www.interpharma.ch\/fr\/mediencorner\/\"]}]},{\"@type\":\"BreadcrumbList\",\"@id\":\"https:\/\/www.interpharma.ch\/fr\/mediencorner\/#breadcrumb\",\"itemListElement\":[{\"@type\":\"ListItem\",\"position\":1,\"name\":\"Startseite\",\"item\":\"https:\/\/www.interpharma.ch\/fr\/\"},{\"@type\":\"ListItem\",\"position\":2,\"name\":\"Espace m\u00e9dias\"}]},{\"@type\":\"WebSite\",\"@id\":\"https:\/\/www.interpharma.ch\/#website\",\"url\":\"https:\/\/www.interpharma.ch\/\",\"name\":\"Interpharma\",\"description\":\"Verband der forschenden Pharmazeutischen Firmen\",\"publisher\":{\"@id\":\"https:\/\/www.interpharma.ch\/#organization\"},\"potentialAction\":[{\"@type\":\"SearchAction\",\"target\":{\"@type\":\"EntryPoint\",\"urlTemplate\":\"https:\/\/www.interpharma.ch\/?s={search_term_string}\"},\"query-input\":{\"@type\":\"PropertyValueSpecification\",\"valueRequired\":true,\"valueName\":\"search_term_string\"}}],\"inLanguage\":\"fr-FR\"},{\"@type\":\"Organization\",\"@id\":\"https:\/\/www.interpharma.ch\/#organization\",\"name\":\"Interpharma\",\"url\":\"https:\/\/www.interpharma.ch\/\",\"logo\":{\"@type\":\"ImageObject\",\"inLanguage\":\"fr-FR\",\"@id\":\"https:\/\/www.interpharma.ch\/#\/schema\/logo\/image\/\",\"url\":\"https:\/\/interpharma.ch\/wp-content\/uploads\/2026\/03\/20251014_iph_logo_wort_bildmarke_rgb_final_cu01.svg\",\"contentUrl\":\"https:\/\/interpharma.ch\/wp-content\/uploads\/2026\/03\/20251014_iph_logo_wort_bildmarke_rgb_final_cu01.svg\",\"width\":\"1200\",\"height\":\"1200\",\"caption\":\"Interpharma\"},\"image\":{\"@id\":\"https:\/\/www.interpharma.ch\/#\/schema\/logo\/image\/\"},\"sameAs\":[\"https:\/\/x.com\/interpharma_ch\",\"https:\/\/ch.linkedin.com\/company\/interpharma\",\"https:\/\/www.instagram.com\/interpharma_ch\/\"]}]}<\/script>\n<!-- \/ Yoast SEO Premium plugin. -->","yoast_head_json":{"title":"Espace m\u00e9dias - Interpharma","robots":{"index":"index","follow":"follow","max-snippet":"max-snippet:-1","max-image-preview":"max-image-preview:large","max-video-preview":"max-video-preview:-1"},"canonical":"https:\/\/www.interpharma.ch\/fr\/mediencorner\/","og_locale":"fr_FR","og_type":"article","og_title":"Espace m\u00e9dias","og_url":"https:\/\/www.interpharma.ch\/fr\/mediencorner\/","og_site_name":"Interpharma","article_modified_time":"2026-03-16T14:32:02+00:00","twitter_card":"summary_large_image","twitter_site":"@interpharma_ch","schema":{"@context":"https:\/\/schema.org","@graph":[{"@type":"WebPage","@id":"https:\/\/www.interpharma.ch\/fr\/mediencorner\/","url":"https:\/\/www.interpharma.ch\/fr\/mediencorner\/","name":"Espace m\u00e9dias - Interpharma","isPartOf":{"@id":"https:\/\/www.interpharma.ch\/#website"},"datePublished":"2026-02-04T15:15:53+00:00","dateModified":"2026-03-16T14:32:02+00:00","breadcrumb":{"@id":"https:\/\/www.interpharma.ch\/fr\/mediencorner\/#breadcrumb"},"inLanguage":"fr-FR","potentialAction":[{"@type":"ReadAction","target":["https:\/\/www.interpharma.ch\/fr\/mediencorner\/"]}]},{"@type":"BreadcrumbList","@id":"https:\/\/www.interpharma.ch\/fr\/mediencorner\/#breadcrumb","itemListElement":[{"@type":"ListItem","position":1,"name":"Startseite","item":"https:\/\/www.interpharma.ch\/fr\/"},{"@type":"ListItem","position":2,"name":"Espace m\u00e9dias"}]},{"@type":"WebSite","@id":"https:\/\/www.interpharma.ch\/#website","url":"https:\/\/www.interpharma.ch\/","name":"Interpharma","description":"Verband der forschenden Pharmazeutischen Firmen","publisher":{"@id":"https:\/\/www.interpharma.ch\/#organization"},"potentialAction":[{"@type":"SearchAction","target":{"@type":"EntryPoint","urlTemplate":"https:\/\/www.interpharma.ch\/?s={search_term_string}"},"query-input":{"@type":"PropertyValueSpecification","valueRequired":true,"valueName":"search_term_string"}}],"inLanguage":"fr-FR"},{"@type":"Organization","@id":"https:\/\/www.interpharma.ch\/#organization","name":"Interpharma","url":"https:\/\/www.interpharma.ch\/","logo":{"@type":"ImageObject","inLanguage":"fr-FR","@id":"https:\/\/www.interpharma.ch\/#\/schema\/logo\/image\/","url":"https:\/\/interpharma.ch\/wp-content\/uploads\/2026\/03\/20251014_iph_logo_wort_bildmarke_rgb_final_cu01.svg","contentUrl":"https:\/\/interpharma.ch\/wp-content\/uploads\/2026\/03\/20251014_iph_logo_wort_bildmarke_rgb_final_cu01.svg","width":"1200","height":"1200","caption":"Interpharma"},"image":{"@id":"https:\/\/www.interpharma.ch\/#\/schema\/logo\/image\/"},"sameAs":["https:\/\/x.com\/interpharma_ch","https:\/\/ch.linkedin.com\/company\/interpharma","https:\/\/www.instagram.com\/interpharma_ch\/"]}]}},"_links":{"self":[{"href":"https:\/\/www.interpharma.ch\/fr\/wp-json\/wp\/v2\/pages\/15514","targetHints":{"allow":["GET"]}}],"collection":[{"href":"https:\/\/www.interpharma.ch\/fr\/wp-json\/wp\/v2\/pages"}],"about":[{"href":"https:\/\/www.interpharma.ch\/fr\/wp-json\/wp\/v2\/types\/page"}],"author":[{"embeddable":true,"href":"https:\/\/www.interpharma.ch\/fr\/wp-json\/wp\/v2\/users\/1"}],"replies":[{"embeddable":true,"href":"https:\/\/www.interpharma.ch\/fr\/wp-json\/wp\/v2\/comments?post=15514"}],"version-history":[{"count":5,"href":"https:\/\/www.interpharma.ch\/fr\/wp-json\/wp\/v2\/pages\/15514\/revisions"}],"predecessor-version":[{"id":15756,"href":"https:\/\/www.interpharma.ch\/fr\/wp-json\/wp\/v2\/pages\/15514\/revisions\/15756"}],"wp:attachment":[{"href":"https:\/\/www.interpharma.ch\/fr\/wp-json\/wp\/v2\/media?parent=15514"}],"curies":[{"name":"wp","href":"https:\/\/api.w.org\/{rel}","templated":true}]}}