{"id":15492,"date":"2026-02-05T08:48:53","date_gmt":"2026-02-05T07:48:53","guid":{"rendered":"https:\/\/iph-multisite.berta-bewegt.ch\/verband\/"},"modified":"2026-03-12T16:46:24","modified_gmt":"2026-03-12T15:46:24","slug":"verband","status":"publish","type":"page","link":"https:\/\/www.interpharma.ch\/fr\/ueber-uns\/verband\/","title":{"rendered":"Association"},"content":{"rendered":"\n<p>D&rsquo;un point de vue historique, Interpharma a \u00e9t\u00e9 fond\u00e9e par les grandes entreprises pharmaceutiques suisses actives dans la recherche. Avec l&rsquo;ouverture qui s&rsquo;est op\u00e9r\u00e9e ces derni\u00e8res ann\u00e9es et l&rsquo;augmentation consid\u00e9rable du nombre de ses membres, qui sont aujourd&rsquo;hui 23 entreprises pharmaceutiques actives dans la recherche, Interpharma est devenue l&rsquo;association fa\u00eeti\u00e8re des entreprises pharmaceutiques actives dans la recherche en Suisse. Le large soutien dont elle b\u00e9n\u00e9ficie dans toute la Suisse renforce la position d&rsquo;Interpharma dans son engagement en faveur de la comp\u00e9titivit\u00e9 internationale de la Suisse en tant que p\u00f4le de recherche et de l&rsquo;industrie pharmaceutique. Interpharma travaille en \u00e9troite collaboration avec tous les acteurs du syst\u00e8me de sant\u00e9 suisse et les organisations internationales, notamment les groupes d&rsquo;int\u00e9r\u00eat de l&rsquo;industrie pharmaceutique de recherche en Suisse et \u00e0 l&rsquo;\u00e9tranger.<\/p>\n\n\n\n    <section class=\"bild-text-block block-margins-small scrollMagic-block visibleInBackend\" data-uid=\"69f15829f3070\">\n        <div class=\"bild-text-inner-container   use-narrow-container\">\n\n                            <div class=\"bild-part-wrapper\">\n                                            <div class=\"bild-part\" style=\"background-image: url('https:\/\/www.interpharma.ch\/wp-content\/uploads\/2026\/03\/Interpharma_verband_1.jpg')\">\n                            <img decoding=\"async\" src=\"https:\/\/www.interpharma.ch\/wp-content\/themes\/iph\/dist\/images\/4_3_placeholder.png\" class=\"placeholder\" alt=\"Placeholder\">\n                        <\/div>\n                    \n                                    <\/div>\n            \n                            <div class=\"text-part\">\n                                            <h2 class=\"like-h3\">Notre vision<\/h2>\n                    \n                                            <div class=\"default-text-wrapper texteditor-small-headings\">\n                            <p>Nous sommes le moteur d&rsquo;un syst\u00e8me de sant\u00e9 efficace et de haute qualit\u00e9 qui offre aux patients un acc\u00e8s rapide \u00e0 des th\u00e9rapies innovantes et aux meilleurs traitements possibles. En Suisse et \u00e0 l&rsquo;\u00e9tranger, nous nous engageons en faveur de conditions-cadres qui offrent aux patients des soins de sant\u00e9 de premier ordre, r\u00e9compensent l&rsquo;innovation et permettent \u00e0 notre industrie d&rsquo;apporter une contribution significative \u00e0 la prosp\u00e9rit\u00e9, \u00e0 la croissance et \u00e0 la comp\u00e9titivit\u00e9 de la Suisse.<\/p>\n                        <\/div>\n                    \n                                    <\/div>\n                    <\/div>\n    <\/section>\n\n\n\n\n    <section class=\"bild-text-block block-margins-small scrollMagic-block visibleInBackend\" data-uid=\"69f15829f37f0\">\n        <div class=\"bild-text-inner-container image-right-side  use-narrow-container\">\n\n                            <div class=\"bild-part-wrapper\">\n                                            <div class=\"bild-part\" style=\"background-image: url('https:\/\/www.interpharma.ch\/wp-content\/uploads\/2026\/03\/Interpharma_verband_2-600x800.png')\">\n                            <img decoding=\"async\" src=\"https:\/\/www.interpharma.ch\/wp-content\/themes\/iph\/dist\/images\/4_3_placeholder.png\" class=\"placeholder\" alt=\"Placeholder\">\n                        <\/div>\n                    \n                                    <\/div>\n            \n                            <div class=\"text-part\">\n                                            <h2 class=\"like-h3\">Notre mission<\/h2>\n                    \n                                            <div class=\"default-text-wrapper texteditor-small-headings\">\n                            <p>Nous d\u00e9fendons les int\u00e9r\u00eats et nous engageons, en Suisse et \u00e0 l&rsquo;\u00e9tranger, en faveur d&rsquo;un environnement r\u00e9glementaire propice \u00e0 l&rsquo;innovation qui encourage la recherche et le d\u00e9veloppement pharmaceutiques.<\/p>\n<p>Nous sommes des partenaires de dialogue et travaillons de mani\u00e8re orient\u00e9e vers les solutions avec tous les acteurs du secteur de la sant\u00e9 afin de garantir la qualit\u00e9 et l&rsquo;acc\u00e8s durable et complet des patients \u00e0 l&rsquo;innovation.<\/p>\n<p>Nous participons \u00e0 la conception et cr\u00e9ons un cadre social, \u00e9conomique et politique qui renforce la place pharmaceutique suisse.<\/p>\n                        <\/div>\n                    \n                                    <\/div>\n                    <\/div>\n    <\/section>\n\n\n\n\n                        \n                            <section class=\"partner-block block-margins partner-block-last\">\n                                            <div class=\"partner-text-wrapper scrollMagic-block visibleInBackend\" data-uid=\"69f1582a00821\">\n                                                            <h3 class=\"\">Adh\u00e9sion<\/h3>\n                            \n                                                            <p class=\"\">En tant que membre des associations professionnelles internationales European Federation of Pharmaceutical Industries and Associations (EFPIA) et International Federation of Pharmaceutical Manufacturers &#038; Associations (IFPMA), Interpharma fait partie d&rsquo;un r\u00e9seau mondial d&rsquo;entreprises de recherche de premier plan. La collaboration au sein de ces organisations renforce les \u00e9changes internationaux et favorise des normes \u00e9lev\u00e9es en mati\u00e8re d&rsquo;innovation et d&rsquo;\u00e9thique.<\/p>\n                                                    <\/div>\n                    \n                    <div class=\"partner-cards\">\n                                                    <div class=\"partner-card-wrapper partner-card-lead scrollMagic-block visibleInBackend\" data-uid=\"69f1582a00883\">\n                                <div class=\"partner-image-wrapper\" style=\"background-image: url('https:\/\/www.interpharma.ch\/wp-content\/uploads\/2026\/03\/European_Federation_of_Pharmaceutical_Industries_and_Associations_logo.svg')\">\n                                    <img decoding=\"async\" src=\"https:\/\/www.interpharma.ch\/wp-content\/themes\/iph\/dist\/images\/partner_lead_placeholder.png\" alt=\"Placeholder\">\n                                <\/div>\n\n                                                            <\/div>\n                                                    <div class=\"partner-card-wrapper partner-card-lead scrollMagic-block visibleInBackend\" data-uid=\"69f1582a00a97\">\n                                <div class=\"partner-image-wrapper\" style=\"background-image: url('https:\/\/www.interpharma.ch\/wp-content\/uploads\/2026\/03\/ifpma_logo_color_sidetext.svg')\">\n                                    <img decoding=\"async\" src=\"https:\/\/www.interpharma.ch\/wp-content\/themes\/iph\/dist\/images\/partner_lead_placeholder.png\" alt=\"Placeholder\">\n                                <\/div>\n\n                                                            <\/div>\n                                            <\/div>\n                <\/section>\n                        \n\n\n\n\n\n    <section class=\"publikationen-block block-paddings\">\n        <div class=\"block-bg bg-secondary-20\"><\/div>\n\n        <div class=\"publikationen-block-inner-container\">\n                            <div class=\"publikationen-text-wrapper scrollMagic-block visibleInBackend\" data-uid=\"69f1582a00e12\">\n                                            <h2 class=\"\">Cela pourrait vous int\u00e9resser<\/h2>\n                    \n                                    <\/div>\n            \n                            <div class=\"publikationen-cards\">\n                                            \n                        <div class=\"publikation-card-wrapper scrollMagic-block visibleInBackend\" data-uid=\"69f1582a019a2\">\n                            <div class=\"publikation-image-wrapper\" style=\"background-image: url('https:\/\/www.interpharma.ch\/wp-content\/uploads\/2023\/07\/Titelbild-Strategie-neu-F.png')\">\n                                <img decoding=\"async\" src=\"https:\/\/www.interpharma.ch\/wp-content\/themes\/iph\/dist\/images\/publikation_placeholder.png\" alt=\"Placeholder\">\n                            <\/div>\n\n                            <div class=\"publikation-card-content\">\n                                                                    <h3 class=\"publikation-card-title black-text like-h4\">La place pharmaceutique suisse 2030<\/h3>\n                                \n                                                                    <div class=\"default-text-wrapper\">\n                                        <p>Vision de la place pharmaceutique suisse en 2030: \u00abLa Suisse est encore en 2030 la premi\u00e8re place pharmaceutique d\u2019Europe. Notre pays b\u00e9n\u00e9ficie d\u2019innovations m\u00e9dicales de pointe qu\u2019il est en mesure de financer durablement. Le secteur pharmaceutique apporte une contribution significative \u00e0 la prosp\u00e9rit\u00e9 ainsi qu\u2019\u00e0 la qualit\u00e9 de vie de la population suisse.\u00bb<\/p>\n                                    <\/div>\n                                \n                                                                    <div class=\"publikation-card-btn-wrapper\">\n                                                                                     <a href=\"https:\/\/www.interpharma.ch\/wp-content\/uploads\/2023\/07\/interpharma_broschure_A4_d_220322.pdf\" target=\"_blank\" download=\"\" class=\"btn-download\">\n                                                <div>\n                                                    <span>PDF en allemand<\/span>\n                                                    <svg width=\"11\" height=\"11\" viewBox=\"0 0 11 11\" fill=\"none\" xmlns=\"http:\/\/www.w3.org\/2000\/svg\">\n                                                        <path d=\"M5.33333 8L2 4.66667L2.93333 3.7L4.66667 5.43333V0H6V5.43333L7.73333 3.7L8.66667 4.66667L5.33333 8ZM1.33333 10.6667C0.966667 10.6667 0.652778 10.5361 0.391667 10.275C0.130556 10.0139 0 9.7 0 9.33333V7.33333H1.33333V9.33333H9.33333V7.33333H10.6667V9.33333C10.6667 9.7 10.5361 10.0139 10.275 10.275C10.0139 10.5361 9.7 10.6667 9.33333 10.6667H1.33333Z\" fill=\"#298899\"\/>\n                                                    <\/svg>\n                                                <\/div>\n                                            <\/a>\n                                         \n                                                                                    <a href=\"https:\/\/www.interpharma.ch\/wp-content\/uploads\/2023\/07\/interpharma_broschure_A4_f_220322.pdf\" target=\"_blank\" download=\"\" class=\"btn-download\">\n                                                <div>\n                                                    <span>PDF en fran\u00e7ais<\/span>\n                                                    <svg width=\"11\" height=\"11\" viewBox=\"0 0 11 11\" fill=\"none\" xmlns=\"http:\/\/www.w3.org\/2000\/svg\">\n                                                        <path d=\"M5.33333 8L2 4.66667L2.93333 3.7L4.66667 5.43333V0H6V5.43333L7.73333 3.7L8.66667 4.66667L5.33333 8ZM1.33333 10.6667C0.966667 10.6667 0.652778 10.5361 0.391667 10.275C0.130556 10.0139 0 9.7 0 9.33333V7.33333H1.33333V9.33333H9.33333V7.33333H10.6667V9.33333C10.6667 9.7 10.5361 10.0139 10.275 10.275C10.0139 10.5361 9.7 10.6667 9.33333 10.6667H1.33333Z\" fill=\"#298899\"\/>\n                                                    <\/svg>\n                                                <\/div>\n                                            <\/a>\n                                        \n                                                                                    <a href=\"https:\/\/www.interpharma.ch\/wp-content\/uploads\/2023\/07\/interpharma_broschure_A4_e_220322.pdf\" target=\"_blank\" download=\"\" class=\"btn-download\">\n                                                <div>\n                                                    <span>PDF en anglais<\/span>\n                                                    <svg width=\"11\" height=\"11\" viewBox=\"0 0 11 11\" fill=\"none\" xmlns=\"http:\/\/www.w3.org\/2000\/svg\">\n                                                        <path d=\"M5.33333 8L2 4.66667L2.93333 3.7L4.66667 5.43333V0H6V5.43333L7.73333 3.7L8.66667 4.66667L5.33333 8ZM1.33333 10.6667C0.966667 10.6667 0.652778 10.5361 0.391667 10.275C0.130556 10.0139 0 9.7 0 9.33333V7.33333H1.33333V9.33333H9.33333V7.33333H10.6667V9.33333C10.6667 9.7 10.5361 10.0139 10.275 10.275C10.0139 10.5361 9.7 10.6667 9.33333 10.6667H1.33333Z\" fill=\"#298899\"\/>\n                                                    <\/svg>\n                                                <\/div>\n                                            <\/a>\n                                                                            <\/div>\n                                                            <\/div>\n                        <\/div>\n                                    <\/div>\n            \n                    <\/div>\n    <\/section>\n\n\n\n\n\n<p><\/p>\n\n\n\n<p><\/p>\n\n\n\n    <section class=\"bild-fliese-block scrollMagic-block visibleInBackend\" data-uid=\"69f1582a022e8\">\n        <div class=\"block-bg bg-secondary-20\"><\/div>\n\n        <div class=\"bild-fliese-block-inner-container\">\n            <div class=\"image-wrapper\" style=\"background-image: url('https:\/\/www.interpharma.ch\/wp-content\/uploads\/2026\/03\/Interpharma_home_banner_schwerpunktthemen-1-1200x515.jpg')\">\n                <img decoding=\"async\" src=\"https:\/\/www.interpharma.ch\/wp-content\/themes\/iph\/dist\/images\/16_9_placeholder.png\" alt=\"Placeholder\">\n            <\/div>\n\n                            <div class=\"bild-fliese-text-wrapper block-bg-white\">\n                                            <h2 class=\"primary-color-1-text\">Th\u00e8mes principaux<\/h2>\n                    \n                                            <p class=\"lead mb-0\">Interpharma s\u2019engage en faveur d\u2019une recherche pharmaceutique forte, d\u2019une Suisse innovante et d\u2019un syst\u00e8me de sant\u00e9 performant, dans le but de garantir aux patients l\u2019acc\u00e8s \u00e0 des traitements efficaces.<\/p>\n                    \n                                    <\/div>\n                    <\/div>\n    <\/section>\n\n\n\n\n            <section class=\"themenkacheln-block block-paddings\">\n            <div class=\"block-bg bg-secondary-20\"><\/div>\n\n            <div class=\"page-cards\">\n                                    <div class=\"page-card-wrapper scrollMagic-block visibleInBackend\" data-uid=\"69f1582a032c1\">\n                        <a href=\"https:\/\/www.interpharma.ch\/fr\/themen\/der-patient-im-mittelpunkt\/\" class=\"page-card-content-wrapper\" style=\"background-image: url('https:\/\/www.interpharma.ch\/wp-content\/uploads\/2026\/03\/Interpharma_schwerpunktthema_patientimmittelpunkt-1-800x450.jpg')\">\n                            <div class=\"page-card-content\">\n                                <div class=\"page-card-content-top-part\">\n                                    <h2 class=\"white-text lead mb-0\">Le patient au centre des consid\u00e9rations<\/h2>\n\n                                                                            <div class=\"local-text-divider\"><\/div>\n                                        <div class=\"white-secondary-1-lead-bold-text-wrapper\">\n                                            <p>Nous nous engageons \u00e0 ce que toutes les personnes en Suisse aient <strong style=\"color:#FABE06;\">acc\u00e8s, le plus rapidement possible, \u00e0 des th\u00e9rapies s\u00fbres et efficaces<\/strong> de la plus haute qualit\u00e9.<\/p>\n                                        <\/div>\n                                                                    <\/div>\n\n                                <div class=\"page-card-btn-wrapper\">\n                                    <div class=\"btn-main-white-border\">En savoir plus<\/div>\n                                <\/div>\n                            <\/div>\n                        <\/a>\n                    <\/div>\n                                    <div class=\"page-card-wrapper scrollMagic-block visibleInBackend\" data-uid=\"69f1582a0371e\">\n                        <a href=\"https:\/\/www.interpharma.ch\/fr\/themen\/a-la-pointe-de-la-recherche-et-developpement\/\" class=\"page-card-content-wrapper\" style=\"background-image: url('https:\/\/www.interpharma.ch\/wp-content\/uploads\/2026\/03\/Interpharma_home_schwerpunktthema_FuehrendinForschungundEntwicklung-800x500.jpg')\">\n                            <div class=\"page-card-content\">\n                                <div class=\"page-card-content-top-part\">\n                                    <h2 class=\"white-text lead mb-0\">\u00c0 la pointe de la recherche et d\u00e9veloppement<\/h2>\n\n                                                                            <div class=\"local-text-divider\"><\/div>\n                                        <div class=\"white-secondary-1-lead-bold-text-wrapper\">\n                                            <p><strong style=\"color:#FABE06;\">Nous renfor\u00e7ons la place d\u2019innovation suisse :<\/strong> de l\u2019id\u00e9e en laboratoire \u00e0 la th\u00e9rapie pour les patients, pour le progr\u00e8s m\u00e9dical et le b\u00e9n\u00e9fice des patients.<\/p>\n                                        <\/div>\n                                                                    <\/div>\n\n                                <div class=\"page-card-btn-wrapper\">\n                                    <div class=\"btn-main-white-border\">En savoir plus<\/div>\n                                <\/div>\n                            <\/div>\n                        <\/a>\n                    <\/div>\n                                    <div class=\"page-card-wrapper scrollMagic-block visibleInBackend\" data-uid=\"69f1582a03aba\">\n                        <a href=\"https:\/\/www.interpharma.ch\/fr\/themen\/un-cadre-solide-en-matiere-de-politique-economique\/\" class=\"page-card-content-wrapper\" style=\"background-image: url('https:\/\/www.interpharma.ch\/wp-content\/uploads\/2026\/03\/Interpharma_home_schwerpunktthema_StarkewirtschaftspolitischeRahmenbedingungen-800x500.jpg')\">\n                            <div class=\"page-card-content\">\n                                <div class=\"page-card-content-top-part\">\n                                    <h2 class=\"white-text lead mb-0\">Un cadre solide en mati\u00e8re de politique \u00e9conomique<\/h2>\n\n                                                                            <div class=\"local-text-divider\"><\/div>\n                                        <div class=\"white-secondary-1-lead-bold-text-wrapper\">\n                                            <p>La stabilit\u00e9 politique, la s\u00e9curit\u00e9 juridique, des march\u00e9s d\u2019exportation ouverts et une main-d\u2019\u0153uvre qualifi\u00e9e sont d\u00e9terminants pour le <strong style=\"color:#FABE06;\">succ\u00e8s de la place pharmaceutique suisse.<\/strong><\/p>\n                                        <\/div>\n                                                                    <\/div>\n\n                                <div class=\"page-card-btn-wrapper\">\n                                    <div class=\"btn-main-white-border\">En savoir plus<\/div>\n                                <\/div>\n                            <\/div>\n                        <\/a>\n                    <\/div>\n                                    <div class=\"page-card-wrapper scrollMagic-block visibleInBackend\" data-uid=\"69f1582a03e04\">\n                        <a href=\"https:\/\/www.interpharma.ch\/fr\/themen\/gesundheitswesen-fr\/\" class=\"page-card-content-wrapper\" style=\"background-image: url('https:\/\/www.interpharma.ch\/wp-content\/uploads\/2026\/03\/Interpharma_home_schwerpunktthema_Gesundheitswesen-800x500.jpg')\">\n                            <div class=\"page-card-content\">\n                                <div class=\"page-card-content-top-part\">\n                                    <h2 class=\"white-text lead mb-0\">Syst\u00e8me de sant\u00e9<\/h2>\n\n                                                                            <div class=\"local-text-divider\"><\/div>\n                                        <div class=\"white-secondary-1-lead-bold-text-wrapper\">\n                                            <p>La Suisse dispose d\u2019un <strong style=\"color:#FABE06;\">syst\u00e8me de sant\u00e9 de haute qualit\u00e9<\/strong>, mais fait face \u00e0 de nouveaux d\u00e9fis qui n\u00e9cessitent des solutions urgentes.<\/p>\n                                        <\/div>\n                                                                    <\/div>\n\n                                <div class=\"page-card-btn-wrapper\">\n                                    <div class=\"btn-main-white-border\">En savoir plus<\/div>\n                                <\/div>\n                            <\/div>\n                        <\/a>\n                    <\/div>\n                            <\/div>\n\n        <\/section>\n    \n\n\n\n\n\n    <section class=\"bild-fliese-block scrollMagic-block visibleInBackend\" data-uid=\"69f1582a047f7\">\n        <div class=\"block-bg block-bg-white\"><\/div>\n\n        <div class=\"bild-fliese-block-inner-container\">\n            <div class=\"image-wrapper\" style=\"background-image: url('https:\/\/www.interpharma.ch\/wp-content\/uploads\/2026\/03\/Interpharma_ueberuns_banner_unserepartner-1200x515.png')\">\n                <img decoding=\"async\" src=\"https:\/\/www.interpharma.ch\/wp-content\/themes\/iph\/dist\/images\/16_9_placeholder.png\" alt=\"Placeholder\">\n            <\/div>\n\n                            <div class=\"bild-fliese-text-wrapper block-bg-primary-10\">\n                                            <h2 class=\"primary-color-1-text\">PARTENARIATS<\/h2>\n                    \n                                            <p class=\"lead mb-0\">Un partenaire actif dans le domaine de la sant\u00e9 et de la recherche gr\u00e2ce \u00e0 des coop\u00e9rations.<\/p>\n                    \n                                    <\/div>\n                    <\/div>\n    <\/section>\n\n\n\n\n<p><\/p>\n\n\n\n<p><\/p>\n\n\n\n<p>Interpharma accorde une grande importance \u00e0 l&rsquo;\u00e9change d&rsquo;informations sur les th\u00e8mes actuels li\u00e9s \u00e0 la politique de sant\u00e9 et \u00e0 la recherche ainsi qu&rsquo;\u00e0 la promotion du d\u00e9bat public sur les questions pertinentes. C&rsquo;est pourquoi Interpharma collabore avec diff\u00e9rents acteurs du domaine de la sant\u00e9 et de la recherche, apporte son expertise et soutient des organisations et des plateformes dans la planification et la r\u00e9alisation d&rsquo;\u00e9v\u00e9nements, l&rsquo;\u00e9laboration de bases et d&rsquo;autres activit\u00e9s. Reconnaissant l&rsquo;importance du syst\u00e8me de milice et le r\u00f4le fondamental des partis politiques, Interpharma soutient \u00e9galement les partis favorables \u00e0 l&rsquo;innovation et \u00e0 l&rsquo;\u00e9conomie avec un montant total maximal de 100 000 francs par an, r\u00e9parti de mani\u00e8re \u00e9gale.<\/p>\n\n\n\n                        \n                            <section class=\"partner-block block-margins \">\n                                            <div class=\"partner-text-wrapper scrollMagic-block visibleInBackend\" data-uid=\"69f1582a05931\">\n                                                            <h3 class=\"text-center\">Nos partenariats fond\u00e9s sur une approche multipartite<\/h3>\n                            \n                                                    <\/div>\n                    \n                    <div class=\"partner-cards\">\n                                                    <div class=\"partner-card-wrapper  scrollMagic-block visibleInBackend\" data-uid=\"69f1582a0596e\">\n                                <div class=\"partner-image-wrapper\" style=\"background-image: url('https:\/\/www.interpharma.ch\/wp-content\/uploads\/2026\/02\/allianzq-qualitaet-MGl-1.png')\">\n                                    <img decoding=\"async\" src=\"https:\/\/www.interpharma.ch\/wp-content\/themes\/iph\/dist\/images\/1_1_placeholder.png\" alt=\"Placeholder\">\n                                <\/div>\n\n                                                                    <p class=\"small mb-0\">Alliance pour la Qualit\u00e9 avant les Co\u00fbts dans le Secteur de la Sant\u00e9<\/p>\n                                                            <\/div>\n                                                    <div class=\"partner-card-wrapper  scrollMagic-block visibleInBackend\" data-uid=\"69f1582a05b7a\">\n                                <div class=\"partner-image-wrapper\" style=\"background-image: url('https:\/\/www.interpharma.ch\/wp-content\/uploads\/2026\/02\/santenext-logo.svg')\">\n                                    <img decoding=\"async\" src=\"https:\/\/www.interpharma.ch\/wp-content\/themes\/iph\/dist\/images\/1_1_placeholder.png\" alt=\"Placeholder\">\n                                <\/div>\n\n                                                                    <p class=\"small mb-0\">Santenext<\/p>\n                                                            <\/div>\n                                                    <div class=\"partner-card-wrapper  scrollMagic-block visibleInBackend\" data-uid=\"69f1582a05d9a\">\n                                <div class=\"partner-image-wrapper\" style=\"background-image: url('https:\/\/www.interpharma.ch\/wp-content\/uploads\/2026\/02\/roundtable_antibiotics-removebg-preview.png')\">\n                                    <img decoding=\"async\" src=\"https:\/\/www.interpharma.ch\/wp-content\/themes\/iph\/dist\/images\/1_1_placeholder.png\" alt=\"Placeholder\">\n                                <\/div>\n\n                                                                    <p class=\"small mb-0\">Table Ronde Suisse sur les Antibiotiques<\/p>\n                                                            <\/div>\n                                                    <div class=\"partner-card-wrapper  scrollMagic-block visibleInBackend\" data-uid=\"69f1582a05f54\">\n                                <div class=\"partner-image-wrapper\" style=\"background-image: url('https:\/\/www.interpharma.ch\/wp-content\/uploads\/2026\/02\/Element-1.svg')\">\n                                    <img decoding=\"async\" src=\"https:\/\/www.interpharma.ch\/wp-content\/themes\/iph\/dist\/images\/1_1_placeholder.png\" alt=\"Placeholder\">\n                                <\/div>\n\n                                                                    <p class=\"small mb-0\">CI Maladies Rares<\/p>\n                                                            <\/div>\n                                                    <div class=\"partner-card-wrapper  scrollMagic-block visibleInBackend\" data-uid=\"69f1582a0611e\">\n                                <div class=\"partner-image-wrapper\" style=\"background-image: url('https:\/\/www.interpharma.ch\/wp-content\/uploads\/2026\/02\/swiss-clinical-trial-organisation.svg')\">\n                                    <img decoding=\"async\" src=\"https:\/\/www.interpharma.ch\/wp-content\/themes\/iph\/dist\/images\/1_1_placeholder.png\" alt=\"Placeholder\">\n                                <\/div>\n\n                                                                    <p class=\"small mb-0\">Swiss Clinical Trial Organisation<\/p>\n                                                            <\/div>\n                                                    <div class=\"partner-card-wrapper  scrollMagic-block visibleInBackend\" data-uid=\"69f1582a062b0\">\n                                <div class=\"partner-image-wrapper\" style=\"background-image: url('https:\/\/www.interpharma.ch\/wp-content\/uploads\/2026\/02\/Forschung-Leben_Logo.svg')\">\n                                    <img decoding=\"async\" src=\"https:\/\/www.interpharma.ch\/wp-content\/themes\/iph\/dist\/images\/1_1_placeholder.png\" alt=\"Placeholder\">\n                                <\/div>\n\n                                                                    <p class=\"small mb-0\">Recherche pour la Vie<\/p>\n                                                            <\/div>\n                                                    <div class=\"partner-card-wrapper  scrollMagic-block visibleInBackend\" data-uid=\"69f1582a0645a\">\n                                <div class=\"partner-image-wrapper\" style=\"background-image: url('https:\/\/www.interpharma.ch\/wp-content\/uploads\/2026\/02\/GEN-SUISSE_Logo_red_CMYK.svg')\">\n                                    <img decoding=\"async\" src=\"https:\/\/www.interpharma.ch\/wp-content\/themes\/iph\/dist\/images\/1_1_placeholder.png\" alt=\"Placeholder\">\n                                <\/div>\n\n                                                                    <p class=\"small mb-0\">Gen Suisse<\/p>\n                                                            <\/div>\n                                                    <div class=\"partner-card-wrapper  scrollMagic-block visibleInBackend\" data-uid=\"69f1582a06623\">\n                                <div class=\"partner-image-wrapper\" style=\"background-image: url('https:\/\/www.interpharma.ch\/wp-content\/uploads\/2026\/02\/image.png')\">\n                                    <img decoding=\"async\" src=\"https:\/\/www.interpharma.ch\/wp-content\/themes\/iph\/dist\/images\/1_1_placeholder.png\" alt=\"Placeholder\">\n                                <\/div>\n\n                                                                    <p class=\"small mb-0\">Salon Sant\u00e9<\/p>\n                                                            <\/div>\n                                                    <div class=\"partner-card-wrapper  scrollMagic-block visibleInBackend\" data-uid=\"69f1582a067bb\">\n                                <div class=\"partner-image-wrapper\" style=\"background-image: url('https:\/\/www.interpharma.ch\/wp-content\/uploads\/2026\/02\/3RCC-Logo-1.svg')\">\n                                    <img decoding=\"async\" src=\"https:\/\/www.interpharma.ch\/wp-content\/themes\/iph\/dist\/images\/1_1_placeholder.png\" alt=\"Placeholder\">\n                                <\/div>\n\n                                                                    <p class=\"small mb-0\">Centre Suisse de Comp\u00e9tence 3R<\/p>\n                                                            <\/div>\n                                                    <div class=\"partner-card-wrapper  scrollMagic-block visibleInBackend\" data-uid=\"69f1582a06956\">\n                                <div class=\"partner-image-wrapper\" style=\"background-image: url('https:\/\/www.interpharma.ch\/wp-content\/uploads\/2026\/02\/StopPiracy_Logo_SVG.svg')\">\n                                    <img decoding=\"async\" src=\"https:\/\/www.interpharma.ch\/wp-content\/themes\/iph\/dist\/images\/1_1_placeholder.png\" alt=\"Placeholder\">\n                                <\/div>\n\n                                                                    <p class=\"small mb-0\">Stop Piracy<\/p>\n                                                            <\/div>\n                                                    <div class=\"partner-card-wrapper  scrollMagic-block visibleInBackend\" data-uid=\"69f1582a06adc\">\n                                <div class=\"partner-image-wrapper\" style=\"background-image: url('https:\/\/www.interpharma.ch\/wp-content\/uploads\/2026\/02\/starkvernetzt_Logo.svg')\">\n                                    <img decoding=\"async\" src=\"https:\/\/www.interpharma.ch\/wp-content\/themes\/iph\/dist\/images\/1_1_placeholder.png\" alt=\"Placeholder\">\n                                <\/div>\n\n                                                                    <p class=\"small mb-0\">Ouverte + Souveraine<\/p>\n                                                            <\/div>\n                                                    <div class=\"partner-card-wrapper  scrollMagic-block visibleInBackend\" data-uid=\"69f1582a06c73\">\n                                <div class=\"partner-image-wrapper\" style=\"background-image: url('https:\/\/www.interpharma.ch\/wp-content\/uploads\/2026\/02\/sggp-ssps-logo-ohne-claim.svg')\">\n                                    <img decoding=\"async\" src=\"https:\/\/www.interpharma.ch\/wp-content\/themes\/iph\/dist\/images\/1_1_placeholder.png\" alt=\"Placeholder\">\n                                <\/div>\n\n                                                                    <p class=\"small mb-0\">Soci\u00e9t\u00e9 Suisse pour la Politique de la Sant\u00e9<\/p>\n                                                            <\/div>\n                                            <\/div>\n                <\/section>\n                                \n                            <section class=\"partner-block block-margins \">\n                                            <div class=\"partner-text-wrapper scrollMagic-block visibleInBackend\" data-uid=\"69f1582a07998\">\n                                                            <h3 class=\"text-center\">Nos partenaires dans le secteur des sciences de la vie<\/h3>\n                            \n                                                    <\/div>\n                    \n                    <div class=\"partner-cards\">\n                                                    <div class=\"partner-card-wrapper  scrollMagic-block visibleInBackend\" data-uid=\"69f1582a079e2\">\n                                <div class=\"partner-image-wrapper\" style=\"background-image: url('https:\/\/www.interpharma.ch\/wp-content\/uploads\/2026\/02\/logo_scienceindustries.png')\">\n                                    <img decoding=\"async\" src=\"https:\/\/www.interpharma.ch\/wp-content\/themes\/iph\/dist\/images\/1_1_placeholder.png\" alt=\"Placeholder\">\n                                <\/div>\n\n                                                                    <p class=\"small mb-0\">scienceindustries<\/p>\n                                                            <\/div>\n                                                    <div class=\"partner-card-wrapper  scrollMagic-block visibleInBackend\" data-uid=\"69f1582a07ba3\">\n                                <div class=\"partner-image-wrapper\" style=\"background-image: url('https:\/\/www.interpharma.ch\/wp-content\/uploads\/2026\/02\/logo_vips_d_neu-1024x196-2-800x152.png')\">\n                                    <img decoding=\"async\" src=\"https:\/\/www.interpharma.ch\/wp-content\/themes\/iph\/dist\/images\/1_1_placeholder.png\" alt=\"Placeholder\">\n                                <\/div>\n\n                                                                    <p class=\"small mb-0\">Association des Entreprises Pharmaceutiques en Suisse<\/p>\n                                                            <\/div>\n                                                    <div class=\"partner-card-wrapper  scrollMagic-block visibleInBackend\" data-uid=\"69f1582a07d5c\">\n                                <div class=\"partner-image-wrapper\" style=\"background-image: url('https:\/\/www.interpharma.ch\/wp-content\/uploads\/2026\/02\/025f6324fd75f3c6823f80e3c29ddc27.svg')\">\n                                    <img decoding=\"async\" src=\"https:\/\/www.interpharma.ch\/wp-content\/themes\/iph\/dist\/images\/1_1_placeholder.png\" alt=\"Placeholder\">\n                                <\/div>\n\n                                                                    <p class=\"small mb-0\">Intergenerika<\/p>\n                                                            <\/div>\n                                                    <div class=\"partner-card-wrapper  scrollMagic-block visibleInBackend\" data-uid=\"69f1582a07f6a\">\n                                <div class=\"partner-image-wrapper\" style=\"background-image: url('https:\/\/www.interpharma.ch\/wp-content\/uploads\/2026\/02\/swiss_biotech-removebg-preview.png')\">\n                                    <img decoding=\"async\" src=\"https:\/\/www.interpharma.ch\/wp-content\/themes\/iph\/dist\/images\/1_1_placeholder.png\" alt=\"Placeholder\">\n                                <\/div>\n\n                                                                    <p class=\"small mb-0\">Swiss Biotech<\/p>\n                                                            <\/div>\n                                                    <div class=\"partner-card-wrapper  scrollMagic-block visibleInBackend\" data-uid=\"69f1582a08143\">\n                                <div class=\"partner-image-wrapper\" style=\"background-image: url('https:\/\/www.interpharma.ch\/wp-content\/uploads\/2026\/02\/2017_SwissMedtech-800x120.png')\">\n                                    <img decoding=\"async\" src=\"https:\/\/www.interpharma.ch\/wp-content\/themes\/iph\/dist\/images\/1_1_placeholder.png\" alt=\"Placeholder\">\n                                <\/div>\n\n                                                                    <p class=\"small mb-0\">Swiss Medtech<\/p>\n                                                            <\/div>\n                                            <\/div>\n                <\/section>\n                                \n                            <section class=\"partner-block block-margins \">\n                                            <div class=\"partner-text-wrapper scrollMagic-block visibleInBackend\" data-uid=\"69f1582a08ebc\">\n                                                            <h3 class=\"text-center\">Nos partenaires dans le domaine de la sant\u00e9 \u2013 Assureurs maladie<\/h3>\n                            \n                                                    <\/div>\n                    \n                    <div class=\"partner-cards\">\n                                                    <div class=\"partner-card-wrapper  scrollMagic-block visibleInBackend\" data-uid=\"69f1582a08efc\">\n                                <div class=\"partner-image-wrapper\" style=\"background-image: url('https:\/\/www.interpharma.ch\/wp-content\/uploads\/2026\/02\/HSK_Logo_Farbe_RGB.png')\">\n                                    <img decoding=\"async\" src=\"https:\/\/www.interpharma.ch\/wp-content\/themes\/iph\/dist\/images\/1_1_placeholder.png\" alt=\"Placeholder\">\n                                <\/div>\n\n                                                                    <p class=\"small mb-0\">Communaut\u00e9 d\u2019Achat HSK<\/p>\n                                                            <\/div>\n                                                    <div class=\"partner-card-wrapper  scrollMagic-block visibleInBackend\" data-uid=\"69f1582a090ed\">\n                                <div class=\"partner-image-wrapper\" style=\"background-image: url('https:\/\/www.interpharma.ch\/wp-content\/uploads\/2026\/02\/Logo-Prio-Swiss-1.svg')\">\n                                    <img decoding=\"async\" src=\"https:\/\/www.interpharma.ch\/wp-content\/themes\/iph\/dist\/images\/1_1_placeholder.png\" alt=\"Placeholder\">\n                                <\/div>\n\n                                                                    <p class=\"small mb-0\">Prio.Swiss<\/p>\n                                                            <\/div>\n                                                    <div class=\"partner-card-wrapper  scrollMagic-block visibleInBackend\" data-uid=\"69f1582a09313\">\n                                <div class=\"partner-image-wrapper\" style=\"background-image: url('https:\/\/www.interpharma.ch\/wp-content\/uploads\/2026\/02\/tarifsuisse.png')\">\n                                    <img decoding=\"async\" src=\"https:\/\/www.interpharma.ch\/wp-content\/themes\/iph\/dist\/images\/1_1_placeholder.png\" alt=\"Placeholder\">\n                                <\/div>\n\n                                                                    <p class=\"small mb-0\">Tarifsuisse<\/p>\n                                                            <\/div>\n                                            <\/div>\n                <\/section>\n                                \n                            <section class=\"partner-block block-margins \">\n                                            <div class=\"partner-text-wrapper scrollMagic-block visibleInBackend\" data-uid=\"69f1582a09fa6\">\n                                                            <h3 class=\"text-center\">Nos partenaires dans le secteur de la sant\u00e9 \u2013 Prestataires de services<\/h3>\n                            \n                                                    <\/div>\n                    \n                    <div class=\"partner-cards\">\n                                                    <div class=\"partner-card-wrapper  scrollMagic-block visibleInBackend\" data-uid=\"69f1582a0a012\">\n                                <div class=\"partner-image-wrapper\" style=\"background-image: url('https:\/\/www.interpharma.ch\/wp-content\/uploads\/2026\/02\/logo_fmh@2x-800x382.png')\">\n                                    <img decoding=\"async\" src=\"https:\/\/www.interpharma.ch\/wp-content\/themes\/iph\/dist\/images\/1_1_placeholder.png\" alt=\"Placeholder\">\n                                <\/div>\n\n                                                                    <p class=\"small mb-0\">FMH<\/p>\n                                                            <\/div>\n                                                    <div class=\"partner-card-wrapper  scrollMagic-block visibleInBackend\" data-uid=\"69f1582a0a259\">\n                                <div class=\"partner-image-wrapper\" style=\"background-image: url('https:\/\/www.interpharma.ch\/wp-content\/uploads\/2026\/02\/h.svg')\">\n                                    <img decoding=\"async\" src=\"https:\/\/www.interpharma.ch\/wp-content\/themes\/iph\/dist\/images\/1_1_placeholder.png\" alt=\"Placeholder\">\n                                <\/div>\n\n                                                                    <p class=\"small mb-0\">H+<\/p>\n                                                            <\/div>\n                                                    <div class=\"partner-card-wrapper  scrollMagic-block visibleInBackend\" data-uid=\"69f1582a0a43a\">\n                                <div class=\"partner-image-wrapper\" style=\"background-image: url('https:\/\/www.interpharma.ch\/wp-content\/uploads\/2026\/02\/pharmasuisse-1.png')\">\n                                    <img decoding=\"async\" src=\"https:\/\/www.interpharma.ch\/wp-content\/themes\/iph\/dist\/images\/1_1_placeholder.png\" alt=\"Placeholder\">\n                                <\/div>\n\n                                                                    <p class=\"small mb-0\">Soci\u00e9t\u00e9 Suisse des Pharmaciens pharmaSuisse<\/p>\n                                                            <\/div>\n                                                    <div class=\"partner-card-wrapper  scrollMagic-block visibleInBackend\" data-uid=\"69f1582a0a5c7\">\n                                <div class=\"partner-image-wrapper\" style=\"background-image: url('https:\/\/www.interpharma.ch\/wp-content\/uploads\/2026\/02\/ProRaris_Schweiz_Logo.png')\">\n                                    <img decoding=\"async\" src=\"https:\/\/www.interpharma.ch\/wp-content\/themes\/iph\/dist\/images\/1_1_placeholder.png\" alt=\"Placeholder\">\n                                <\/div>\n\n                                                                    <p class=\"small mb-0\">ProRaris<\/p>\n                                                            <\/div>\n                                                    <div class=\"partner-card-wrapper  scrollMagic-block visibleInBackend\" data-uid=\"69f1582a0a75c\">\n                                <div class=\"partner-image-wrapper\" style=\"background-image: url('https:\/\/www.interpharma.ch\/wp-content\/uploads\/2026\/02\/SGMO_LOGO.png')\">\n                                    <img decoding=\"async\" src=\"https:\/\/www.interpharma.ch\/wp-content\/themes\/iph\/dist\/images\/1_1_placeholder.png\" alt=\"Placeholder\">\n                                <\/div>\n\n                                                                    <p class=\"small mb-0\">Soci\u00e9t\u00e9 Suisse d\u2019Oncologie M\u00e9dicale<\/p>\n                                                            <\/div>\n                                                    <div class=\"partner-card-wrapper  scrollMagic-block visibleInBackend\" data-uid=\"69f1582a0a8d5\">\n                                <div class=\"partner-image-wrapper\" style=\"background-image: url('https:\/\/www.interpharma.ch\/wp-content\/uploads\/2026\/02\/logo_unimedsuisse-1.svg')\">\n                                    <img decoding=\"async\" src=\"https:\/\/www.interpharma.ch\/wp-content\/themes\/iph\/dist\/images\/1_1_placeholder.png\" alt=\"Placeholder\">\n                                <\/div>\n\n                                                                    <p class=\"small mb-0\">M\u00e9decine Universitaire Suisse<\/p>\n                                                            <\/div>\n                                                    <div class=\"partner-card-wrapper  scrollMagic-block visibleInBackend\" data-uid=\"69f1582a0aab1\">\n                                <div class=\"partner-image-wrapper\" style=\"background-image: url('https:\/\/www.interpharma.ch\/wp-content\/uploads\/2026\/02\/oncosuisse-logo.svg')\">\n                                    <img decoding=\"async\" src=\"https:\/\/www.interpharma.ch\/wp-content\/themes\/iph\/dist\/images\/1_1_placeholder.png\" alt=\"Placeholder\">\n                                <\/div>\n\n                                                                    <p class=\"small mb-0\">Oncosuisse<\/p>\n                                                            <\/div>\n                                                    <div class=\"partner-card-wrapper  scrollMagic-block visibleInBackend\" data-uid=\"69f1582a0ac56\">\n                                <div class=\"partner-image-wrapper\" style=\"background-image: url('https:\/\/www.interpharma.ch\/wp-content\/uploads\/2026\/02\/logo-kosek.svg')\">\n                                    <img decoding=\"async\" src=\"https:\/\/www.interpharma.ch\/wp-content\/themes\/iph\/dist\/images\/1_1_placeholder.png\" alt=\"Placeholder\">\n                                <\/div>\n\n                                                                    <p class=\"small mb-0\">Coordination Nationale des Maladies Rares<\/p>\n                                                            <\/div>\n                                                    <div class=\"partner-card-wrapper  scrollMagic-block visibleInBackend\" data-uid=\"69f1582a0addf\">\n                                <div class=\"partner-image-wrapper\" style=\"background-image: url('https:\/\/www.interpharma.ch\/wp-content\/uploads\/2026\/02\/full_logo_no_tagline_color-1.svg')\">\n                                    <img decoding=\"async\" src=\"https:\/\/www.interpharma.ch\/wp-content\/themes\/iph\/dist\/images\/1_1_placeholder.png\" alt=\"Placeholder\">\n                                <\/div>\n\n                                                                    <p class=\"small mb-0\">Swiss Cancer Institute<\/p>\n                                                            <\/div>\n                                            <\/div>\n                <\/section>\n                                \n                            <section class=\"partner-block block-margins \">\n                                            <div class=\"partner-text-wrapper scrollMagic-block visibleInBackend\" data-uid=\"69f1582a0ba19\">\n                                                            <h3 class=\"text-center\">Nos partenaires dans les associations professionnelles<\/h3>\n                            \n                                                    <\/div>\n                    \n                    <div class=\"partner-cards\">\n                                                    <div class=\"partner-card-wrapper  scrollMagic-block visibleInBackend\" data-uid=\"69f1582a0ba69\">\n                                <div class=\"partner-image-wrapper\" style=\"background-image: url('https:\/\/www.interpharma.ch\/wp-content\/uploads\/2026\/02\/economiesuisse.png')\">\n                                    <img decoding=\"async\" src=\"https:\/\/www.interpharma.ch\/wp-content\/themes\/iph\/dist\/images\/1_1_placeholder.png\" alt=\"Placeholder\">\n                                <\/div>\n\n                                                                    <p class=\"small mb-0\">economiesuisse<\/p>\n                                                            <\/div>\n                                                    <div class=\"partner-card-wrapper  scrollMagic-block visibleInBackend\" data-uid=\"69f1582a0bc50\">\n                                <div class=\"partner-image-wrapper\" style=\"background-image: url('https:\/\/www.interpharma.ch\/wp-content\/uploads\/2026\/02\/sgv_usam-removebg-preview.png')\">\n                                    <img decoding=\"async\" src=\"https:\/\/www.interpharma.ch\/wp-content\/themes\/iph\/dist\/images\/1_1_placeholder.png\" alt=\"Placeholder\">\n                                <\/div>\n\n                                                                    <p class=\"small mb-0\">Union Suisse des Arts et M\u00e9tiers<\/p>\n                                                            <\/div>\n                                                    <div class=\"partner-card-wrapper  scrollMagic-block visibleInBackend\" data-uid=\"69f1582a0be39\">\n                                <div class=\"partner-image-wrapper\" style=\"background-image: url('https:\/\/www.interpharma.ch\/wp-content\/uploads\/2026\/02\/handelskammer_bb-removebg-preview.png')\">\n                                    <img decoding=\"async\" src=\"https:\/\/www.interpharma.ch\/wp-content\/themes\/iph\/dist\/images\/1_1_placeholder.png\" alt=\"Placeholder\">\n                                <\/div>\n\n                                                                    <p class=\"small mb-0\">Chambre de Commerce des deux B\u00e2le<\/p>\n                                                            <\/div>\n                                                    <div class=\"partner-card-wrapper  scrollMagic-block visibleInBackend\" data-uid=\"69f1582a0bfda\">\n                                <div class=\"partner-image-wrapper\" style=\"background-image: url('https:\/\/www.interpharma.ch\/wp-content\/uploads\/2026\/02\/swissholding-removebg-preview.png')\">\n                                    <img decoding=\"async\" src=\"https:\/\/www.interpharma.ch\/wp-content\/themes\/iph\/dist\/images\/1_1_placeholder.png\" alt=\"Placeholder\">\n                                <\/div>\n\n                                                                    <p class=\"small mb-0\">SwissHoldings<\/p>\n                                                            <\/div>\n                                            <\/div>\n                <\/section>\n                                \n                            <section class=\"partner-block block-margins partner-block-last\">\n                                            <div class=\"partner-text-wrapper scrollMagic-block visibleInBackend\" data-uid=\"69f1582a0cc70\">\n                                                            <h3 class=\"text-center\">Nos partenaires m\u00e9dias<\/h3>\n                            \n                                                    <\/div>\n                    \n                    <div class=\"partner-cards\">\n                                                    <div class=\"partner-card-wrapper  scrollMagic-block visibleInBackend\" data-uid=\"69f1582a0ccb6\">\n                                <div class=\"partner-image-wrapper\" style=\"background-image: url('https:\/\/www.interpharma.ch\/wp-content\/uploads\/2026\/02\/Gesundheit-Heute_Logo_vector.svg')\">\n                                    <img decoding=\"async\" src=\"https:\/\/www.interpharma.ch\/wp-content\/themes\/iph\/dist\/images\/1_1_placeholder.png\" alt=\"Placeholder\">\n                                <\/div>\n\n                                                                    <p class=\"small mb-0\">La Sant\u00e9 Aujourd&rsquo;hui<\/p>\n                                                            <\/div>\n                                                    <div class=\"partner-card-wrapper  scrollMagic-block visibleInBackend\" data-uid=\"69f1582a0cee9\">\n                                <div class=\"partner-image-wrapper\" style=\"background-image: url('https:\/\/www.interpharma.ch\/wp-content\/uploads\/2026\/02\/CEOTALK-Logo_cmyk_Original.svg')\">\n                                    <img decoding=\"async\" src=\"https:\/\/www.interpharma.ch\/wp-content\/themes\/iph\/dist\/images\/1_1_placeholder.png\" alt=\"Placeholder\">\n                                <\/div>\n\n                                                                    <p class=\"small mb-0\">CEO Talk<\/p>\n                                                            <\/div>\n                                            <\/div>\n                <\/section>\n                        \n\n\n","protected":false},"excerpt":{"rendered":"<p>D&rsquo;un point de vue historique, Interpharma a \u00e9t\u00e9 fond\u00e9e par les grandes entreprises pharmaceutiques suisses actives dans la recherche. Avec l&rsquo;ouverture qui s&rsquo;est op\u00e9r\u00e9e ces derni\u00e8res ann\u00e9es et l&rsquo;augmentation consid\u00e9rable du nombre de ses membres, qui sont aujourd&rsquo;hui 23 entreprises pharmaceutiques actives dans la recherche, Interpharma est devenue l&rsquo;association fa\u00eeti\u00e8re des entreprises pharmaceutiques actives dans [&hellip;]<\/p>\n","protected":false},"author":1,"featured_media":0,"parent":15666,"menu_order":0,"comment_status":"closed","ping_status":"closed","template":"","meta":{"_acf_changed":false,"inline_featured_image":false,"footnotes":""},"class_list":["post-15492","page","type-page","status-publish","hentry"],"acf":[],"yoast_head":"<!-- This site is optimized with the Yoast SEO Premium plugin v27.2 (Yoast SEO v27.2) - https:\/\/yoast.com\/product\/yoast-seo-premium-wordpress\/ -->\n<title>Association - Interpharma<\/title>\n<meta name=\"robots\" content=\"index, follow, max-snippet:-1, max-image-preview:large, max-video-preview:-1\" \/>\n<link rel=\"canonical\" href=\"https:\/\/www.interpharma.ch\/fr\/ueber-uns\/verband\/\" \/>\n<meta property=\"og:locale\" content=\"fr_FR\" \/>\n<meta property=\"og:type\" content=\"article\" \/>\n<meta property=\"og:title\" content=\"Association\" \/>\n<meta property=\"og:description\" content=\"D&rsquo;un point de vue historique, Interpharma a \u00e9t\u00e9 fond\u00e9e par les grandes entreprises pharmaceutiques suisses actives dans la recherche. Avec l&rsquo;ouverture qui s&rsquo;est op\u00e9r\u00e9e ces derni\u00e8res ann\u00e9es et l&rsquo;augmentation consid\u00e9rable du nombre de ses membres, qui sont aujourd&rsquo;hui 23 entreprises pharmaceutiques actives dans la recherche, Interpharma est devenue l&rsquo;association fa\u00eeti\u00e8re des entreprises pharmaceutiques actives dans [&hellip;]\" \/>\n<meta property=\"og:url\" content=\"https:\/\/www.interpharma.ch\/fr\/ueber-uns\/verband\/\" \/>\n<meta property=\"og:site_name\" content=\"Interpharma\" \/>\n<meta property=\"article:modified_time\" content=\"2026-03-12T15:46:24+00:00\" \/>\n<meta name=\"twitter:card\" content=\"summary_large_image\" \/>\n<meta name=\"twitter:site\" content=\"@interpharma_ch\" \/>\n<meta name=\"twitter:label1\" content=\"Dur\u00e9e de lecture estim\u00e9e\" \/>\n\t<meta name=\"twitter:data1\" content=\"2 minutes\" \/>\n<script type=\"application\/ld+json\" class=\"yoast-schema-graph\">{\"@context\":\"https:\/\/schema.org\",\"@graph\":[{\"@type\":\"WebPage\",\"@id\":\"https:\/\/www.interpharma.ch\/fr\/ueber-uns\/verband\/\",\"url\":\"https:\/\/www.interpharma.ch\/fr\/ueber-uns\/verband\/\",\"name\":\"Association - Interpharma\",\"isPartOf\":{\"@id\":\"https:\/\/www.interpharma.ch\/#website\"},\"datePublished\":\"2026-02-05T07:48:53+00:00\",\"dateModified\":\"2026-03-12T15:46:24+00:00\",\"breadcrumb\":{\"@id\":\"https:\/\/www.interpharma.ch\/fr\/ueber-uns\/verband\/#breadcrumb\"},\"inLanguage\":\"fr-FR\",\"potentialAction\":[{\"@type\":\"ReadAction\",\"target\":[\"https:\/\/www.interpharma.ch\/fr\/ueber-uns\/verband\/\"]}]},{\"@type\":\"BreadcrumbList\",\"@id\":\"https:\/\/www.interpharma.ch\/fr\/ueber-uns\/verband\/#breadcrumb\",\"itemListElement\":[{\"@type\":\"ListItem\",\"position\":1,\"name\":\"Startseite\",\"item\":\"https:\/\/www.interpharma.ch\/fr\/\"},{\"@type\":\"ListItem\",\"position\":2,\"name\":\"\u00c0 propos de nous\",\"item\":\"https:\/\/www.interpharma.ch\/fr\/ueber-uns\/\"},{\"@type\":\"ListItem\",\"position\":3,\"name\":\"Association\"}]},{\"@type\":\"WebSite\",\"@id\":\"https:\/\/www.interpharma.ch\/#website\",\"url\":\"https:\/\/www.interpharma.ch\/\",\"name\":\"Interpharma\",\"description\":\"Verband der forschenden Pharmazeutischen Firmen\",\"publisher\":{\"@id\":\"https:\/\/www.interpharma.ch\/#organization\"},\"potentialAction\":[{\"@type\":\"SearchAction\",\"target\":{\"@type\":\"EntryPoint\",\"urlTemplate\":\"https:\/\/www.interpharma.ch\/?s={search_term_string}\"},\"query-input\":{\"@type\":\"PropertyValueSpecification\",\"valueRequired\":true,\"valueName\":\"search_term_string\"}}],\"inLanguage\":\"fr-FR\"},{\"@type\":\"Organization\",\"@id\":\"https:\/\/www.interpharma.ch\/#organization\",\"name\":\"Interpharma\",\"url\":\"https:\/\/www.interpharma.ch\/\",\"logo\":{\"@type\":\"ImageObject\",\"inLanguage\":\"fr-FR\",\"@id\":\"https:\/\/www.interpharma.ch\/#\/schema\/logo\/image\/\",\"url\":\"https:\/\/interpharma.ch\/wp-content\/uploads\/2026\/03\/20251014_iph_logo_wort_bildmarke_rgb_final_cu01.svg\",\"contentUrl\":\"https:\/\/interpharma.ch\/wp-content\/uploads\/2026\/03\/20251014_iph_logo_wort_bildmarke_rgb_final_cu01.svg\",\"width\":\"1200\",\"height\":\"1200\",\"caption\":\"Interpharma\"},\"image\":{\"@id\":\"https:\/\/www.interpharma.ch\/#\/schema\/logo\/image\/\"},\"sameAs\":[\"https:\/\/x.com\/interpharma_ch\",\"https:\/\/ch.linkedin.com\/company\/interpharma\",\"https:\/\/www.instagram.com\/interpharma_ch\/\"]}]}<\/script>\n<!-- \/ Yoast SEO Premium plugin. -->","yoast_head_json":{"title":"Association - Interpharma","robots":{"index":"index","follow":"follow","max-snippet":"max-snippet:-1","max-image-preview":"max-image-preview:large","max-video-preview":"max-video-preview:-1"},"canonical":"https:\/\/www.interpharma.ch\/fr\/ueber-uns\/verband\/","og_locale":"fr_FR","og_type":"article","og_title":"Association","og_description":"D&rsquo;un point de vue historique, Interpharma a \u00e9t\u00e9 fond\u00e9e par les grandes entreprises pharmaceutiques suisses actives dans la recherche. Avec l&rsquo;ouverture qui s&rsquo;est op\u00e9r\u00e9e ces derni\u00e8res ann\u00e9es et l&rsquo;augmentation consid\u00e9rable du nombre de ses membres, qui sont aujourd&rsquo;hui 23 entreprises pharmaceutiques actives dans la recherche, Interpharma est devenue l&rsquo;association fa\u00eeti\u00e8re des entreprises pharmaceutiques actives dans [&hellip;]","og_url":"https:\/\/www.interpharma.ch\/fr\/ueber-uns\/verband\/","og_site_name":"Interpharma","article_modified_time":"2026-03-12T15:46:24+00:00","twitter_card":"summary_large_image","twitter_site":"@interpharma_ch","twitter_misc":{"Dur\u00e9e de lecture estim\u00e9e":"2 minutes"},"schema":{"@context":"https:\/\/schema.org","@graph":[{"@type":"WebPage","@id":"https:\/\/www.interpharma.ch\/fr\/ueber-uns\/verband\/","url":"https:\/\/www.interpharma.ch\/fr\/ueber-uns\/verband\/","name":"Association - Interpharma","isPartOf":{"@id":"https:\/\/www.interpharma.ch\/#website"},"datePublished":"2026-02-05T07:48:53+00:00","dateModified":"2026-03-12T15:46:24+00:00","breadcrumb":{"@id":"https:\/\/www.interpharma.ch\/fr\/ueber-uns\/verband\/#breadcrumb"},"inLanguage":"fr-FR","potentialAction":[{"@type":"ReadAction","target":["https:\/\/www.interpharma.ch\/fr\/ueber-uns\/verband\/"]}]},{"@type":"BreadcrumbList","@id":"https:\/\/www.interpharma.ch\/fr\/ueber-uns\/verband\/#breadcrumb","itemListElement":[{"@type":"ListItem","position":1,"name":"Startseite","item":"https:\/\/www.interpharma.ch\/fr\/"},{"@type":"ListItem","position":2,"name":"\u00c0 propos de nous","item":"https:\/\/www.interpharma.ch\/fr\/ueber-uns\/"},{"@type":"ListItem","position":3,"name":"Association"}]},{"@type":"WebSite","@id":"https:\/\/www.interpharma.ch\/#website","url":"https:\/\/www.interpharma.ch\/","name":"Interpharma","description":"Verband der forschenden Pharmazeutischen Firmen","publisher":{"@id":"https:\/\/www.interpharma.ch\/#organization"},"potentialAction":[{"@type":"SearchAction","target":{"@type":"EntryPoint","urlTemplate":"https:\/\/www.interpharma.ch\/?s={search_term_string}"},"query-input":{"@type":"PropertyValueSpecification","valueRequired":true,"valueName":"search_term_string"}}],"inLanguage":"fr-FR"},{"@type":"Organization","@id":"https:\/\/www.interpharma.ch\/#organization","name":"Interpharma","url":"https:\/\/www.interpharma.ch\/","logo":{"@type":"ImageObject","inLanguage":"fr-FR","@id":"https:\/\/www.interpharma.ch\/#\/schema\/logo\/image\/","url":"https:\/\/interpharma.ch\/wp-content\/uploads\/2026\/03\/20251014_iph_logo_wort_bildmarke_rgb_final_cu01.svg","contentUrl":"https:\/\/interpharma.ch\/wp-content\/uploads\/2026\/03\/20251014_iph_logo_wort_bildmarke_rgb_final_cu01.svg","width":"1200","height":"1200","caption":"Interpharma"},"image":{"@id":"https:\/\/www.interpharma.ch\/#\/schema\/logo\/image\/"},"sameAs":["https:\/\/x.com\/interpharma_ch","https:\/\/ch.linkedin.com\/company\/interpharma","https:\/\/www.instagram.com\/interpharma_ch\/"]}]}},"_links":{"self":[{"href":"https:\/\/www.interpharma.ch\/fr\/wp-json\/wp\/v2\/pages\/15492","targetHints":{"allow":["GET"]}}],"collection":[{"href":"https:\/\/www.interpharma.ch\/fr\/wp-json\/wp\/v2\/pages"}],"about":[{"href":"https:\/\/www.interpharma.ch\/fr\/wp-json\/wp\/v2\/types\/page"}],"author":[{"embeddable":true,"href":"https:\/\/www.interpharma.ch\/fr\/wp-json\/wp\/v2\/users\/1"}],"replies":[{"embeddable":true,"href":"https:\/\/www.interpharma.ch\/fr\/wp-json\/wp\/v2\/comments?post=15492"}],"version-history":[{"count":5,"href":"https:\/\/www.interpharma.ch\/fr\/wp-json\/wp\/v2\/pages\/15492\/revisions"}],"predecessor-version":[{"id":15716,"href":"https:\/\/www.interpharma.ch\/fr\/wp-json\/wp\/v2\/pages\/15492\/revisions\/15716"}],"up":[{"embeddable":true,"href":"https:\/\/www.interpharma.ch\/fr\/wp-json\/wp\/v2\/pages\/15666"}],"wp:attachment":[{"href":"https:\/\/www.interpharma.ch\/fr\/wp-json\/wp\/v2\/media?parent=15492"}],"curies":[{"name":"wp","href":"https:\/\/api.w.org\/{rel}","templated":true}]}}